{"id":8861,"date":"2018-06-25T17:58:01","date_gmt":"2018-06-25T15:58:01","guid":{"rendered":"http:\/\/www.lassebacklund.fi\/?page_id=8861"},"modified":"2023-07-15T00:34:03","modified_gmt":"2023-07-14T21:34:03","slug":"stadens-forsta-fullmaktige-ar-1875","status":"publish","type":"page","link":"https:\/\/www.kristinestadshistoria.fi\/?page_id=8861","title":{"rendered":"Stadens f\u00f6rsta fullm\u00e4ktige \u00e5r 1875."},"content":{"rendered":"<p>Den 2 december 1874 h\u00f6lls r\u00e5dhusst\u00e4mma i Kristinestad, d\u00e4r det skulle v\u00e4ljas ett visst antal personer i stadsfullm\u00e4ktige, allts\u00e5 det nya beslutande organet f\u00f6r det kommande \u00e5ret. Det nya fullm\u00e4ktige skulle best\u00e5 av 21 personer och f\u00f6ljande blev valda: doktor Lins\u00e9n, vicekonsul Otto Wendelin, konsul Carl Emil Carlstr\u00f6m, handlande Ludvig Wendelin, handlande T\u00f6rnroth, J. W. Ekman, August Roos, Reinhold Soltin och handlande Brandt, kontoristen Gustaf Hyd\u00e9n, fabrik\u00f6ren Fougstedt, f\u00e4rgare Sallm\u00e9n och f\u00e4rgare \u00c5kerberg, garvaren Cedervall, skomakaren Forsberg, kopparslagare Sj\u00f6str\u00f6m, m\u00e5larm\u00e4stare Lindqvist, smeden Sundblom, fiskaren \u00c5kervall, \u00f6lbryggaren Petter B\u00e5ge och cigarrfabrikanten Lilja. Enligt den nya kommunalf\u00f6rordningen s\u00e5 skulle det ocks\u00e5 v\u00e4ljas 11 personer som skulle delta i behandlingen av extra stora fr\u00e5gor. Till den gruppen valdes handlande Gr\u00f6nroos, handlande Holmstr\u00f6m och B\u00e4ckman, kontorsskrivaren Sundholm, postiljonen Granholm, f\u00e4rgare Syr\u00e9n, guldsmeden Kuusinen, skomakare Haag, glasm\u00e4stare Gustaf Eklund, fiskaren och borgaren Hasselblatt och skr\u00e4ddarm\u00e4staren B\u00e4rlund.<\/p>\n<p><span style=\"font-family: 'Helvetica','sans-serif';\"><span style=\"color: #000000; font-size: medium;\">I Kristinestad h\u00f6ll fullm\u00e4ktige sitt f\u00f6rsta sammantr\u00e4de den 13 januari 1875. Ordf\u00f6rande var kommerser\u00e5det Otto Wendelin och viceordf\u00f6rande A.L. Linz\u00e9n. Bland ledam\u00f6terna kan n\u00e4mnas handlanden C.G. Brandt, bagaren M. \u00d6sterberg, glasm\u00e4staren G. Eklund, \u00f6lbryggaren P. B\u00e5ge, smeden A. A. T\u00f6rnroth, handlanden J. W. Ekman, handlanden A. Roos, fiskaren G. \u00c5kervall, handlanden G. Hyd\u00e9n, kommerser\u00e5det C. E. Carlstr\u00f6m, fabriksidkaren N. L. Fougstedt, handlanden L. W. Wendelin, handlanden R. Soltin, smeden G. V. Sundblom, f\u00e4rgarem\u00e4staren E. R. \u00c5kerberg, kommerser\u00e5det E. A. T\u00f6tterman, kopparslagaren J. Sj\u00f6str\u00f6m, f\u00e4rgaren Salm\u00e9n, m\u00e5lare Lindqvist och urmakaren J. Westerholm.<\/span><\/span><\/p>\n<p><span style=\"font-family: 'Helvetica','sans-serif';\"><span style=\"color: #000000; font-size: medium;\">Chef f\u00f6r dr\u00e4tselkontoret denna tid var handlanden H. West och medlemmar G. Eklund och R. Uggla, suppleanter C. H. Holmstr\u00f6m och G.F. Hartman.<\/span><\/span><\/p>\n<p><span style=\"font-family: 'Helvetica','sans-serif';\"><span style=\"color: #000000; font-size: medium;\">Sekreteraren i fullm\u00e4ktige och kamrerare i dr\u00e4tselkammaren var justitier\u00e5dmannen och v\u00e5gm\u00e4staren J. M. Lundberg.<\/span><\/span><\/p>\n<p><span style=\"font-family: 'Helvetica','sans-serif';\"><span style=\"color: #000000; font-size: medium;\">Borgm\u00e4stare i staden vid denna tid f\u00f6r fullm\u00e4ktigepremi\u00e4ren var Karl Johan Aspelund, som senare tilltr\u00e4dde motsvarande tj\u00e4nst i Nystad.<\/span><\/span><\/p>\n<p><span style=\"font-family: 'Helvetica','sans-serif';\"><span style=\"color: #000000; font-size: medium;\">Det var \u00e5r 1875 som man inf\u00f6rde hundskatten i staden. Den utgick med ej mindre \u00e4n 2 mark per djur. P\u00e5 v\u00e5ren 1875 antogs den byggnadsordning som var i kraft \u00e4nnu p\u00e5 1950-talet. Fullm\u00e4ktige diskuterade ocks\u00e5 eventuell uthyrning av r\u00e5dhuset, flyttning av brunnar och revisionsrapporter.<\/span><\/span><\/p>\n<p><span style=\"font-family: 'Helvetica','sans-serif';\"><span style=\"color: #000000; font-size: medium;\">Det f\u00f6rsta fullm\u00e4ktige hade \u00e4ven att behandla en st\u00f6rre f\u00f6rskingring, eftersom stadskass\u00f6ren Fel\u00e9n hade gjort av med feberlasarettsfondens medel.<\/span><\/span><\/p>\n<p>&nbsp;<\/p>\n","protected":false},"excerpt":{"rendered":"<p>Den 2 december 1874 h\u00f6lls r\u00e5dhusst\u00e4mma i Kristinestad, d\u00e4r det skulle v\u00e4ljas ett visst antal personer i stadsfullm\u00e4ktige, allts\u00e5 det nya beslutande organet f\u00f6r det kommande \u00e5ret. Det nya fullm\u00e4ktige skulle best\u00e5 av 21 personer och f\u00f6ljande blev valda: doktor <a class=\"more-link\" href=\"https:\/\/www.kristinestadshistoria.fi\/?page_id=8861\">Forts\u00e4tt l\u00e4sa <span class=\"screen-reader-text\">  Stadens f\u00f6rsta fullm\u00e4ktige \u00e5r 1875.<\/span><span class=\"meta-nav\">&rarr;<\/span><\/a><\/p>\n","protected":false},"author":1,"featured_media":0,"parent":17,"menu_order":5,"comment_status":"closed","ping_status":"closed","template":"","meta":{"footnotes":""},"class_list":["post-8861","page","type-page","status-publish","hentry"],"_links":{"self":[{"href":"https:\/\/www.kristinestadshistoria.fi\/index.php?rest_route=\/wp\/v2\/pages\/8861","targetHints":{"allow":["GET"]}}],"collection":[{"href":"https:\/\/www.kristinestadshistoria.fi\/index.php?rest_route=\/wp\/v2\/pages"}],"about":[{"href":"https:\/\/www.kristinestadshistoria.fi\/index.php?rest_route=\/wp\/v2\/types\/page"}],"author":[{"embeddable":true,"href":"https:\/\/www.kristinestadshistoria.fi\/index.php?rest_route=\/wp\/v2\/users\/1"}],"replies":[{"embeddable":true,"href":"https:\/\/www.kristinestadshistoria.fi\/index.php?rest_route=%2Fwp%2Fv2%2Fcomments&post=8861"}],"version-history":[{"count":5,"href":"https:\/\/www.kristinestadshistoria.fi\/index.php?rest_route=\/wp\/v2\/pages\/8861\/revisions"}],"predecessor-version":[{"id":26842,"href":"https:\/\/www.kristinestadshistoria.fi\/index.php?rest_route=\/wp\/v2\/pages\/8861\/revisions\/26842"}],"up":[{"embeddable":true,"href":"https:\/\/www.kristinestadshistoria.fi\/index.php?rest_route=\/wp\/v2\/pages\/17"}],"wp:attachment":[{"href":"https:\/\/www.kristinestadshistoria.fi\/index.php?rest_route=%2Fwp%2Fv2%2Fmedia&parent=8861"}],"curies":[{"name":"wp","href":"https:\/\/api.w.org\/{rel}","templated":true}]}}