{"id":30217,"date":"2025-09-04T23:13:34","date_gmt":"2025-09-04T20:13:34","guid":{"rendered":"https:\/\/www.kristinestadshistoria.fi\/?page_id=30217"},"modified":"2025-09-11T11:38:14","modified_gmt":"2025-09-11T08:38:14","slug":"fiskare-fabrins-gard-pa-strandgatan-43","status":"publish","type":"page","link":"https:\/\/www.kristinestadshistoria.fi\/?page_id=30217","title":{"rendered":"Fiskare Fabrins g\u00e5rd p\u00e5 Strandgatan 43"},"content":{"rendered":"<figure id=\"attachment_30265\" aria-describedby=\"caption-attachment-30265\" style=\"width: 2304px\" class=\"wp-caption alignnone\"><img loading=\"lazy\" decoding=\"async\" class=\"wp-image-30265 size-full\" src=\"https:\/\/www.kristinestadshistoria.fi\/wp-content\/uploads\/2025\/09\/43-ar-2025-2.jpg\" alt=\"\" width=\"2304\" height=\"1704\" srcset=\"https:\/\/www.kristinestadshistoria.fi\/wp-content\/uploads\/2025\/09\/43-ar-2025-2.jpg 2304w, https:\/\/www.kristinestadshistoria.fi\/wp-content\/uploads\/2025\/09\/43-ar-2025-2-300x222.jpg 300w, https:\/\/www.kristinestadshistoria.fi\/wp-content\/uploads\/2025\/09\/43-ar-2025-2-1024x757.jpg 1024w, https:\/\/www.kristinestadshistoria.fi\/wp-content\/uploads\/2025\/09\/43-ar-2025-2-768x568.jpg 768w, https:\/\/www.kristinestadshistoria.fi\/wp-content\/uploads\/2025\/09\/43-ar-2025-2-1536x1136.jpg 1536w, https:\/\/www.kristinestadshistoria.fi\/wp-content\/uploads\/2025\/09\/43-ar-2025-2-2048x1515.jpg 2048w\" sizes=\"auto, (max-width: 2304px) 100vw, 2304px\" \/><figcaption id=\"caption-attachment-30265\" class=\"wp-caption-text\">Den h\u00e4r g\u00e5rden uppf\u00f6rdes \u00e5r 1848 av fiskaren Johan Fabrin. G\u00e5rden byggdes i en v\u00e5ning med sju boningsrum men bostadsrum har senare inretts ocks\u00e5 p\u00e5 vinden. I den s\u00f6dra \u00e4ndan byggdes p\u00e5 1920-talet en farstu med ing\u00e5ng fr\u00e5n gatan. G\u00e5rden fotograferad fr\u00e5n sydost sommaren 2025.<\/figcaption><\/figure>\n<p><strong><span style=\"color: #000080;\">\u00a0Sammanst\u00e4llt av Lasse Backlund i september 2025. Uppgifterna \u00e4r tagna ur gamla lagfartsregister, mantalsl\u00e4ngder, kyrkb\u00f6cker och tidningar.\u00a0<\/span><\/strong><\/p>\n<h3><strong>G\u00e5rdens gamla historia<\/strong><\/h3>\n<p><strong>P\u00e5 1740-talet<\/strong> \u00e4gdes den h\u00e4r tomten som d\u00e5 hade nummer 3 i det tredje kvarteret av Anders \u00d6stman.<\/p>\n<h4><strong>M\u00e5gen Arkelin tar \u00f6ver<\/strong><\/h4>\n<p><strong>\u00c5r 1749<\/strong> hade tomten \u00f6vertagits av Anders \u00d6stmans dotter Margareta (1727\u20131792) som var gift med tullaren Anders Arkelin. Medan de bodde i Kristinestad fick de fyra barn men endast dottern Margaretha levde till vuxen \u00e5lder och blev gift. Anders Arkelin dog under en sj\u00f6resa till Stockholm \u00e5r 1769.<\/p>\n<figure id=\"attachment_30222\" aria-describedby=\"caption-attachment-30222\" style=\"width: 1235px\" class=\"wp-caption alignnone\"><img loading=\"lazy\" decoding=\"async\" class=\"size-full wp-image-30222\" src=\"https:\/\/www.kristinestadshistoria.fi\/wp-content\/uploads\/2025\/09\/1751-4-b-tullbesokaren-Anders-Arkelin.jpg\" alt=\"\" width=\"1235\" height=\"1228\" srcset=\"https:\/\/www.kristinestadshistoria.fi\/wp-content\/uploads\/2025\/09\/1751-4-b-tullbesokaren-Anders-Arkelin.jpg 1235w, https:\/\/www.kristinestadshistoria.fi\/wp-content\/uploads\/2025\/09\/1751-4-b-tullbesokaren-Anders-Arkelin-300x298.jpg 300w, https:\/\/www.kristinestadshistoria.fi\/wp-content\/uploads\/2025\/09\/1751-4-b-tullbesokaren-Anders-Arkelin-1024x1018.jpg 1024w, https:\/\/www.kristinestadshistoria.fi\/wp-content\/uploads\/2025\/09\/1751-4-b-tullbesokaren-Anders-Arkelin-150x150.jpg 150w, https:\/\/www.kristinestadshistoria.fi\/wp-content\/uploads\/2025\/09\/1751-4-b-tullbesokaren-Anders-Arkelin-768x764.jpg 768w\" sizes=\"auto, (max-width: 1235px) 100vw, 1235px\" \/><figcaption id=\"caption-attachment-30222\" class=\"wp-caption-text\">P\u00e5 stadsplanen fr\u00e5n 1751 har tomten det samma l\u00e4get och samma storlek som i dag. Tomten med nr 4 vid Strandgatan \u00e4gdes d\u00e5 av Anders Arkelin, som har titeln \u201dtullbes\u00f6kare\u201d.<\/figcaption><\/figure>\n<p><strong>\u00c5ren 1760 till 1769<\/strong> \u00e4gdes den h\u00e4r tomten som d\u00e5 hade numret 4 i det tredje kvarteret av Anders Arkelin och hustrun Margareta.<\/p>\n<p><strong>\u00c5r 1770<\/strong> \u00e4gdes den h\u00e4r tomten nr 4 av Anders Arkelins \u00e4nka Margareta efter att Anders hade avlidit \u00e5ret innan. \u00c5r 1775 hade tomtens nummer \u00e4ndrats till nummer 7.<\/p>\n<p><strong>\u00c5r 1780<\/strong> \u00e4gdes tomten nr 7 och den gamla g\u00e5rden av \u00e4nkan Margareta Arkelin. Hos henne bodde m\u00e5gen Jakob Fabrin (1751\u20131789), som hade gift sig med dottern Margaretha Arkelin (1750\u20131789). D\u00e4r bodde ocks\u00e5 sonen, sj\u00f6mannen Anders Arkelin (f.1759).<\/p>\n<h4><strong>M\u00e5gen Fabrin tar \u00f6ver<\/strong><\/h4>\n<p><strong>Det var omkring 1775<\/strong> som dottern Margaretha Arkelin hade gift sig med Jakob Fabrin. Jakob var f\u00f6dd p\u00e5 Smedg\u00e5rden i Hvittisbofj\u00e4rd och blev borgare i Kristinestad d\u00e5 han gifte sig med Margaretha.<\/p>\n<p>Jakob d.\u00e4. och Margaretha Fabrin fick \u00e5tminstone sex barn, varav tre dog i sp\u00e4d \u00e5lder. En dotter gifte sig med en Hautam\u00e4ki fr\u00e5n Sastmola medan s\u00f6nerna Anders (1777\u20131843) och Jakob d.y. (1789\u20131862) stannade i Kristinestad.<\/p>\n<p><strong>\u00c5r 1789 i april<\/strong> avled Jakob Fabrin d.\u00e4. och \u00e4nkan Margaretha Fabrin drunknade i november samma \u00e5r. Tomten nr 7 och g\u00e5rden \u00f6vertogs d\u00e5 av omyndiga s\u00f6nerna Anders och Jakob.<\/p>\n<p>S\u00e5 gott som hela 1790-talet och en bit in p\u00e5 1800-talet var g\u00e5rden obebodd d\u00e5 b\u00e5da s\u00f6nerna vistades p\u00e5 annat, ok\u00e4nt st\u00e4lle. En Johan Fabrin n\u00e4mns som innehavare av g\u00e5rden i Kristinestad p\u00e5 1790-talet. Det var f\u00f6rst \u00e5r 1803 som Anders Fabrin skrevs som innehavare av g\u00e5rden och tomt nr 7.<\/p>\n<p><strong>\u00c5r 1820<\/strong> \u00e4gdes tomten som d\u00e5 hade numret 7 i det tredje kvarteret av br\u00f6derna Anders och Jakob Fabrin d.y., h\u00e4lften var. De var ju s\u00f6ner till Jakob Fabrin d.\u00e4. och Margaretha, f\u00f6dd Arkelin, som b\u00e5da avled \u00e5r 1789.<\/p>\n<figure id=\"attachment_30223\" aria-describedby=\"caption-attachment-30223\" style=\"width: 1991px\" class=\"wp-caption alignnone\"><img loading=\"lazy\" decoding=\"async\" class=\"size-full wp-image-30223\" src=\"https:\/\/www.kristinestadshistoria.fi\/wp-content\/uploads\/2025\/09\/1825-stadsplan.jpg\" alt=\"\" width=\"1991\" height=\"1436\" srcset=\"https:\/\/www.kristinestadshistoria.fi\/wp-content\/uploads\/2025\/09\/1825-stadsplan.jpg 1991w, https:\/\/www.kristinestadshistoria.fi\/wp-content\/uploads\/2025\/09\/1825-stadsplan-300x216.jpg 300w, https:\/\/www.kristinestadshistoria.fi\/wp-content\/uploads\/2025\/09\/1825-stadsplan-1024x739.jpg 1024w, https:\/\/www.kristinestadshistoria.fi\/wp-content\/uploads\/2025\/09\/1825-stadsplan-768x554.jpg 768w, https:\/\/www.kristinestadshistoria.fi\/wp-content\/uploads\/2025\/09\/1825-stadsplan-1536x1108.jpg 1536w\" sizes=\"auto, (max-width: 1991px) 100vw, 1991px\" \/><figcaption id=\"caption-attachment-30223\" class=\"wp-caption-text\">\u00c5r 1825 togs en ny stadsplan i bruk och tomten fick d\u00e5 numret 133, som den fortfarande har. Den \u00e4gdes d\u00e5 av br\u00f6derna fiskaren Anders Fabrin med hustrun Brita och sj\u00f6mannen Jakob Fabrin med hustrun Beata.<\/figcaption><\/figure>\n<p><strong>\u00c5r 1840<\/strong> \u00e4gdes tomten och den gamla g\u00e5rden ensam av fiskaren Anders Fabrin (1777\u20131843) och hans hustru Brita, som var f\u00f6dd i Lappfj\u00e4rd (1877\u20131843).<\/p>\n<p><strong>\u00c5r 1843<\/strong> avled fiskaren Anders Fabrin och g\u00e5rden och tomten \u00f6vertogs d\u00e5 av \u00e4nkan Brita som \u00e4gde halva g\u00e5rden och barnen <u>Johan<\/u> Fredrik och <u>Maria<\/u> Helena som \u00e4rvde en fj\u00e4rdedel var.<\/p>\n<p><strong>\u00c5r 1844<\/strong> avled \u00e4nkan Brita och de tv\u00e5 barnen \u00e4rvde hennes halva, s\u00e5 efter arvsskiften \u00e4gde de h\u00e4lften var.<\/p>\n<p><strong>\u00c5r 1845 <\/strong>\u00e4gdes tomten nr 133 och den gamla byggnaden av fiskaren Johan Fabrin (1810\u20131868), som bodde med sin syster <u>Maria<\/u> Helena (1812\u20131907).<\/p>\n<p><strong>\u00c5r 1848<\/strong> uppf\u00f6rde fiskaren Johan Fabrin den g\u00e5rd som fortfarande st\u00e5r kvar p\u00e5 tomten. G\u00e5rden var 15,74 meter l\u00e5ng och 7,13 meter bred. G\u00e5rden byggdes i en v\u00e5ning med sju boningsrum d\u00e4r det finns 4 kakelugnar och tv\u00e5 h\u00e4llspisar varav den ena hade en bakugn.<\/p>\n<p><strong>\u00c5r 1850<\/strong> \u00e4gdes tomten nr 133 och g\u00e5rden av fiskaren Johan Fabrin, som bodde med sin syster Maria. P\u00e5 hyra bodde handlanden Johan Reinhold Fontell. I augusti gifte sig Johan Reinhold med kyrkoherdedottern Lovisa Alcenius (1827\u20131891) och fortsatte att bo p\u00e5 Strandgatan 43 \u00e4nda till 1854. F\u00f6ljande \u00e5r flyttade de till V\u00e4stra L\u00e5nggatan 25, till den g\u00e5rden som \u00e4gdes av Albertinas mor, \u00e4nkeprostinnan Alcenius.<\/p>\n<p><strong>\u00c5r 1860<\/strong> \u00e4gdes g\u00e5rden och tomten av fiskaren Johan Fabrin. Systern Maria bodde ocks\u00e5 d\u00e4r och \u00e5r 1860 flyttade Johanna Hagman (f.1853) fr\u00e5n N\u00e4rpes till staden och blev fosterdotter hos Johan Fabrin. \u00c5r 1865 bodde \u00e4nkefrun Anna Westerh\u00e4ll p\u00e5 hyra och d\u00e4r bodde ocks\u00e5 brandvakten Johan Varanm\u00e4ki med hustrun Ulla.<\/p>\n<h4><strong>Systern Maria Fabrin tar \u00f6ver<\/strong><\/h4>\n<p><strong>\u00c5r 1868<\/strong> avled fiskaren Johan Fabrin, ogift och barnl\u00f6s. G\u00e5rden p\u00e5 tomt nr 133 \u00f6vertogs d\u00e5 av enda arvingen, hans syster <u>Maria<\/u> Helena, som fick fastebrev \u00e5r 1876.<\/p>\n<p><strong>\u00c5r 1891, den 20 november<\/strong> tecknade jungfrun Maria Fabrin en brandf\u00f6rs\u00e4kring p\u00e5 fyra byggnader p\u00e5 hennes tomt. Hon l\u00e4t d\u00e5 rita upp en planteckning, som visade hur byggnaderna var placerade p\u00e5 tomten. Hon uppgav att tomten var 680 kvm stor och att bostadshuset var 15,74 meter l\u00e5ngt och 7,13 meter brett.<\/p>\n<figure id=\"attachment_30224\" aria-describedby=\"caption-attachment-30224\" style=\"width: 930px\" class=\"wp-caption alignnone\"><img loading=\"lazy\" decoding=\"async\" class=\"size-full wp-image-30224\" src=\"https:\/\/www.kristinestadshistoria.fi\/wp-content\/uploads\/2025\/09\/Tomtkarta-1891.jpg\" alt=\"\" width=\"930\" height=\"536\" srcset=\"https:\/\/www.kristinestadshistoria.fi\/wp-content\/uploads\/2025\/09\/Tomtkarta-1891.jpg 930w, https:\/\/www.kristinestadshistoria.fi\/wp-content\/uploads\/2025\/09\/Tomtkarta-1891-300x173.jpg 300w, https:\/\/www.kristinestadshistoria.fi\/wp-content\/uploads\/2025\/09\/Tomtkarta-1891-768x443.jpg 768w\" sizes=\"auto, (max-width: 930px) 100vw, 930px\" \/><figcaption id=\"caption-attachment-30224\" class=\"wp-caption-text\">Maria Fabrin uppgav \u00e5r 1891 att huvudbyggnaden nr 1 var uppf\u00f6rd \u00e5r 1848, var m\u00e5lad med oljef\u00e4rg och hade p\u00e4rttak. Den var i en v\u00e5ning och hade sju rum. Byggnad nr 2 var ett uthus uppf\u00f6rt \u00e5r 1851 och d\u00e4r fanns ett stall, lada och f\u00e4hus. Byggnad nr 3 var byggt av br\u00e4der \u00e5r 1891 och d\u00e4r fanns ett spillningskast och ett vedlider. Byggnad nr 4 var en hush\u00e5llsbod, uppf\u00f6rd \u00e5r 1837. Uthuset nr 5 av br\u00e4der l\u00e4mnades utan f\u00f6rs\u00e4kring.<\/figcaption><\/figure>\n<h4><strong>Fosterdottern Johanna Hagman tar \u00f6ver<\/strong><\/h4>\n<p><strong>\u00c5r 1894, den 30 mars<\/strong> s\u00e5lde Maria Fabrin g\u00e5rden p\u00e5 tomt 133 \u00e5t Johanna Hagman f\u00f6r 1\u00a0500 mark. Johanna hade ju kommit som fosterdotter till g\u00e5rden redan \u00e5r 1860 och vid k\u00f6pet best\u00e4mde s\u00e4ljaren att Johanna skall \u201df\u00f6da, kl\u00e4da och v\u00e5rda mig\u201d. I k\u00f6pet ingick tomten med d\u00e4rp\u00e5 befintliga hus och den underlydande donationsjorden.<\/p>\n<p><strong>Omkring 1897<\/strong> gifte sig Johanna Hagman med bonden och handlanden Karl Johan H\u00e5kans (1846\u20131920) fr\u00e5n N\u00e4rpes. Karl Johan hade varit gift tv\u00e5 g\u00e5nger tidigare och i sitt andra \u00e4ktenskap med Maria Mickels (1863\u20131891) hade han f\u00e5tt dottern Anna (f.1885). Johanna som d\u00e5 flyttade till N\u00e4rpes fick inga barn med Karl Johan. Gamla \u00e4garen Maria Fabrin fortsatte att bo i g\u00e5rden fram till sin d\u00f6d 1907.<\/p>\n<p><strong>\u00c5r 1907, den 16 oktober<\/strong> avled den tidigare g\u00e5rds\u00e4garen Maria Fabrin i en \u00e5lder av 94 \u00e5r. G\u00e5rden som d\u00e5 \u00e4gdes av Johanna H\u00e5kans i N\u00e4rpes hyrdes ut \u00e5t urmakaren Juho Alanko (f.1878) som ocks\u00e5 hade sin aff\u00e4r i samma byggnad en kort tid, f\u00f6re han flyttade den till T\u00f6ttermans g\u00e5rd vid torget. Han bodde i Johannas g\u00e5rd med hustrun Stina (f.1880) och d\u00e4r bodde ocks\u00e5 urmakarl\u00e4rlingen Heino Keto (f.1885).<\/p>\n<figure id=\"attachment_30226\" aria-describedby=\"caption-attachment-30226\" style=\"width: 292px\" class=\"wp-caption alignnone\"><img loading=\"lazy\" decoding=\"async\" class=\"size-full wp-image-30226\" src=\"https:\/\/www.kristinestadshistoria.fi\/wp-content\/uploads\/2025\/09\/Fabrin-Maria-Helena-dodsannons-16.10.1907.jpg\" alt=\"\" width=\"292\" height=\"538\" srcset=\"https:\/\/www.kristinestadshistoria.fi\/wp-content\/uploads\/2025\/09\/Fabrin-Maria-Helena-dodsannons-16.10.1907.jpg 292w, https:\/\/www.kristinestadshistoria.fi\/wp-content\/uploads\/2025\/09\/Fabrin-Maria-Helena-dodsannons-16.10.1907-163x300.jpg 163w\" sizes=\"auto, (max-width: 292px) 100vw, 292px\" \/><figcaption id=\"caption-attachment-30226\" class=\"wp-caption-text\">Maria Fabrin (1812\u20131907) s\u00f6rjdes n\u00e4rmast av Johanna och Karl Johan H\u00e5kans, d\u00e5 bosatta i Yttermark Johanna hade ju varit fosterdotter \u00e5t Maria och hennes bror Johan bosatta i Kristinestad.<\/figcaption><\/figure>\n<p><strong>\u00c5ren 1910\u20131911<\/strong> bodde guldsmeden Johan Sj\u00f6lund (f.1858) p\u00e5 hyra i g\u00e5rden med hustrun Eva (f.1848).<\/p>\n<p><strong>\u00c5r 1912, den andra januari<\/strong> tecknade g\u00e5rds\u00e4garinnan Johanna H\u00e5kans en ny brandf\u00f6rs\u00e4kring p\u00e5 byggnaderna p\u00e5 hennes tomt. Byggnaderna var de samma men de hade nu f\u00f6rsetts med tak av asfaltfilt och ocks\u00e5 annars f\u00e5tt ett h\u00f6gre v\u00e4rde. Guldsmed Sj\u00f6lund flyttade bort och i st\u00e4llet \u00f6ppnade skomakarm\u00e4staren Johan Aleksi Thesl\u00f6f (1882\u20131913) en aff\u00e4r i g\u00e5rden. Han bodde ocks\u00e5 d\u00e4r med hustrun Olga (f.1885). \u00c5r 1913 avled skomakaren och sk\u00f6tseln av hans aff\u00e4r \u00f6vertogs d\u00e5 av \u00e4nkan Olga Thesl\u00f6f.<\/p>\n<p><strong>\u00c5r 1914<\/strong> flyttade Olga Thesl\u00f6f sin skoaff\u00e4r till Hyd\u00e9ns g\u00e5rd och i st\u00e4llet \u00f6ppnade Alexandra Sundberg en livsmedelsaff\u00e4r i g\u00e5rden. Den h\u00e4r aff\u00e4rsr\u00f6relsen blev kortvarig och den h\u00f6lls i g\u00e5ng endast n\u00e5gra m\u00e5nader.<\/p>\n<h4><strong>Anna H\u00e5kans tar \u00f6ver<\/strong><\/h4>\n<p><strong>\u00c5r 1914, den 12 december<\/strong> s\u00e5lde Johanna H\u00e5kans och hennes man Karl Johan H\u00e5kans i N\u00e4rpes deras g\u00e5rd \u00e5t Karl Johans dotter fr\u00e5n ett tidigare \u00e4ktenskap, n\u00e4mligen Anna H\u00e5kans (f.1885). K\u00f6peskillingen utgjorde 6\u00a0000 mark och p\u00e5 samma g\u00e5ng s\u00e5lde de tre arrendemarker p\u00e5 ca 3 ha f\u00f6r 3\u00a0000 mark. Aff\u00e4ren finansierades genom att Anna \u00f6vertog ett l\u00e5n i N\u00e4rpes Sparbank och tv\u00e5 v\u00e4xlar i Wasa Aktiebank.<\/p>\n<p><strong>\u00c5r 1915<\/strong> verkade ett resandehem och kaf\u00e9 Metsola i Anna H\u00e5kans g\u00e5rd. I n\u00e5got skede inreddes bostadsrum ocks\u00e5 i vindsv\u00e5ningen, som hyrdes ut \u00e5t beh\u00f6vande.<\/p>\n<h4><strong>Michael Mangs tar \u00f6ver<\/strong><\/h4>\n<p><strong>\u00c5r 1917<\/strong> gifte sig butiksbitr\u00e4det Anna H\u00e5kans med bonden och lanthandlanden Michael Mangs (1873\u20131939) fr\u00e5n Pjelax i N\u00e4rpes. Anna och Michael bosatte sig i Tj\u00f6ck, d\u00e4r de bedrev b\u00e5de handel och jordbruk. De hyrde \u00e5r 1918 ut butiken och bostaden p\u00e5 Strandgatan \u00e5t urmakaren Johan Fritiof Ojanen (1875\u20131948) och hans hustru Lydia (f.1889). Ojanen var f\u00f6dd i Jyv\u00e4skyl\u00e4 och var i l\u00e4ra hos flera urmakare i landet, ocks\u00e5 hos urmakare Juho Alanko i Kristinestad. \u00c5r 1915 \u00f6ppnade han en egen urmakaraff\u00e4r p\u00e5 V\u00e4stra L\u00e5nggatan 19, d\u00e4r han h\u00f6ll till i tre \u00e5rs tid i handlande Gr\u00f6nroos g\u00e5rd n\u00e4ra R\u00e5dhusparken. Hustrun Lydia hade en liten livsmedelsaff\u00e4r i samma byggnad som urmakaren. \u00c5r 1934 l\u00e4mnade familjen Ojanen Kristinestad d\u00e5 de flyttade till Kankaanp\u00e4\u00e4, d\u00e4r Johan Fritiof avled \u00e5r 1948.<\/p>\n<figure id=\"attachment_30229\" aria-describedby=\"caption-attachment-30229\" style=\"width: 815px\" class=\"wp-caption alignnone\"><img loading=\"lazy\" decoding=\"async\" class=\"size-full wp-image-30229\" src=\"https:\/\/www.kristinestadshistoria.fi\/wp-content\/uploads\/2025\/09\/19210525.jpg\" alt=\"\" width=\"815\" height=\"455\" srcset=\"https:\/\/www.kristinestadshistoria.fi\/wp-content\/uploads\/2025\/09\/19210525.jpg 815w, https:\/\/www.kristinestadshistoria.fi\/wp-content\/uploads\/2025\/09\/19210525-300x167.jpg 300w, https:\/\/www.kristinestadshistoria.fi\/wp-content\/uploads\/2025\/09\/19210525-768x429.jpg 768w\" sizes=\"auto, (max-width: 815px) 100vw, 815px\" \/><figcaption id=\"caption-attachment-30229\" class=\"wp-caption-text\">\u00c5r 1921 avled Johanna H\u00e5kans, f\u00f6dd Hagman och \u00e5ret innan hade hennes man Karl Johan H\u00e5kans avlidit.<\/figcaption><\/figure>\n<p><strong>I b\u00f6rjan av 1920-talet<\/strong> bodde urmakare Ojanen i g\u00e5rden med sin familj och det gjorde kontoristen Elsa Dahlbo (f.1896) ocks\u00e5. Mont\u00f6ren Evert Sundholm (f.1867) bodde ocks\u00e5 p\u00e5 hyra med hustrun Lovisa (f.1862) och barnen Margareta (f.1903) och Artur Erland (f.1905). I slutet av 1920-talet bodde handlande Arifullin p\u00e5 hyra i g\u00e5rden. I februari 1928 utbr\u00f6t en brand i gatubyggnaden p\u00e5 Strandgatan 45 men tack vare att det var lugnt v\u00e4der kunde brandk\u00e5ren, trots m\u00e5nga tekniska problem begr\u00e4nsa branden, s\u00e5 att Michael Mangs g\u00e5rd klarade sig utan skador.<\/p>\n<p><strong>I b\u00f6rjan av 1930-talet<\/strong> bodde f\u00f6re detta handlande Elis Bodman en tid p\u00e5 hyra med sin familj och det gjorde ocks\u00e5 chauff\u00f6ren Evert Bodman. Barberaren Martta Nordlund (f. Haavisto \u00e5r 1911) bodde i g\u00e5rden d\u00e4r hon \u00f6ppnade en raksalong \u00e5r 1934. Hennes man Karl Birger (f. i N\u00e4rpes \u00e5r 1911) vistades p\u00e5 sj\u00f6n.<\/p>\n<p><strong>I slutet av 1930-talet<\/strong> hade Martta Nordlund fortfarande sin barberaraff\u00e4r i Anna och Michael Mangs \u00e4gande g\u00e5rd och hos henne bodde ocks\u00e5 dottern Laila Margareta (f.1932). Tandl\u00e4kare Karl Lydman fr\u00e5n Ule\u00e5borg hade mottagning en tid i g\u00e5rden och p\u00e5 hyra bodde byggm\u00e4stare Mauri Koski med sin familj.<\/p>\n<p><strong>\u00c5r 1939, den 17 oktober<\/strong> f\u00f6rolyckades handlande Michael Mangs i en trafikolycka i L\u00e5lby, d\u00e5 han med cykel var p\u00e5 v\u00e4g till tinget i Lappfj\u00e4rd d\u00e4r han fungerade som n\u00e4mndeman. Han efterl\u00e4mnade makan Anna, f\u00f6dd H\u00e5kans och fyra barn f\u00f6dda mellan \u00e5ren 1918 och 1924.<\/p>\n<figure id=\"attachment_30238\" aria-describedby=\"caption-attachment-30238\" style=\"width: 1772px\" class=\"wp-caption alignnone\"><img loading=\"lazy\" decoding=\"async\" class=\"size-full wp-image-30238\" src=\"https:\/\/www.kristinestadshistoria.fi\/wp-content\/uploads\/2025\/09\/Michael-Mangs-dod.jpg\" alt=\"\" width=\"1772\" height=\"1949\" srcset=\"https:\/\/www.kristinestadshistoria.fi\/wp-content\/uploads\/2025\/09\/Michael-Mangs-dod.jpg 1772w, https:\/\/www.kristinestadshistoria.fi\/wp-content\/uploads\/2025\/09\/Michael-Mangs-dod-273x300.jpg 273w, https:\/\/www.kristinestadshistoria.fi\/wp-content\/uploads\/2025\/09\/Michael-Mangs-dod-931x1024.jpg 931w, https:\/\/www.kristinestadshistoria.fi\/wp-content\/uploads\/2025\/09\/Michael-Mangs-dod-768x845.jpg 768w, https:\/\/www.kristinestadshistoria.fi\/wp-content\/uploads\/2025\/09\/Michael-Mangs-dod-1397x1536.jpg 1397w\" sizes=\"auto, (max-width: 1772px) 100vw, 1772px\" \/><figcaption id=\"caption-attachment-30238\" class=\"wp-caption-text\">I oktober 1939 omkom g\u00e5rds\u00e4garen, handlanden Michael Mangs i en trafikolycka i L\u00e5lby och tidningen Syd-\u00d6sterbotten hedrade honom i en l\u00e4ngre nekrolog.<\/figcaption><\/figure>\n<h4><strong>Bonden Klemets, Harjula, Nohrstr\u00f6m och Selim L\u00e5ng tar \u00f6ver<\/strong><\/h4>\n<p><strong>\u00c5r 1940, den 3 juli<\/strong> s\u00e5lde avlidne bonden och handelsmannen Michael Mangs r\u00e4ttsinnehavare g\u00e5rden p\u00e5 tomt nr 133 \u00e5t jordbrukaren Erik J. Klemets f\u00f6r 184\u00a0000 mark. Erik Johan Klemets var f\u00f6dd \u00e5r 1875 i Lappfj\u00e4rd och \u00e5r 1893 hade han gift sig med Helena Gustava Hermans, som var f\u00f6dd 1862 i N\u00e4rpes. Erik Klemets bodde inte sj\u00e4lv i g\u00e5rden men det gjorde d\u00e4remot flera hyresg\u00e4ster. Alexandra Lydman (f.1905 i B\u00f6tom) bodde d\u00e4r med en son, Martta Nordlund bodde d\u00e4r och hon hade nu tre barn och mannen p\u00e5 sj\u00f6n. Johannes Alfred Kronl\u00f6f (f.1894 i V\u00f6r\u00e5) bodde en tid i g\u00e5rden med hustrun Irja Kerttu, som var f\u00f6dd \u00e5r 1903 i Renko och de hade d\u00e5 tre barn.<\/p>\n<p><strong>\u00c5r 1946, den 6 augusti<\/strong> s\u00e5lde arrendatorn, \u00e4nklingen Erik Johan Klemets g\u00e5rden p\u00e5 tomt nr 133 \u00e5t aff\u00e4rsarbetaren, \u00e4nkan Hilja Harjula f\u00f6r 300\u00a0000 mark. Hilja var f\u00f6dd Markkanen \u00e5r 1896 i Suomenniemi, n\u00e4ra St Michel. Hon hade \u00e5r 1913 gift sig med kontoristen Vallu Teodor Harjula (1885\u20131938). Vallu var f\u00f6dd i Varkaus och flyttade med sin hustru och tv\u00e5 barn via Joroinen till Kristinestad \u00e5r 1923. I Kristinestad f\u00f6ddes sedan tv\u00e5 barn till.<\/p>\n<p><strong>\u00c5r 1947, den 12 mars<\/strong> s\u00e5lde Hilja Harjula g\u00e5rden p\u00e5 tomt 133 \u00e5t bagarm\u00e4staren Torsti Nohrstr\u00f6m f\u00f6r 320\u00a0000 mark. Torsti var f\u00f6dd \u00e5r 1905 i Lahdenpohja i Karelen och \u00e5r 1930 hade han gift sig med Margareta Porkka, som var f\u00f6dd \u00e5r 1907 i Sordavala.<\/p>\n<p><strong>\u00c5r 1950, den 22 augusti<\/strong> s\u00e5lde Torsti Nohrstr\u00f6m tomten och g\u00e5rden \u00e5t <a href=\"https:\/\/www.lassebacklund.fi\/?page_id=3695\">bonden Selim L\u00e5ng fr\u00e5n Dagsmark<\/a> f\u00f6r 485\u00a0000 mark. Selim var f\u00f6dd \u00e5r 1909 och \u00e5r 1938 hade han gift sig med Taimi Hautam\u00e4ki, som var f\u00f6dd \u00e5r 1914 i Stor\u00e5. Selim arbetade som kyrkovaktm\u00e4stare i Kristinestad.<\/p>\n<h4><strong>Ellen Norrgrann tar \u00f6ver<\/strong><\/h4>\n<p><strong>\u00c5r 1959, den 11 maj<\/strong> s\u00e5lde bonden Selim L\u00e5ng och hans hustru Taimi g\u00e5rden p\u00e5 tomt 133 \u00e5t handlanden Ellen Norrgrann f\u00f6r j\u00e4mnt en miljon mark. Selim och Taimi flyttade d\u00e5 till Vanhakyl\u00e4 i Stor\u00e5 d\u00e4r de hade k\u00f6pt ett hemman. Ellen Norrgrann var f\u00f6dd Hannus i Tj\u00f6ck \u00e5r 1911 och hon hade varit gift med Bertel Norrgrann (1908-4.2.1959). Bertel och Ellen hade sedan 1957 handlat med kl\u00e4der i<a href=\"https:\/\/www.kristinestadshistoria.fi\/?page_id=30103\"> \u201dStrandg\u00e5rden\u201d p\u00e5 Strandgatan 36<\/a>. Ellen flyttade genast sin aff\u00e4r till den nyink\u00f6pta g\u00e5rden.<\/p>\n<p><strong>I b\u00f6rjan av 1980-talet<\/strong> verkade en aff\u00e4r som hette Kamera-Tupa i g\u00e5rden och i slutet av 1980-talet \u00f6ppnade Marjo en \u201dBarberar-Frisersalong\u201d i g\u00e5rden.<\/p>\n<p><strong>\u00c5r 1997<\/strong> s\u00e5lde Norrgranns d\u00f6dsbo g\u00e5rden med alla uthus \u00e5t den nuvarande \u00e4garen, som anv\u00e4nder den som stadigvarande bostad.<\/p>\n<h2><strong>Foton annonser och \u00f6vrigt.<\/strong><\/h2>\n<figure id=\"attachment_30266\" aria-describedby=\"caption-attachment-30266\" style=\"width: 2304px\" class=\"wp-caption alignnone\"><img loading=\"lazy\" decoding=\"async\" class=\"size-full wp-image-30266\" src=\"https:\/\/www.kristinestadshistoria.fi\/wp-content\/uploads\/2025\/09\/43-ar-2025-4.jpg\" alt=\"\" width=\"2304\" height=\"1704\" srcset=\"https:\/\/www.kristinestadshistoria.fi\/wp-content\/uploads\/2025\/09\/43-ar-2025-4.jpg 2304w, https:\/\/www.kristinestadshistoria.fi\/wp-content\/uploads\/2025\/09\/43-ar-2025-4-300x222.jpg 300w, https:\/\/www.kristinestadshistoria.fi\/wp-content\/uploads\/2025\/09\/43-ar-2025-4-1024x757.jpg 1024w, https:\/\/www.kristinestadshistoria.fi\/wp-content\/uploads\/2025\/09\/43-ar-2025-4-768x568.jpg 768w, https:\/\/www.kristinestadshistoria.fi\/wp-content\/uploads\/2025\/09\/43-ar-2025-4-1536x1136.jpg 1536w, https:\/\/www.kristinestadshistoria.fi\/wp-content\/uploads\/2025\/09\/43-ar-2025-4-2048x1515.jpg 2048w\" sizes=\"auto, (max-width: 2304px) 100vw, 2304px\" \/><figcaption id=\"caption-attachment-30266\" class=\"wp-caption-text\">G\u00e5rden p\u00e5 Strandgatan 43 har en h\u00f6g och v\u00e4lgjord stenfot mot gatan. Fotot taget fr\u00e5n nordost sommaren 2025.<\/figcaption><\/figure>\n<figure id=\"attachment_30264\" aria-describedby=\"caption-attachment-30264\" style=\"width: 2003px\" class=\"wp-caption alignnone\"><img loading=\"lazy\" decoding=\"async\" class=\"size-full wp-image-30264\" src=\"https:\/\/www.kristinestadshistoria.fi\/wp-content\/uploads\/2025\/09\/43-ar-2025-1.jpg\" alt=\"\" width=\"2003\" height=\"1354\" srcset=\"https:\/\/www.kristinestadshistoria.fi\/wp-content\/uploads\/2025\/09\/43-ar-2025-1.jpg 2003w, https:\/\/www.kristinestadshistoria.fi\/wp-content\/uploads\/2025\/09\/43-ar-2025-1-300x203.jpg 300w, https:\/\/www.kristinestadshistoria.fi\/wp-content\/uploads\/2025\/09\/43-ar-2025-1-1024x692.jpg 1024w, https:\/\/www.kristinestadshistoria.fi\/wp-content\/uploads\/2025\/09\/43-ar-2025-1-768x519.jpg 768w, https:\/\/www.kristinestadshistoria.fi\/wp-content\/uploads\/2025\/09\/43-ar-2025-1-1536x1038.jpg 1536w\" sizes=\"auto, (max-width: 2003px) 100vw, 2003px\" \/><figcaption id=\"caption-attachment-30264\" class=\"wp-caption-text\">Strandgatan 43 fotograferat rakt fr\u00e5n \u00f6ster sommaren 2025.<\/figcaption><\/figure>\n<figure id=\"attachment_30231\" aria-describedby=\"caption-attachment-30231\" style=\"width: 1476px\" class=\"wp-caption alignnone\"><img loading=\"lazy\" decoding=\"async\" class=\"size-full wp-image-30231\" src=\"https:\/\/www.kristinestadshistoria.fi\/wp-content\/uploads\/2025\/09\/Annonser-Sjolund.jpg\" alt=\"\" width=\"1476\" height=\"1122\" srcset=\"https:\/\/www.kristinestadshistoria.fi\/wp-content\/uploads\/2025\/09\/Annonser-Sjolund.jpg 1476w, https:\/\/www.kristinestadshistoria.fi\/wp-content\/uploads\/2025\/09\/Annonser-Sjolund-300x228.jpg 300w, https:\/\/www.kristinestadshistoria.fi\/wp-content\/uploads\/2025\/09\/Annonser-Sjolund-1024x778.jpg 1024w, https:\/\/www.kristinestadshistoria.fi\/wp-content\/uploads\/2025\/09\/Annonser-Sjolund-768x584.jpg 768w\" sizes=\"auto, (max-width: 1476px) 100vw, 1476px\" \/><figcaption id=\"caption-attachment-30231\" class=\"wp-caption-text\">Guldsmed Sj\u00f6lund hade aff\u00e4r i g\u00e5rden \u00e5ren 1910-1911.<\/figcaption><\/figure>\n<figure id=\"attachment_30233\" aria-describedby=\"caption-attachment-30233\" style=\"width: 1222px\" class=\"wp-caption alignnone\"><img loading=\"lazy\" decoding=\"async\" class=\"size-full wp-image-30233\" src=\"https:\/\/www.kristinestadshistoria.fi\/wp-content\/uploads\/2025\/09\/AnnonserTheslofs-annonser.jpg\" alt=\"\" width=\"1222\" height=\"1701\" srcset=\"https:\/\/www.kristinestadshistoria.fi\/wp-content\/uploads\/2025\/09\/AnnonserTheslofs-annonser.jpg 1222w, https:\/\/www.kristinestadshistoria.fi\/wp-content\/uploads\/2025\/09\/AnnonserTheslofs-annonser-216x300.jpg 216w, https:\/\/www.kristinestadshistoria.fi\/wp-content\/uploads\/2025\/09\/AnnonserTheslofs-annonser-736x1024.jpg 736w, https:\/\/www.kristinestadshistoria.fi\/wp-content\/uploads\/2025\/09\/AnnonserTheslofs-annonser-768x1069.jpg 768w, https:\/\/www.kristinestadshistoria.fi\/wp-content\/uploads\/2025\/09\/AnnonserTheslofs-annonser-1103x1536.jpg 1103w\" sizes=\"auto, (max-width: 1222px) 100vw, 1222px\" \/><figcaption id=\"caption-attachment-30233\" class=\"wp-caption-text\">Skomakare Thesl\u00f6f hann verka i g\u00e5rden endast ett par \u00e5r och de annonserade flitigt i tidningarna.<\/figcaption><\/figure>\n<figure id=\"attachment_30232\" aria-describedby=\"caption-attachment-30232\" style=\"width: 679px\" class=\"wp-caption alignnone\"><img loading=\"lazy\" decoding=\"async\" class=\"size-full wp-image-30232\" src=\"https:\/\/www.kristinestadshistoria.fi\/wp-content\/uploads\/2025\/09\/Annonser-Sundbacks-annonser.jpg\" alt=\"\" width=\"679\" height=\"1949\" srcset=\"https:\/\/www.kristinestadshistoria.fi\/wp-content\/uploads\/2025\/09\/Annonser-Sundbacks-annonser.jpg 679w, https:\/\/www.kristinestadshistoria.fi\/wp-content\/uploads\/2025\/09\/Annonser-Sundbacks-annonser-105x300.jpg 105w, https:\/\/www.kristinestadshistoria.fi\/wp-content\/uploads\/2025\/09\/Annonser-Sundbacks-annonser-357x1024.jpg 357w, https:\/\/www.kristinestadshistoria.fi\/wp-content\/uploads\/2025\/09\/Annonser-Sundbacks-annonser-535x1536.jpg 535w\" sizes=\"auto, (max-width: 679px) 100vw, 679px\" \/><figcaption id=\"caption-attachment-30232\" class=\"wp-caption-text\">Alexandra Sundbacks Matvaruhandel verkade i g\u00e5rden under n\u00e5gra m\u00e5nader \u00e5r 1914.<\/figcaption><\/figure>\n<figure id=\"attachment_30230\" aria-describedby=\"caption-attachment-30230\" style=\"width: 1396px\" class=\"wp-caption alignnone\"><img loading=\"lazy\" decoding=\"async\" class=\"size-full wp-image-30230\" src=\"https:\/\/www.kristinestadshistoria.fi\/wp-content\/uploads\/2025\/09\/Annonser-Ojanen-scaled.jpg\" alt=\"\" width=\"1396\" height=\"2560\" srcset=\"https:\/\/www.kristinestadshistoria.fi\/wp-content\/uploads\/2025\/09\/Annonser-Ojanen-scaled.jpg 1396w, https:\/\/www.kristinestadshistoria.fi\/wp-content\/uploads\/2025\/09\/Annonser-Ojanen-164x300.jpg 164w, https:\/\/www.kristinestadshistoria.fi\/wp-content\/uploads\/2025\/09\/Annonser-Ojanen-559x1024.jpg 559w, https:\/\/www.kristinestadshistoria.fi\/wp-content\/uploads\/2025\/09\/Annonser-Ojanen-768x1408.jpg 768w, https:\/\/www.kristinestadshistoria.fi\/wp-content\/uploads\/2025\/09\/Annonser-Ojanen-838x1536.jpg 838w, https:\/\/www.kristinestadshistoria.fi\/wp-content\/uploads\/2025\/09\/Annonser-Ojanen-1117x2048.jpg 1117w\" sizes=\"auto, (max-width: 1396px) 100vw, 1396px\" \/><figcaption id=\"caption-attachment-30230\" class=\"wp-caption-text\">Urmakare Ojanen hade sin uraff\u00e4r i g\u00e5rden under 1920-talet.<\/figcaption><\/figure>\n","protected":false},"excerpt":{"rendered":"<p>\u00a0Sammanst\u00e4llt av Lasse Backlund i september 2025. Uppgifterna \u00e4r tagna ur gamla lagfartsregister, mantalsl\u00e4ngder, kyrkb\u00f6cker och tidningar.\u00a0 G\u00e5rdens gamla historia P\u00e5 1740-talet \u00e4gdes den h\u00e4r tomten som d\u00e5 hade nummer 3 i det tredje kvarteret av Anders \u00d6stman. M\u00e5gen Arkelin <a class=\"more-link\" href=\"https:\/\/www.kristinestadshistoria.fi\/?page_id=30217\">Forts\u00e4tt l\u00e4sa <span class=\"screen-reader-text\">  Fiskare Fabrins g\u00e5rd p\u00e5 Strandgatan 43<\/span><span class=\"meta-nav\">&rarr;<\/span><\/a><\/p>\n","protected":false},"author":1,"featured_media":0,"parent":18658,"menu_order":43,"comment_status":"closed","ping_status":"closed","template":"","meta":{"footnotes":""},"class_list":["post-30217","page","type-page","status-publish","hentry"],"_links":{"self":[{"href":"https:\/\/www.kristinestadshistoria.fi\/index.php?rest_route=\/wp\/v2\/pages\/30217","targetHints":{"allow":["GET"]}}],"collection":[{"href":"https:\/\/www.kristinestadshistoria.fi\/index.php?rest_route=\/wp\/v2\/pages"}],"about":[{"href":"https:\/\/www.kristinestadshistoria.fi\/index.php?rest_route=\/wp\/v2\/types\/page"}],"author":[{"embeddable":true,"href":"https:\/\/www.kristinestadshistoria.fi\/index.php?rest_route=\/wp\/v2\/users\/1"}],"replies":[{"embeddable":true,"href":"https:\/\/www.kristinestadshistoria.fi\/index.php?rest_route=%2Fwp%2Fv2%2Fcomments&post=30217"}],"version-history":[{"count":13,"href":"https:\/\/www.kristinestadshistoria.fi\/index.php?rest_route=\/wp\/v2\/pages\/30217\/revisions"}],"predecessor-version":[{"id":30267,"href":"https:\/\/www.kristinestadshistoria.fi\/index.php?rest_route=\/wp\/v2\/pages\/30217\/revisions\/30267"}],"up":[{"embeddable":true,"href":"https:\/\/www.kristinestadshistoria.fi\/index.php?rest_route=\/wp\/v2\/pages\/18658"}],"wp:attachment":[{"href":"https:\/\/www.kristinestadshistoria.fi\/index.php?rest_route=%2Fwp%2Fv2%2Fmedia&parent=30217"}],"curies":[{"name":"wp","href":"https:\/\/api.w.org\/{rel}","templated":true}]}}