{"id":28970,"date":"2024-08-16T19:32:28","date_gmt":"2024-08-16T16:32:28","guid":{"rendered":"https:\/\/www.kristinestadshistoria.fi\/?page_id=28970"},"modified":"2026-04-21T15:45:11","modified_gmt":"2026-04-21T12:45:11","slug":"gamla-foton-fran-staden-3","status":"publish","type":"page","link":"https:\/\/www.kristinestadshistoria.fi\/?page_id=28970","title":{"rendered":"Gamla foton fr\u00e5n staden, 3"},"content":{"rendered":"<h4><strong>Samling 3, blandade fotografier 101-150<\/strong><\/h4>\n<figure id=\"attachment_28969\" aria-describedby=\"caption-attachment-28969\" style=\"width: 1335px\" class=\"wp-caption alignnone\"><img loading=\"lazy\" decoding=\"async\" class=\"size-full wp-image-28969\" src=\"https:\/\/www.kristinestadshistoria.fi\/wp-content\/uploads\/2024\/08\/101-Catharina-Fremdeling.jpg\" alt=\"\" width=\"1335\" height=\"1519\" srcset=\"https:\/\/www.kristinestadshistoria.fi\/wp-content\/uploads\/2024\/08\/101-Catharina-Fremdeling.jpg 1335w, https:\/\/www.kristinestadshistoria.fi\/wp-content\/uploads\/2024\/08\/101-Catharina-Fremdeling-264x300.jpg 264w, https:\/\/www.kristinestadshistoria.fi\/wp-content\/uploads\/2024\/08\/101-Catharina-Fremdeling-900x1024.jpg 900w, https:\/\/www.kristinestadshistoria.fi\/wp-content\/uploads\/2024\/08\/101-Catharina-Fremdeling-768x874.jpg 768w\" sizes=\"auto, (max-width: 1335px) 100vw, 1335px\" \/><figcaption id=\"caption-attachment-28969\" class=\"wp-caption-text\">101. Catharina Elisabeth Stenmansson (1801-1860) som var gift med <a href=\"https:\/\/www.kristinestadshistoria.fi\/?page_id=18580\">S. W. Fremdeling<\/a>. Portr\u00e4ttet finns p\u00e5 <a href=\"https:\/\/www.kristinestadshistoria.fi\/?page_id=20608\">Lebellska k\u00f6pmansg\u00e5rden<\/a>, fotograferat av Olle Haavisto och fotot finns i Kristinestads lokalhistoriska arkiv.<\/figcaption><\/figure>\n<figure id=\"attachment_28973\" aria-describedby=\"caption-attachment-28973\" style=\"width: 2238px\" class=\"wp-caption alignnone\"><img loading=\"lazy\" decoding=\"async\" class=\"size-full wp-image-28973\" src=\"https:\/\/www.kristinestadshistoria.fi\/wp-content\/uploads\/2024\/08\/102-ostra-brofastet-ca-1910.jpg\" alt=\"\" width=\"2238\" height=\"1412\" srcset=\"https:\/\/www.kristinestadshistoria.fi\/wp-content\/uploads\/2024\/08\/102-ostra-brofastet-ca-1910.jpg 2238w, https:\/\/www.kristinestadshistoria.fi\/wp-content\/uploads\/2024\/08\/102-ostra-brofastet-ca-1910-300x189.jpg 300w, https:\/\/www.kristinestadshistoria.fi\/wp-content\/uploads\/2024\/08\/102-ostra-brofastet-ca-1910-1024x646.jpg 1024w, https:\/\/www.kristinestadshistoria.fi\/wp-content\/uploads\/2024\/08\/102-ostra-brofastet-ca-1910-768x485.jpg 768w, https:\/\/www.kristinestadshistoria.fi\/wp-content\/uploads\/2024\/08\/102-ostra-brofastet-ca-1910-1536x969.jpg 1536w, https:\/\/www.kristinestadshistoria.fi\/wp-content\/uploads\/2024\/08\/102-ostra-brofastet-ca-1910-2048x1292.jpg 2048w\" sizes=\"auto, (max-width: 2238px) 100vw, 2238px\" \/><figcaption id=\"caption-attachment-28973\" class=\"wp-caption-text\">102. <a href=\"https:\/\/www.kristinestadshistoria.fi\/?page_id=14085\">Stenbrons<\/a> \u00f6stra brof\u00e4ste fotograferat omkring 1910. Fotot finns i Kristinestads lokalhistoriska arkiv, Alvar Utters privatarkiv.<\/figcaption><\/figure>\n<figure id=\"attachment_28978\" aria-describedby=\"caption-attachment-28978\" style=\"width: 2146px\" class=\"wp-caption alignnone\"><img loading=\"lazy\" decoding=\"async\" class=\"size-full wp-image-28978\" src=\"https:\/\/www.kristinestadshistoria.fi\/wp-content\/uploads\/2024\/08\/103-Badhusparken.jpg\" alt=\"\" width=\"2146\" height=\"1401\" srcset=\"https:\/\/www.kristinestadshistoria.fi\/wp-content\/uploads\/2024\/08\/103-Badhusparken.jpg 2146w, https:\/\/www.kristinestadshistoria.fi\/wp-content\/uploads\/2024\/08\/103-Badhusparken-300x196.jpg 300w, https:\/\/www.kristinestadshistoria.fi\/wp-content\/uploads\/2024\/08\/103-Badhusparken-1024x669.jpg 1024w, https:\/\/www.kristinestadshistoria.fi\/wp-content\/uploads\/2024\/08\/103-Badhusparken-768x501.jpg 768w, https:\/\/www.kristinestadshistoria.fi\/wp-content\/uploads\/2024\/08\/103-Badhusparken-1536x1003.jpg 1536w, https:\/\/www.kristinestadshistoria.fi\/wp-content\/uploads\/2024\/08\/103-Badhusparken-2048x1337.jpg 2048w\" sizes=\"auto, (max-width: 2146px) 100vw, 2146px\" \/><figcaption id=\"caption-attachment-28978\" class=\"wp-caption-text\">103. Strandpromenaden vid <a href=\"https:\/\/www.kristinestadshistoria.fi\/?page_id=16985\">Badhusparken<\/a> en vacker sommardag i b\u00f6rjan av 1900-talet. Fotot finns i Emil Kr\u00e5kstr\u00f6ms fotosamling.<\/figcaption><\/figure>\n<figure id=\"attachment_28979\" aria-describedby=\"caption-attachment-28979\" style=\"width: 2098px\" class=\"wp-caption alignnone\"><img loading=\"lazy\" decoding=\"async\" class=\"size-full wp-image-28979\" src=\"https:\/\/www.kristinestadshistoria.fi\/wp-content\/uploads\/2024\/08\/104-Vy-fran-oster-Rosengren.jpg\" alt=\"\" width=\"2098\" height=\"1342\" srcset=\"https:\/\/www.kristinestadshistoria.fi\/wp-content\/uploads\/2024\/08\/104-Vy-fran-oster-Rosengren.jpg 2098w, https:\/\/www.kristinestadshistoria.fi\/wp-content\/uploads\/2024\/08\/104-Vy-fran-oster-Rosengren-300x192.jpg 300w, https:\/\/www.kristinestadshistoria.fi\/wp-content\/uploads\/2024\/08\/104-Vy-fran-oster-Rosengren-1024x655.jpg 1024w, https:\/\/www.kristinestadshistoria.fi\/wp-content\/uploads\/2024\/08\/104-Vy-fran-oster-Rosengren-768x491.jpg 768w, https:\/\/www.kristinestadshistoria.fi\/wp-content\/uploads\/2024\/08\/104-Vy-fran-oster-Rosengren-1536x983.jpg 1536w, https:\/\/www.kristinestadshistoria.fi\/wp-content\/uploads\/2024\/08\/104-Vy-fran-oster-Rosengren-2048x1310.jpg 2048w\" sizes=\"auto, (max-width: 2098px) 100vw, 2098px\" \/><figcaption id=\"caption-attachment-28979\" class=\"wp-caption-text\">104. Rosengrens foto fr\u00e5n \u00d6stra sidan med stadens centrum p\u00e5 andra sidan Norrfj\u00e4rden. Fotot finns i Emil Kr\u00e5kstr\u00f6ms fotosamling.<\/figcaption><\/figure>\n<figure id=\"attachment_28980\" aria-describedby=\"caption-attachment-28980\" style=\"width: 2146px\" class=\"wp-caption alignnone\"><img loading=\"lazy\" decoding=\"async\" class=\"size-full wp-image-28980\" src=\"https:\/\/www.kristinestadshistoria.fi\/wp-content\/uploads\/2024\/08\/105-Hogasen.jpg\" alt=\"\" width=\"2146\" height=\"1377\" srcset=\"https:\/\/www.kristinestadshistoria.fi\/wp-content\/uploads\/2024\/08\/105-Hogasen.jpg 2146w, https:\/\/www.kristinestadshistoria.fi\/wp-content\/uploads\/2024\/08\/105-Hogasen-300x192.jpg 300w, https:\/\/www.kristinestadshistoria.fi\/wp-content\/uploads\/2024\/08\/105-Hogasen-1024x657.jpg 1024w, https:\/\/www.kristinestadshistoria.fi\/wp-content\/uploads\/2024\/08\/105-Hogasen-768x493.jpg 768w, https:\/\/www.kristinestadshistoria.fi\/wp-content\/uploads\/2024\/08\/105-Hogasen-1536x986.jpg 1536w, https:\/\/www.kristinestadshistoria.fi\/wp-content\/uploads\/2024\/08\/105-Hogasen-2048x1314.jpg 2048w\" sizes=\"auto, (max-width: 2146px) 100vw, 2146px\" \/><figcaption id=\"caption-attachment-28980\" class=\"wp-caption-text\">105. Liggsalarna p\u00e5 <a href=\"https:\/\/www.kristinestadshistoria.fi\/?page_id=28058\">H\u00f6g\u00e5sens sanatorium.<\/a> Fotot finns i Emil Kr\u00e5kstr\u00f6ms fotosamling.<\/figcaption><\/figure>\n<figure id=\"attachment_28981\" aria-describedby=\"caption-attachment-28981\" style=\"width: 2154px\" class=\"wp-caption alignnone\"><img loading=\"lazy\" decoding=\"async\" class=\"size-full wp-image-28981\" src=\"https:\/\/www.kristinestadshistoria.fi\/wp-content\/uploads\/2024\/08\/106-Ulrika-Eleonora-kyrkan.jpg\" alt=\"\" width=\"2154\" height=\"1409\" srcset=\"https:\/\/www.kristinestadshistoria.fi\/wp-content\/uploads\/2024\/08\/106-Ulrika-Eleonora-kyrkan.jpg 2154w, https:\/\/www.kristinestadshistoria.fi\/wp-content\/uploads\/2024\/08\/106-Ulrika-Eleonora-kyrkan-300x196.jpg 300w, https:\/\/www.kristinestadshistoria.fi\/wp-content\/uploads\/2024\/08\/106-Ulrika-Eleonora-kyrkan-1024x670.jpg 1024w, https:\/\/www.kristinestadshistoria.fi\/wp-content\/uploads\/2024\/08\/106-Ulrika-Eleonora-kyrkan-768x502.jpg 768w, https:\/\/www.kristinestadshistoria.fi\/wp-content\/uploads\/2024\/08\/106-Ulrika-Eleonora-kyrkan-1536x1005.jpg 1536w, https:\/\/www.kristinestadshistoria.fi\/wp-content\/uploads\/2024\/08\/106-Ulrika-Eleonora-kyrkan-2048x1340.jpg 2048w\" sizes=\"auto, (max-width: 2154px) 100vw, 2154px\" \/><figcaption id=\"caption-attachment-28981\" class=\"wp-caption-text\">106. <a href=\"https:\/\/www.kristinestadshistoria.fi\/?page_id=10623\">Ulrika Eleonorakyrkan<\/a> fotograferad fr\u00e5n R\u00e5dhusets tak omkring 1920-1930. Fotot finns i Emil Kr\u00e5kstr\u00f6ms fotosamling.<\/figcaption><\/figure>\n<figure id=\"attachment_28984\" aria-describedby=\"caption-attachment-28984\" style=\"width: 1158px\" class=\"wp-caption alignnone\"><img loading=\"lazy\" decoding=\"async\" class=\"size-full wp-image-28984\" src=\"https:\/\/www.kristinestadshistoria.fi\/wp-content\/uploads\/2024\/08\/107-Nya-kyrkan-interior_C3_96TA_146_ota146_foto_451-1.jpg\" alt=\"\" width=\"1158\" height=\"1600\" srcset=\"https:\/\/www.kristinestadshistoria.fi\/wp-content\/uploads\/2024\/08\/107-Nya-kyrkan-interior_C3_96TA_146_ota146_foto_451-1.jpg 1158w, https:\/\/www.kristinestadshistoria.fi\/wp-content\/uploads\/2024\/08\/107-Nya-kyrkan-interior_C3_96TA_146_ota146_foto_451-1-217x300.jpg 217w, https:\/\/www.kristinestadshistoria.fi\/wp-content\/uploads\/2024\/08\/107-Nya-kyrkan-interior_C3_96TA_146_ota146_foto_451-1-741x1024.jpg 741w, https:\/\/www.kristinestadshistoria.fi\/wp-content\/uploads\/2024\/08\/107-Nya-kyrkan-interior_C3_96TA_146_ota146_foto_451-1-768x1061.jpg 768w, https:\/\/www.kristinestadshistoria.fi\/wp-content\/uploads\/2024\/08\/107-Nya-kyrkan-interior_C3_96TA_146_ota146_foto_451-1-1112x1536.jpg 1112w\" sizes=\"auto, (max-width: 1158px) 100vw, 1158px\" \/><figcaption id=\"caption-attachment-28984\" class=\"wp-caption-text\">107. Interi\u00f6r fr\u00e5n <a href=\"https:\/\/www.kristinestadshistoria.fi\/?page_id=22665\">stadens nya kyrka<\/a>, som togs i bruk \u00e5r 1897. Fotot finns i Lars Ax\u00e9ns samling i SLS:s arkiv.<\/figcaption><\/figure>\n<figure id=\"attachment_28985\" aria-describedby=\"caption-attachment-28985\" style=\"width: 2000px\" class=\"wp-caption alignnone\"><img loading=\"lazy\" decoding=\"async\" class=\"size-full wp-image-28985\" src=\"https:\/\/www.kristinestadshistoria.fi\/wp-content\/uploads\/2024\/08\/108-Norrfjarden-ca-1900_C3_96TA_146_ota146_foto_181-1-kopia.jpg\" alt=\"\" width=\"2000\" height=\"1121\" srcset=\"https:\/\/www.kristinestadshistoria.fi\/wp-content\/uploads\/2024\/08\/108-Norrfjarden-ca-1900_C3_96TA_146_ota146_foto_181-1-kopia.jpg 2000w, https:\/\/www.kristinestadshistoria.fi\/wp-content\/uploads\/2024\/08\/108-Norrfjarden-ca-1900_C3_96TA_146_ota146_foto_181-1-kopia-300x168.jpg 300w, https:\/\/www.kristinestadshistoria.fi\/wp-content\/uploads\/2024\/08\/108-Norrfjarden-ca-1900_C3_96TA_146_ota146_foto_181-1-kopia-1024x574.jpg 1024w, https:\/\/www.kristinestadshistoria.fi\/wp-content\/uploads\/2024\/08\/108-Norrfjarden-ca-1900_C3_96TA_146_ota146_foto_181-1-kopia-768x430.jpg 768w, https:\/\/www.kristinestadshistoria.fi\/wp-content\/uploads\/2024\/08\/108-Norrfjarden-ca-1900_C3_96TA_146_ota146_foto_181-1-kopia-1536x861.jpg 1536w\" sizes=\"auto, (max-width: 2000px) 100vw, 2000px\" \/><figcaption id=\"caption-attachment-28985\" class=\"wp-caption-text\">108. Fotot fr\u00e5n b\u00f6rjan av 1900-talet visar hur stor Norrfj\u00e4rden var d\u00e5 och n\u00e4stan fri fr\u00e5n v\u00e4xtlighet. Flera propsar ligger som drivved bland strandstenarna. Fotot finns i Lars Ax\u00e9ns samling i SLS:s arkiv.<\/figcaption><\/figure>\n<figure id=\"attachment_28991\" aria-describedby=\"caption-attachment-28991\" style=\"width: 2147px\" class=\"wp-caption alignnone\"><img loading=\"lazy\" decoding=\"async\" class=\"size-full wp-image-28991\" src=\"https:\/\/www.kristinestadshistoria.fi\/wp-content\/uploads\/2024\/08\/IMG_9838-Strandgatan-36-baksidan.jpg\" alt=\"\" width=\"2147\" height=\"1532\" srcset=\"https:\/\/www.kristinestadshistoria.fi\/wp-content\/uploads\/2024\/08\/IMG_9838-Strandgatan-36-baksidan.jpg 2147w, https:\/\/www.kristinestadshistoria.fi\/wp-content\/uploads\/2024\/08\/IMG_9838-Strandgatan-36-baksidan-300x214.jpg 300w, https:\/\/www.kristinestadshistoria.fi\/wp-content\/uploads\/2024\/08\/IMG_9838-Strandgatan-36-baksidan-1024x731.jpg 1024w, https:\/\/www.kristinestadshistoria.fi\/wp-content\/uploads\/2024\/08\/IMG_9838-Strandgatan-36-baksidan-768x548.jpg 768w, https:\/\/www.kristinestadshistoria.fi\/wp-content\/uploads\/2024\/08\/IMG_9838-Strandgatan-36-baksidan-1536x1096.jpg 1536w, https:\/\/www.kristinestadshistoria.fi\/wp-content\/uploads\/2024\/08\/IMG_9838-Strandgatan-36-baksidan-2048x1461.jpg 2048w\" sizes=\"auto, (max-width: 2147px) 100vw, 2147px\" \/><figcaption id=\"caption-attachment-28991\" class=\"wp-caption-text\">109. En kort tid efter att C. E. Carlstr\u00f6ms g\u00e5rd p\u00e5 Parmansgatan, p\u00e5 nuvarande kyrktomten f\u00f6rst\u00f6rdes i en brand \u00e5r 1859, s\u00e5 k\u00f6pte han denna g\u00e5rd p\u00e5 Strandgatan 36 av Oskar Fontell. Han renoverade g\u00e5rden och byggde till flera g\u00e5nger. Byggm\u00e4stare Thure Nygren k\u00f6pte g\u00e5rden i maj 1964 och den revs h\u00f6sten 1965 och han uppf\u00f6rde d\u00e5 den r\u00f6da 3-v\u00e5ningsbyggnaden, som fortfarande st\u00e5r kvar. Fotot ur Kristinestads lokalhistoriska arkiv, Alvar Utters privatarkiv.<\/figcaption><\/figure>\n<figure id=\"attachment_29113\" aria-describedby=\"caption-attachment-29113\" style=\"width: 2385px\" class=\"wp-caption alignnone\"><img loading=\"lazy\" decoding=\"async\" class=\"size-full wp-image-29113\" src=\"https:\/\/www.kristinestadshistoria.fi\/wp-content\/uploads\/2024\/09\/Hogasen-foto-Ines-Hyvonen-Utters-arkiv-1.jpg\" alt=\"\" width=\"2385\" height=\"1441\" srcset=\"https:\/\/www.kristinestadshistoria.fi\/wp-content\/uploads\/2024\/09\/Hogasen-foto-Ines-Hyvonen-Utters-arkiv-1.jpg 2385w, https:\/\/www.kristinestadshistoria.fi\/wp-content\/uploads\/2024\/09\/Hogasen-foto-Ines-Hyvonen-Utters-arkiv-1-300x181.jpg 300w, https:\/\/www.kristinestadshistoria.fi\/wp-content\/uploads\/2024\/09\/Hogasen-foto-Ines-Hyvonen-Utters-arkiv-1-1024x619.jpg 1024w, https:\/\/www.kristinestadshistoria.fi\/wp-content\/uploads\/2024\/09\/Hogasen-foto-Ines-Hyvonen-Utters-arkiv-1-768x464.jpg 768w, https:\/\/www.kristinestadshistoria.fi\/wp-content\/uploads\/2024\/09\/Hogasen-foto-Ines-Hyvonen-Utters-arkiv-1-1536x928.jpg 1536w, https:\/\/www.kristinestadshistoria.fi\/wp-content\/uploads\/2024\/09\/Hogasen-foto-Ines-Hyvonen-Utters-arkiv-1-2048x1237.jpg 2048w\" sizes=\"auto, (max-width: 2385px) 100vw, 2385px\" \/><figcaption id=\"caption-attachment-29113\" class=\"wp-caption-text\">110. H\u00f6g\u00e5sens sanatoriebyggnaden fotograferad av Ines Hyv\u00f6nen. Fotot fr\u00e5n Kristinestads lokalhistoriska arkiv, Alvar Utters privatarkiv.<\/figcaption><\/figure>\n<figure id=\"attachment_29114\" aria-describedby=\"caption-attachment-29114\" style=\"width: 1766px\" class=\"wp-caption alignnone\"><img loading=\"lazy\" decoding=\"async\" class=\"size-full wp-image-29114\" src=\"https:\/\/www.kristinestadshistoria.fi\/wp-content\/uploads\/2024\/09\/Hogasen-foto-Ines-Hyvonen-Utters-arkiv-2.jpg\" alt=\"\" width=\"1766\" height=\"1311\" srcset=\"https:\/\/www.kristinestadshistoria.fi\/wp-content\/uploads\/2024\/09\/Hogasen-foto-Ines-Hyvonen-Utters-arkiv-2.jpg 1766w, https:\/\/www.kristinestadshistoria.fi\/wp-content\/uploads\/2024\/09\/Hogasen-foto-Ines-Hyvonen-Utters-arkiv-2-300x223.jpg 300w, https:\/\/www.kristinestadshistoria.fi\/wp-content\/uploads\/2024\/09\/Hogasen-foto-Ines-Hyvonen-Utters-arkiv-2-1024x760.jpg 1024w, https:\/\/www.kristinestadshistoria.fi\/wp-content\/uploads\/2024\/09\/Hogasen-foto-Ines-Hyvonen-Utters-arkiv-2-768x570.jpg 768w, https:\/\/www.kristinestadshistoria.fi\/wp-content\/uploads\/2024\/09\/Hogasen-foto-Ines-Hyvonen-Utters-arkiv-2-1536x1140.jpg 1536w\" sizes=\"auto, (max-width: 1766px) 100vw, 1766px\" \/><figcaption id=\"caption-attachment-29114\" class=\"wp-caption-text\">111. De \u00f6ppna sovsalarna p\u00e5 H\u00f6g\u00e5sens sanatorium fotograferade av Ines Hyv\u00f6nen. Fotot fr\u00e5n Kristinestads lokalhistoriska arkiv, Alvar Utters privatarkiv.<\/figcaption><\/figure>\n<figure id=\"attachment_29119\" aria-describedby=\"caption-attachment-29119\" style=\"width: 2000px\" class=\"wp-caption alignnone\"><img loading=\"lazy\" decoding=\"async\" class=\"size-full wp-image-29119\" src=\"https:\/\/www.kristinestadshistoria.fi\/wp-content\/uploads\/2024\/09\/111-Neptun-gar-av-stapeln_C3_96TA_146_ota146_foto_290.jpg\" alt=\"\" width=\"2000\" height=\"1199\" srcset=\"https:\/\/www.kristinestadshistoria.fi\/wp-content\/uploads\/2024\/09\/111-Neptun-gar-av-stapeln_C3_96TA_146_ota146_foto_290.jpg 2000w, https:\/\/www.kristinestadshistoria.fi\/wp-content\/uploads\/2024\/09\/111-Neptun-gar-av-stapeln_C3_96TA_146_ota146_foto_290-300x180.jpg 300w, https:\/\/www.kristinestadshistoria.fi\/wp-content\/uploads\/2024\/09\/111-Neptun-gar-av-stapeln_C3_96TA_146_ota146_foto_290-1024x614.jpg 1024w, https:\/\/www.kristinestadshistoria.fi\/wp-content\/uploads\/2024\/09\/111-Neptun-gar-av-stapeln_C3_96TA_146_ota146_foto_290-768x460.jpg 768w, https:\/\/www.kristinestadshistoria.fi\/wp-content\/uploads\/2024\/09\/111-Neptun-gar-av-stapeln_C3_96TA_146_ota146_foto_290-1536x921.jpg 1536w\" sizes=\"auto, (max-width: 2000px) 100vw, 2000px\" \/><figcaption id=\"caption-attachment-29119\" class=\"wp-caption-text\">112. Den 30 juli 1918 sj\u00f6sattes den f\u00f6rsta motorseglaren, som fick namnet Neptun I. Den byggdes p\u00e5 Varvsbacken och det var en stor h\u00e4ndelse eftersom det senaste fartyget gick av stapeln vid Varvet \u00e5r 1875. En kort tid senare sj\u00f6sattes ocks\u00e5 det andra fartyget, Neptun II.<\/figcaption><\/figure>\n<figure id=\"attachment_29120\" aria-describedby=\"caption-attachment-29120\" style=\"width: 1199px\" class=\"wp-caption alignnone\"><img loading=\"lazy\" decoding=\"async\" class=\"size-full wp-image-29120\" src=\"https:\/\/www.kristinestadshistoria.fi\/wp-content\/uploads\/2024\/09\/113-Gulf-station-Aarno-Pullola-Utter.jpg\" alt=\"\" width=\"1199\" height=\"985\" srcset=\"https:\/\/www.kristinestadshistoria.fi\/wp-content\/uploads\/2024\/09\/113-Gulf-station-Aarno-Pullola-Utter.jpg 1199w, https:\/\/www.kristinestadshistoria.fi\/wp-content\/uploads\/2024\/09\/113-Gulf-station-Aarno-Pullola-Utter-300x246.jpg 300w, https:\/\/www.kristinestadshistoria.fi\/wp-content\/uploads\/2024\/09\/113-Gulf-station-Aarno-Pullola-Utter-1024x841.jpg 1024w, https:\/\/www.kristinestadshistoria.fi\/wp-content\/uploads\/2024\/09\/113-Gulf-station-Aarno-Pullola-Utter-768x631.jpg 768w\" sizes=\"auto, (max-width: 1199px) 100vw, 1199px\" \/><figcaption id=\"caption-attachment-29120\" class=\"wp-caption-text\">113. Aff\u00e4rsmannen Aarno Pullola byggde denna servicestation p\u00e5 \u00d6stra sidan och den kunde invigas den 15 juli 1966. Fotot fr\u00e5n Kristinestads lokalhistoriska arkiv, Alvar Utters privatarkiv.<\/figcaption><\/figure>\n<figure id=\"attachment_29088\" aria-describedby=\"caption-attachment-29088\" style=\"width: 1261px\" class=\"wp-caption alignnone\"><img loading=\"lazy\" decoding=\"async\" class=\"size-full wp-image-29088\" src=\"https:\/\/www.kristinestadshistoria.fi\/wp-content\/uploads\/2024\/09\/IMG_0520.jpg\" alt=\"\" width=\"1261\" height=\"780\" srcset=\"https:\/\/www.kristinestadshistoria.fi\/wp-content\/uploads\/2024\/09\/IMG_0520.jpg 1261w, https:\/\/www.kristinestadshistoria.fi\/wp-content\/uploads\/2024\/09\/IMG_0520-300x186.jpg 300w, https:\/\/www.kristinestadshistoria.fi\/wp-content\/uploads\/2024\/09\/IMG_0520-1024x633.jpg 1024w, https:\/\/www.kristinestadshistoria.fi\/wp-content\/uploads\/2024\/09\/IMG_0520-768x475.jpg 768w\" sizes=\"auto, (max-width: 1261px) 100vw, 1261px\" \/><figcaption id=\"caption-attachment-29088\" class=\"wp-caption-text\">114. Vilho Parmanen var en driftig man, som utr\u00e4ttade mycket i staden och han var en f\u00f6reg\u00e5ngarna p\u00e5 m\u00e5nga s\u00e4tt. \u00c5r 1868 \u00f6ppnade han en aff\u00e4r p\u00e5 \u00d6stra L\u00e5nggatan vid torget, 1871 startade han en privat finsk skola i staden, 1879 grundade han en finska tidning &#8221;Ahti, aaltojen kuningas&#8221; och grundare till Kansallisseura, som byggde det nuvarande Kulturhuset DUX. Fotot fr\u00e5n Kristinestads lokalhistoriska arkiv, Alvar Utters privatarkiv.<\/figcaption><\/figure>\n<figure id=\"attachment_29127\" aria-describedby=\"caption-attachment-29127\" style=\"width: 2560px\" class=\"wp-caption alignnone\"><img loading=\"lazy\" decoding=\"async\" class=\"size-full wp-image-29127\" src=\"https:\/\/www.kristinestadshistoria.fi\/wp-content\/uploads\/2024\/09\/Kilpihuset-SLS-scaled.jpg\" alt=\"\" width=\"2560\" height=\"1805\" srcset=\"https:\/\/www.kristinestadshistoria.fi\/wp-content\/uploads\/2024\/09\/Kilpihuset-SLS-scaled.jpg 2560w, https:\/\/www.kristinestadshistoria.fi\/wp-content\/uploads\/2024\/09\/Kilpihuset-SLS-300x212.jpg 300w, https:\/\/www.kristinestadshistoria.fi\/wp-content\/uploads\/2024\/09\/Kilpihuset-SLS-1024x722.jpg 1024w, https:\/\/www.kristinestadshistoria.fi\/wp-content\/uploads\/2024\/09\/Kilpihuset-SLS-768x542.jpg 768w, https:\/\/www.kristinestadshistoria.fi\/wp-content\/uploads\/2024\/09\/Kilpihuset-SLS-1536x1083.jpg 1536w, https:\/\/www.kristinestadshistoria.fi\/wp-content\/uploads\/2024\/09\/Kilpihuset-SLS-2048x1444.jpg 2048w\" sizes=\"auto, (max-width: 2560px) 100vw, 2560px\" \/><figcaption id=\"caption-attachment-29127\" class=\"wp-caption-text\">115. \u00c5r 1913 uppf\u00f6rde \u00e4nkan Augusta Nordlund det f\u00f6rsta bostadshuset p\u00e5 \u00d6stra sidan och d\u00e4r fanns flera l\u00e4genheter f\u00f6r uthyrning. En del av virket togs fr\u00e5n hennes halvf\u00e4rdiga villabygge p\u00e5 Gransk\u00e4r. M\u00e5gen Birger Blomqvist stod f\u00f6r sj\u00e4lva byggandet. Platsen var v\u00e4l vald eftersom den nya j\u00e4rnv\u00e4gsstationen l\u00e5g i n\u00e4rheten, liksom den nya v\u00e4gdragningen till Lappfj\u00e4rd, som syns till v\u00e4nster i bild. Mannen med uniform i grinden till J\u00e4rnv\u00e4gsgatan ser ut att arbeta vid j\u00e4rnv\u00e4gen. Fotot fr\u00e5n SLS:s samlingar.<\/figcaption><\/figure>\n<figure id=\"attachment_29330\" aria-describedby=\"caption-attachment-29330\" style=\"width: 1371px\" class=\"wp-caption alignnone\"><img loading=\"lazy\" decoding=\"async\" class=\"size-full wp-image-29330\" src=\"https:\/\/www.kristinestadshistoria.fi\/wp-content\/uploads\/2024\/12\/IMG_3898.jpg\" alt=\"\" width=\"1371\" height=\"2145\" srcset=\"https:\/\/www.kristinestadshistoria.fi\/wp-content\/uploads\/2024\/12\/IMG_3898.jpg 1371w, https:\/\/www.kristinestadshistoria.fi\/wp-content\/uploads\/2024\/12\/IMG_3898-192x300.jpg 192w, https:\/\/www.kristinestadshistoria.fi\/wp-content\/uploads\/2024\/12\/IMG_3898-655x1024.jpg 655w, https:\/\/www.kristinestadshistoria.fi\/wp-content\/uploads\/2024\/12\/IMG_3898-768x1202.jpg 768w, https:\/\/www.kristinestadshistoria.fi\/wp-content\/uploads\/2024\/12\/IMG_3898-982x1536.jpg 982w, https:\/\/www.kristinestadshistoria.fi\/wp-content\/uploads\/2024\/12\/IMG_3898-1309x2048.jpg 1309w\" sizes=\"auto, (max-width: 1371px) 100vw, 1371px\" \/><figcaption id=\"caption-attachment-29330\" class=\"wp-caption-text\">116. Fr\u00e4lsningsarm\u00e9ns g\u00e5rd p\u00e5 V\u00e4stra L\u00e5nggatan 23 fotograferad i b\u00f6rjan av 1920-talet. Fotot utl\u00e5nat av Juhani Saari.<\/figcaption><\/figure>\n<figure id=\"attachment_29346\" aria-describedby=\"caption-attachment-29346\" style=\"width: 1688px\" class=\"wp-caption alignnone\"><img loading=\"lazy\" decoding=\"async\" class=\"size-full wp-image-29346\" src=\"https:\/\/www.kristinestadshistoria.fi\/wp-content\/uploads\/2024\/12\/Foto-1900-1904.jpg\" alt=\"\" width=\"1688\" height=\"1103\" srcset=\"https:\/\/www.kristinestadshistoria.fi\/wp-content\/uploads\/2024\/12\/Foto-1900-1904.jpg 1688w, https:\/\/www.kristinestadshistoria.fi\/wp-content\/uploads\/2024\/12\/Foto-1900-1904-300x196.jpg 300w, https:\/\/www.kristinestadshistoria.fi\/wp-content\/uploads\/2024\/12\/Foto-1900-1904-1024x669.jpg 1024w, https:\/\/www.kristinestadshistoria.fi\/wp-content\/uploads\/2024\/12\/Foto-1900-1904-768x502.jpg 768w, https:\/\/www.kristinestadshistoria.fi\/wp-content\/uploads\/2024\/12\/Foto-1900-1904-1536x1004.jpg 1536w\" sizes=\"auto, (max-width: 1688px) 100vw, 1688px\" \/><figcaption id=\"caption-attachment-29346\" class=\"wp-caption-text\">117. Fotot som \u00e4r l\u00e5nat av Weckstr\u00f6m \u00e4r taget efter \u00e5r 1900 eftersom det finns elstolpar l\u00e4ngs med Strandgatan men f\u00f6re renoveringen 1904. Det var ju det \u00e5ret d\u00e5 Norra barnhemmet till h\u00f6ger fick ny stenfot och br\u00e4dfodring. Verandan p\u00e5 g\u00e5rdssidan byggdes ocks\u00e5 in och barnhemmet fick d\u00e5 mera utrymme.<\/figcaption><\/figure>\n<figure id=\"attachment_29379\" aria-describedby=\"caption-attachment-29379\" style=\"width: 1920px\" class=\"wp-caption alignnone\"><img loading=\"lazy\" decoding=\"async\" class=\"size-full wp-image-29379\" src=\"https:\/\/www.kristinestadshistoria.fi\/wp-content\/uploads\/2024\/12\/Stadsvy-2-1971.jpg\" alt=\"\" width=\"1920\" height=\"920\" srcset=\"https:\/\/www.kristinestadshistoria.fi\/wp-content\/uploads\/2024\/12\/Stadsvy-2-1971.jpg 1920w, https:\/\/www.kristinestadshistoria.fi\/wp-content\/uploads\/2024\/12\/Stadsvy-2-1971-300x144.jpg 300w, https:\/\/www.kristinestadshistoria.fi\/wp-content\/uploads\/2024\/12\/Stadsvy-2-1971-1024x491.jpg 1024w, https:\/\/www.kristinestadshistoria.fi\/wp-content\/uploads\/2024\/12\/Stadsvy-2-1971-768x368.jpg 768w, https:\/\/www.kristinestadshistoria.fi\/wp-content\/uploads\/2024\/12\/Stadsvy-2-1971-1536x736.jpg 1536w\" sizes=\"auto, (max-width: 1920px) 100vw, 1920px\" \/><figcaption id=\"caption-attachment-29379\" class=\"wp-caption-text\">118. P\u00e5 H\u00e5kan Str\u00f6ms foto fr\u00e5n 1971 av Stenbron syns en del av Kesoilstationen till h\u00f6ger. Det var ju Aarno Pullola som uppf\u00f6rde stationen \u00e5r 1966 och drev den under namnet Gulf. Redan f\u00f6ljande \u00e5r s\u00e5lde han stationen \u00e5t Kesoil och verksamheten sk\u00f6ttes av Ab Erickson &amp; Co fram till \u00e5r 1970 d\u00e5 Veikko Ylikoski tog \u00f6ver sk\u00f6tseln.<\/figcaption><\/figure>\n<figure id=\"attachment_29436\" aria-describedby=\"caption-attachment-29436\" style=\"width: 1693px\" class=\"wp-caption alignnone\"><img loading=\"lazy\" decoding=\"async\" class=\"size-full wp-image-29436\" src=\"https:\/\/www.kristinestadshistoria.fi\/wp-content\/uploads\/2024\/12\/Fran-vindsfonstret-1981.jpg\" alt=\"\" width=\"1693\" height=\"1553\" srcset=\"https:\/\/www.kristinestadshistoria.fi\/wp-content\/uploads\/2024\/12\/Fran-vindsfonstret-1981.jpg 1693w, https:\/\/www.kristinestadshistoria.fi\/wp-content\/uploads\/2024\/12\/Fran-vindsfonstret-1981-300x275.jpg 300w, https:\/\/www.kristinestadshistoria.fi\/wp-content\/uploads\/2024\/12\/Fran-vindsfonstret-1981-1024x939.jpg 1024w, https:\/\/www.kristinestadshistoria.fi\/wp-content\/uploads\/2024\/12\/Fran-vindsfonstret-1981-768x704.jpg 768w, https:\/\/www.kristinestadshistoria.fi\/wp-content\/uploads\/2024\/12\/Fran-vindsfonstret-1981-1536x1409.jpg 1536w\" sizes=\"auto, (max-width: 1693px) 100vw, 1693px\" \/><figcaption id=\"caption-attachment-29436\" class=\"wp-caption-text\">119. Teuvo Kanervas foto taget fr\u00e5n vindsf\u00f6nstret i Forsstr\u00f6ms g\u00e5rd p\u00e5 Staketgatan 24, \u00e5r 1981.<\/figcaption><\/figure>\n<figure id=\"attachment_29437\" aria-describedby=\"caption-attachment-29437\" style=\"width: 2262px\" class=\"wp-caption alignnone\"><img loading=\"lazy\" decoding=\"async\" class=\"size-full wp-image-29437\" src=\"https:\/\/www.kristinestadshistoria.fi\/wp-content\/uploads\/2024\/12\/museovirasto.6CD47FA70202A8A3D3C75762F2817197-0-original.jpg\" alt=\"\" width=\"2262\" height=\"1845\" srcset=\"https:\/\/www.kristinestadshistoria.fi\/wp-content\/uploads\/2024\/12\/museovirasto.6CD47FA70202A8A3D3C75762F2817197-0-original.jpg 2262w, https:\/\/www.kristinestadshistoria.fi\/wp-content\/uploads\/2024\/12\/museovirasto.6CD47FA70202A8A3D3C75762F2817197-0-original-300x245.jpg 300w, https:\/\/www.kristinestadshistoria.fi\/wp-content\/uploads\/2024\/12\/museovirasto.6CD47FA70202A8A3D3C75762F2817197-0-original-1024x835.jpg 1024w, https:\/\/www.kristinestadshistoria.fi\/wp-content\/uploads\/2024\/12\/museovirasto.6CD47FA70202A8A3D3C75762F2817197-0-original-768x626.jpg 768w, https:\/\/www.kristinestadshistoria.fi\/wp-content\/uploads\/2024\/12\/museovirasto.6CD47FA70202A8A3D3C75762F2817197-0-original-1536x1253.jpg 1536w, https:\/\/www.kristinestadshistoria.fi\/wp-content\/uploads\/2024\/12\/museovirasto.6CD47FA70202A8A3D3C75762F2817197-0-original-2048x1670.jpg 2048w\" sizes=\"auto, (max-width: 2262px) 100vw, 2262px\" \/><figcaption id=\"caption-attachment-29437\" class=\"wp-caption-text\">120. Teuvo Kanervas foto fr\u00e5n taket p\u00e5 Kesoil i b\u00f6rjan av \u00e5r 1981. Sundstr\u00f6mska g\u00e5rden finns fortfarande kvar och den f\u00f6rst\u00f6rdes i mars 1981 men F\u00f6reningsbankens nybygge syns i h\u00f6gra kanten och den togs i bruk 1981. Fotot fr\u00e5n museiverket.<\/figcaption><\/figure>\n<figure id=\"attachment_29438\" aria-describedby=\"caption-attachment-29438\" style=\"width: 1400px\" class=\"wp-caption alignnone\"><img loading=\"lazy\" decoding=\"async\" class=\"size-full wp-image-29438\" src=\"https:\/\/www.kristinestadshistoria.fi\/wp-content\/uploads\/2024\/12\/Ole-Mattila_C3_96TA_112_ota112-14_foto_01002-av-Rafael-Olin.jpg\" alt=\"\" width=\"1400\" height=\"1324\" srcset=\"https:\/\/www.kristinestadshistoria.fi\/wp-content\/uploads\/2024\/12\/Ole-Mattila_C3_96TA_112_ota112-14_foto_01002-av-Rafael-Olin.jpg 1400w, https:\/\/www.kristinestadshistoria.fi\/wp-content\/uploads\/2024\/12\/Ole-Mattila_C3_96TA_112_ota112-14_foto_01002-av-Rafael-Olin-300x284.jpg 300w, https:\/\/www.kristinestadshistoria.fi\/wp-content\/uploads\/2024\/12\/Ole-Mattila_C3_96TA_112_ota112-14_foto_01002-av-Rafael-Olin-1024x968.jpg 1024w, https:\/\/www.kristinestadshistoria.fi\/wp-content\/uploads\/2024\/12\/Ole-Mattila_C3_96TA_112_ota112-14_foto_01002-av-Rafael-Olin-768x726.jpg 768w\" sizes=\"auto, (max-width: 1400px) 100vw, 1400px\" \/><figcaption id=\"caption-attachment-29438\" class=\"wp-caption-text\">121. Ole Mattila st\u00e5r framf\u00f6r knackkorvhandlarens bord under kyndelsm\u00e4ssmarknaden. Fotot taget av Rafael Olin finns i SLS:s arkiv.<\/figcaption><\/figure>\n<figure id=\"attachment_29504\" aria-describedby=\"caption-attachment-29504\" style=\"width: 1240px\" class=\"wp-caption alignnone\"><img loading=\"lazy\" decoding=\"async\" class=\"size-full wp-image-29504\" src=\"https:\/\/www.kristinestadshistoria.fi\/wp-content\/uploads\/2025\/02\/Flygmaskin-stortad.jpg\" alt=\"\" width=\"1240\" height=\"1801\" srcset=\"https:\/\/www.kristinestadshistoria.fi\/wp-content\/uploads\/2025\/02\/Flygmaskin-stortad.jpg 1240w, https:\/\/www.kristinestadshistoria.fi\/wp-content\/uploads\/2025\/02\/Flygmaskin-stortad-207x300.jpg 207w, https:\/\/www.kristinestadshistoria.fi\/wp-content\/uploads\/2025\/02\/Flygmaskin-stortad-705x1024.jpg 705w, https:\/\/www.kristinestadshistoria.fi\/wp-content\/uploads\/2025\/02\/Flygmaskin-stortad-768x1115.jpg 768w, https:\/\/www.kristinestadshistoria.fi\/wp-content\/uploads\/2025\/02\/Flygmaskin-stortad-1058x1536.jpg 1058w\" sizes=\"auto, (max-width: 1240px) 100vw, 1240px\" \/><figcaption id=\"caption-attachment-29504\" class=\"wp-caption-text\">122. Flygolycka i Kristinestad.<\/figcaption><\/figure>\n<figure id=\"attachment_30656\" aria-describedby=\"caption-attachment-30656\" style=\"width: 2048px\" class=\"wp-caption alignnone\"><img loading=\"lazy\" decoding=\"async\" class=\"size-full wp-image-30656\" src=\"https:\/\/www.kristinestadshistoria.fi\/wp-content\/uploads\/2026\/02\/Ulrika-Eleonorakyrkan-som-vykort-Christer-Lamminpaa.jpg\" alt=\"\" width=\"2048\" height=\"1320\" srcset=\"https:\/\/www.kristinestadshistoria.fi\/wp-content\/uploads\/2026\/02\/Ulrika-Eleonorakyrkan-som-vykort-Christer-Lamminpaa.jpg 2048w, https:\/\/www.kristinestadshistoria.fi\/wp-content\/uploads\/2026\/02\/Ulrika-Eleonorakyrkan-som-vykort-Christer-Lamminpaa-300x193.jpg 300w, https:\/\/www.kristinestadshistoria.fi\/wp-content\/uploads\/2026\/02\/Ulrika-Eleonorakyrkan-som-vykort-Christer-Lamminpaa-1024x660.jpg 1024w, https:\/\/www.kristinestadshistoria.fi\/wp-content\/uploads\/2026\/02\/Ulrika-Eleonorakyrkan-som-vykort-Christer-Lamminpaa-768x495.jpg 768w, https:\/\/www.kristinestadshistoria.fi\/wp-content\/uploads\/2026\/02\/Ulrika-Eleonorakyrkan-som-vykort-Christer-Lamminpaa-1536x990.jpg 1536w\" sizes=\"auto, (max-width: 2048px) 100vw, 2048px\" \/><figcaption id=\"caption-attachment-30656\" class=\"wp-caption-text\">123. Porten p\u00e5 v\u00e4gen till N\u00e4rpes i b\u00f6rjan av 1900-talet. Fotot \u00e4r taget av Ina Roos och det \u00e4r postst\u00e4mplat 1909. Postkortet utl\u00e5nat av Christer Lamminp\u00e4\u00e4.<\/figcaption><\/figure>\n<figure id=\"attachment_30644\" aria-describedby=\"caption-attachment-30644\" style=\"width: 2560px\" class=\"wp-caption alignnone\"><img loading=\"lazy\" decoding=\"async\" class=\"size-full wp-image-30644\" src=\"https:\/\/www.kristinestadshistoria.fi\/wp-content\/uploads\/2026\/02\/Kyrkogatan-Christer-Lamminpaa-scaled.jpg\" alt=\"\" width=\"2560\" height=\"1589\" srcset=\"https:\/\/www.kristinestadshistoria.fi\/wp-content\/uploads\/2026\/02\/Kyrkogatan-Christer-Lamminpaa-scaled.jpg 2560w, https:\/\/www.kristinestadshistoria.fi\/wp-content\/uploads\/2026\/02\/Kyrkogatan-Christer-Lamminpaa-300x186.jpg 300w, https:\/\/www.kristinestadshistoria.fi\/wp-content\/uploads\/2026\/02\/Kyrkogatan-Christer-Lamminpaa-1024x636.jpg 1024w, https:\/\/www.kristinestadshistoria.fi\/wp-content\/uploads\/2026\/02\/Kyrkogatan-Christer-Lamminpaa-768x477.jpg 768w, https:\/\/www.kristinestadshistoria.fi\/wp-content\/uploads\/2026\/02\/Kyrkogatan-Christer-Lamminpaa-1536x953.jpg 1536w, https:\/\/www.kristinestadshistoria.fi\/wp-content\/uploads\/2026\/02\/Kyrkogatan-Christer-Lamminpaa-2048x1271.jpg 2048w\" sizes=\"auto, (max-width: 2560px) 100vw, 2560px\" \/><figcaption id=\"caption-attachment-30644\" class=\"wp-caption-text\">124. Postkort daterat 1912 med Kyrkogatan, Ulrika Eleonorakyrkan och Starckes g\u00e5rd till h\u00f6ger. Kortet l\u00e5nat av Christer Lamminp\u00e4\u00e4.<\/figcaption><\/figure>\n<figure id=\"attachment_30748\" aria-describedby=\"caption-attachment-30748\" style=\"width: 2159px\" class=\"wp-caption alignnone\"><img loading=\"lazy\" decoding=\"async\" class=\"size-full wp-image-30748\" src=\"https:\/\/www.kristinestadshistoria.fi\/wp-content\/uploads\/2026\/03\/Salutorget-1897.jpg\" alt=\"\" width=\"2159\" height=\"1507\" srcset=\"https:\/\/www.kristinestadshistoria.fi\/wp-content\/uploads\/2026\/03\/Salutorget-1897.jpg 2159w, https:\/\/www.kristinestadshistoria.fi\/wp-content\/uploads\/2026\/03\/Salutorget-1897-300x209.jpg 300w, https:\/\/www.kristinestadshistoria.fi\/wp-content\/uploads\/2026\/03\/Salutorget-1897-1024x715.jpg 1024w, https:\/\/www.kristinestadshistoria.fi\/wp-content\/uploads\/2026\/03\/Salutorget-1897-768x536.jpg 768w, https:\/\/www.kristinestadshistoria.fi\/wp-content\/uploads\/2026\/03\/Salutorget-1897-1536x1072.jpg 1536w, https:\/\/www.kristinestadshistoria.fi\/wp-content\/uploads\/2026\/03\/Salutorget-1897-2048x1430.jpg 2048w\" sizes=\"auto, (max-width: 2159px) 100vw, 2159px\" \/><figcaption id=\"caption-attachment-30748\" class=\"wp-caption-text\">125. Marknad i Kristinestad \u00e5r 1897 eller kanske det bara \u00e4r en livligare torgdag. H\u00e4r syns det bra att det endast \u00e4r den \u00e4ldre, \u00f6vre delen av torget som \u00e4r stenlagt medan den nedre delen ser ut som en grusplan.<\/figcaption><\/figure>\n<figure id=\"attachment_30835\" aria-describedby=\"caption-attachment-30835\" style=\"width: 1781px\" class=\"wp-caption alignnone\"><img loading=\"lazy\" decoding=\"async\" class=\"size-full wp-image-30835\" src=\"https:\/\/www.kristinestadshistoria.fi\/wp-content\/uploads\/2026\/04\/ota146_foto_156-Kristinestads-Idrottsforenings-aktiva.jpg\" alt=\"\" width=\"1781\" height=\"1165\" srcset=\"https:\/\/www.kristinestadshistoria.fi\/wp-content\/uploads\/2026\/04\/ota146_foto_156-Kristinestads-Idrottsforenings-aktiva.jpg 1781w, https:\/\/www.kristinestadshistoria.fi\/wp-content\/uploads\/2026\/04\/ota146_foto_156-Kristinestads-Idrottsforenings-aktiva-300x196.jpg 300w, https:\/\/www.kristinestadshistoria.fi\/wp-content\/uploads\/2026\/04\/ota146_foto_156-Kristinestads-Idrottsforenings-aktiva-1024x670.jpg 1024w, https:\/\/www.kristinestadshistoria.fi\/wp-content\/uploads\/2026\/04\/ota146_foto_156-Kristinestads-Idrottsforenings-aktiva-768x502.jpg 768w, https:\/\/www.kristinestadshistoria.fi\/wp-content\/uploads\/2026\/04\/ota146_foto_156-Kristinestads-Idrottsforenings-aktiva-1536x1005.jpg 1536w\" sizes=\"auto, (max-width: 1781px) 100vw, 1781px\" \/><figcaption id=\"caption-attachment-30835\" class=\"wp-caption-text\">126. Aktiva medlemmar i Kristinestads idrottsf\u00f6rening p\u00e5 1920-talet. Fr\u00e5n v\u00e4nster: Levi R\u00f6nnberg, Ossian Aro, Einar St\u00e5hle, Levi Saari, Tjalfe Dahl, Erik Nystr\u00f6m, Yngve Dahl, Knut Forsstr\u00f6m, Martin Slotte, Ludvig Steiner, Edvard Nystr\u00f6m, Birger Sundqvist, Waldemar Westerback, Harald Sandlund och Ture Dahl. Fotot fr\u00e5n SLS:s arkiv.<\/figcaption><\/figure>\n<p>Om du vill se f\u00f6reg\u00e5ende fotoalbum, s\u00e5 skall du klicka <a href=\"https:\/\/www.kristinestadshistoria.fi\/?page_id=26823\"><span style=\"color: #000080;\"><strong>H\u00c4R!<\/strong><\/span><\/a><\/p>\n","protected":false},"excerpt":{"rendered":"<p>Samling 3, blandade fotografier 101-150 Om du vill se f\u00f6reg\u00e5ende fotoalbum, s\u00e5 skall du klicka H\u00c4R!<\/p>\n","protected":false},"author":1,"featured_media":0,"parent":21390,"menu_order":3,"comment_status":"closed","ping_status":"closed","template":"","meta":{"footnotes":""},"class_list":["post-28970","page","type-page","status-publish","hentry"],"_links":{"self":[{"href":"https:\/\/www.kristinestadshistoria.fi\/index.php?rest_route=\/wp\/v2\/pages\/28970","targetHints":{"allow":["GET"]}}],"collection":[{"href":"https:\/\/www.kristinestadshistoria.fi\/index.php?rest_route=\/wp\/v2\/pages"}],"about":[{"href":"https:\/\/www.kristinestadshistoria.fi\/index.php?rest_route=\/wp\/v2\/types\/page"}],"author":[{"embeddable":true,"href":"https:\/\/www.kristinestadshistoria.fi\/index.php?rest_route=\/wp\/v2\/users\/1"}],"replies":[{"embeddable":true,"href":"https:\/\/www.kristinestadshistoria.fi\/index.php?rest_route=%2Fwp%2Fv2%2Fcomments&post=28970"}],"version-history":[{"count":17,"href":"https:\/\/www.kristinestadshistoria.fi\/index.php?rest_route=\/wp\/v2\/pages\/28970\/revisions"}],"predecessor-version":[{"id":30836,"href":"https:\/\/www.kristinestadshistoria.fi\/index.php?rest_route=\/wp\/v2\/pages\/28970\/revisions\/30836"}],"up":[{"embeddable":true,"href":"https:\/\/www.kristinestadshistoria.fi\/index.php?rest_route=\/wp\/v2\/pages\/21390"}],"wp:attachment":[{"href":"https:\/\/www.kristinestadshistoria.fi\/index.php?rest_route=%2Fwp%2Fv2%2Fmedia&parent=28970"}],"curies":[{"name":"wp","href":"https:\/\/api.w.org\/{rel}","templated":true}]}}