{"id":28396,"date":"2024-06-17T17:05:00","date_gmt":"2024-06-17T14:05:00","guid":{"rendered":"https:\/\/www.kristinestadshistoria.fi\/?page_id=28396"},"modified":"2026-04-12T09:22:45","modified_gmt":"2026-04-12T06:22:45","slug":"salutorget","status":"publish","type":"page","link":"https:\/\/www.kristinestadshistoria.fi\/?page_id=28396","title":{"rendered":"Salutorget"},"content":{"rendered":"<figure id=\"attachment_28460\" aria-describedby=\"caption-attachment-28460\" style=\"width: 1229px\" class=\"wp-caption alignnone\"><img loading=\"lazy\" decoding=\"async\" class=\"size-full wp-image-28460\" src=\"https:\/\/www.kristinestadshistoria.fi\/wp-content\/uploads\/2024\/06\/Torget-augusti-1980.jpg\" alt=\"\" width=\"1229\" height=\"820\" srcset=\"https:\/\/www.kristinestadshistoria.fi\/wp-content\/uploads\/2024\/06\/Torget-augusti-1980.jpg 1229w, https:\/\/www.kristinestadshistoria.fi\/wp-content\/uploads\/2024\/06\/Torget-augusti-1980-300x200.jpg 300w, https:\/\/www.kristinestadshistoria.fi\/wp-content\/uploads\/2024\/06\/Torget-augusti-1980-1024x683.jpg 1024w, https:\/\/www.kristinestadshistoria.fi\/wp-content\/uploads\/2024\/06\/Torget-augusti-1980-768x512.jpg 768w\" sizes=\"auto, (max-width: 1229px) 100vw, 1229px\" \/><figcaption id=\"caption-attachment-28460\" class=\"wp-caption-text\">S\u00e5 h\u00e4r \u00f6dsligt kunde Salutorget i Kristinestad vara en sen eftermiddag i augusti 1980, d\u00e5 H\u00e5kan Str\u00f6m r\u00f6rde sig med kameran i staden.<\/figcaption><\/figure>\n<figure id=\"attachment_27199\" aria-describedby=\"caption-attachment-27199\" style=\"width: 1876px\" class=\"wp-caption alignnone\"><img loading=\"lazy\" decoding=\"async\" class=\"size-full wp-image-27199\" src=\"https:\/\/www.kristinestadshistoria.fi\/wp-content\/uploads\/2023\/09\/Torgdag-eller-marknad-i-Kristinestad.jpg\" alt=\"\" width=\"1876\" height=\"951\" srcset=\"https:\/\/www.kristinestadshistoria.fi\/wp-content\/uploads\/2023\/09\/Torgdag-eller-marknad-i-Kristinestad.jpg 1876w, https:\/\/www.kristinestadshistoria.fi\/wp-content\/uploads\/2023\/09\/Torgdag-eller-marknad-i-Kristinestad-300x152.jpg 300w, https:\/\/www.kristinestadshistoria.fi\/wp-content\/uploads\/2023\/09\/Torgdag-eller-marknad-i-Kristinestad-1024x519.jpg 1024w, https:\/\/www.kristinestadshistoria.fi\/wp-content\/uploads\/2023\/09\/Torgdag-eller-marknad-i-Kristinestad-768x389.jpg 768w, https:\/\/www.kristinestadshistoria.fi\/wp-content\/uploads\/2023\/09\/Torgdag-eller-marknad-i-Kristinestad-1536x779.jpg 1536w\" sizes=\"auto, (max-width: 1876px) 100vw, 1876px\" \/><figcaption id=\"caption-attachment-27199\" class=\"wp-caption-text\">En stor del av handeln i staden skedde f\u00f6rr p\u00e5 Salutorget, d\u00e5 b\u00f6nderna fr\u00e5n landsbygden kom in till staden f\u00f6r att s\u00e4lja sina produkter. Deras h\u00e4star st\u00e5r sn\u00e4llt och v\u00e4ntar p\u00e5 torgets norra sida. Fotot \u00e4r taget omkring 1925 och det finns i samlingarna p\u00e5 stadens museum Carlsro.<\/figcaption><\/figure>\n<figure id=\"attachment_28413\" aria-describedby=\"caption-attachment-28413\" style=\"width: 2089px\" class=\"wp-caption alignnone\"><img loading=\"lazy\" decoding=\"async\" class=\"size-full wp-image-28413\" src=\"https:\/\/www.kristinestadshistoria.fi\/wp-content\/uploads\/2024\/06\/IMG_9763.jpg\" alt=\"\" width=\"2089\" height=\"1287\" srcset=\"https:\/\/www.kristinestadshistoria.fi\/wp-content\/uploads\/2024\/06\/IMG_9763.jpg 2089w, https:\/\/www.kristinestadshistoria.fi\/wp-content\/uploads\/2024\/06\/IMG_9763-300x185.jpg 300w, https:\/\/www.kristinestadshistoria.fi\/wp-content\/uploads\/2024\/06\/IMG_9763-1024x631.jpg 1024w, https:\/\/www.kristinestadshistoria.fi\/wp-content\/uploads\/2024\/06\/IMG_9763-768x473.jpg 768w, https:\/\/www.kristinestadshistoria.fi\/wp-content\/uploads\/2024\/06\/IMG_9763-1536x946.jpg 1536w, https:\/\/www.kristinestadshistoria.fi\/wp-content\/uploads\/2024\/06\/IMG_9763-2048x1262.jpg 2048w\" sizes=\"auto, (max-width: 2089px) 100vw, 2089px\" \/><figcaption id=\"caption-attachment-28413\" class=\"wp-caption-text\">P\u00e5 Ina Roos foto fr\u00e5n \u00e5r 1902 s\u00e5 ser det ut som att poliskonstapeln i l\u00e5ng rock har n\u00e5got att s\u00e4ga \u00e5t en stadsbo eller \u00e4r det en torghandlare. Fotot fr\u00e5n Alvar Utters samlingar.<\/figcaption><\/figure>\n<figure id=\"attachment_28404\" aria-describedby=\"caption-attachment-28404\" style=\"width: 1249px\" class=\"wp-caption alignnone\"><img loading=\"lazy\" decoding=\"async\" class=\"size-full wp-image-28404\" src=\"https:\/\/www.kristinestadshistoria.fi\/wp-content\/uploads\/2024\/06\/IMG_9752.jpg\" alt=\"\" width=\"1249\" height=\"892\" srcset=\"https:\/\/www.kristinestadshistoria.fi\/wp-content\/uploads\/2024\/06\/IMG_9752.jpg 1249w, https:\/\/www.kristinestadshistoria.fi\/wp-content\/uploads\/2024\/06\/IMG_9752-300x214.jpg 300w, https:\/\/www.kristinestadshistoria.fi\/wp-content\/uploads\/2024\/06\/IMG_9752-1024x731.jpg 1024w, https:\/\/www.kristinestadshistoria.fi\/wp-content\/uploads\/2024\/06\/IMG_9752-768x548.jpg 768w\" sizes=\"auto, (max-width: 1249px) 100vw, 1249px\" \/><figcaption id=\"caption-attachment-28404\" class=\"wp-caption-text\">Frans Henriksons g\u00e5rd, som Kristinestads Sparbank k\u00f6pte och de hade sitt bankkontor d\u00e4r \u00e4nda tills byggnaden revs 1967. Fotot ur Alvar Utters fotosamling.<\/figcaption><\/figure>\n<figure id=\"attachment_28420\" aria-describedby=\"caption-attachment-28420\" style=\"width: 1960px\" class=\"wp-caption alignnone\"><img loading=\"lazy\" decoding=\"async\" class=\"size-full wp-image-28420\" src=\"https:\/\/www.kristinestadshistoria.fi\/wp-content\/uploads\/2024\/06\/IMG_9817.jpg\" alt=\"\" width=\"1960\" height=\"1328\" srcset=\"https:\/\/www.kristinestadshistoria.fi\/wp-content\/uploads\/2024\/06\/IMG_9817.jpg 1960w, https:\/\/www.kristinestadshistoria.fi\/wp-content\/uploads\/2024\/06\/IMG_9817-300x203.jpg 300w, https:\/\/www.kristinestadshistoria.fi\/wp-content\/uploads\/2024\/06\/IMG_9817-1024x694.jpg 1024w, https:\/\/www.kristinestadshistoria.fi\/wp-content\/uploads\/2024\/06\/IMG_9817-768x520.jpg 768w, https:\/\/www.kristinestadshistoria.fi\/wp-content\/uploads\/2024\/06\/IMG_9817-1536x1041.jpg 1536w\" sizes=\"auto, (max-width: 1960px) 100vw, 1960px\" \/><figcaption id=\"caption-attachment-28420\" class=\"wp-caption-text\">Matilda Bergs hotellbyggnad till v\u00e4nster och f\u00f6ljande var handlande Hugo Sj\u00f6bloms aff\u00e4rshus. P\u00e5 \u00f6vre torget fanns Vilho Parmanens aff\u00e4rshus, nuvarande Corner. Fotot fr\u00e5n b\u00f6rjan av 1900-talet finns i Alvar Utters samlingar.<\/figcaption><\/figure>\n<figure id=\"attachment_28417\" aria-describedby=\"caption-attachment-28417\" style=\"width: 2424px\" class=\"wp-caption alignnone\"><img loading=\"lazy\" decoding=\"async\" class=\"size-full wp-image-28417\" src=\"https:\/\/www.kristinestadshistoria.fi\/wp-content\/uploads\/2024\/06\/IMG_6121.jpg\" alt=\"\" width=\"2424\" height=\"1410\" srcset=\"https:\/\/www.kristinestadshistoria.fi\/wp-content\/uploads\/2024\/06\/IMG_6121.jpg 2424w, https:\/\/www.kristinestadshistoria.fi\/wp-content\/uploads\/2024\/06\/IMG_6121-300x175.jpg 300w, https:\/\/www.kristinestadshistoria.fi\/wp-content\/uploads\/2024\/06\/IMG_6121-1024x596.jpg 1024w, https:\/\/www.kristinestadshistoria.fi\/wp-content\/uploads\/2024\/06\/IMG_6121-768x447.jpg 768w, https:\/\/www.kristinestadshistoria.fi\/wp-content\/uploads\/2024\/06\/IMG_6121-1536x893.jpg 1536w, https:\/\/www.kristinestadshistoria.fi\/wp-content\/uploads\/2024\/06\/IMG_6121-2048x1191.jpg 2048w\" sizes=\"auto, (max-width: 2424px) 100vw, 2424px\" \/><figcaption id=\"caption-attachment-28417\" class=\"wp-caption-text\">Salutorget i b\u00f6rjan av 1900-talet. Fotot fr\u00e5n Fel\u00e9nska g\u00e5rden.<\/figcaption><\/figure>\n<figure id=\"attachment_28403\" aria-describedby=\"caption-attachment-28403\" style=\"width: 1812px\" class=\"wp-caption alignnone\"><img loading=\"lazy\" decoding=\"async\" class=\"size-full wp-image-28403\" src=\"https:\/\/www.kristinestadshistoria.fi\/wp-content\/uploads\/2024\/06\/IMG_9751.jpg\" alt=\"\" width=\"1812\" height=\"1239\" srcset=\"https:\/\/www.kristinestadshistoria.fi\/wp-content\/uploads\/2024\/06\/IMG_9751.jpg 1812w, https:\/\/www.kristinestadshistoria.fi\/wp-content\/uploads\/2024\/06\/IMG_9751-300x205.jpg 300w, https:\/\/www.kristinestadshistoria.fi\/wp-content\/uploads\/2024\/06\/IMG_9751-1024x700.jpg 1024w, https:\/\/www.kristinestadshistoria.fi\/wp-content\/uploads\/2024\/06\/IMG_9751-768x525.jpg 768w, https:\/\/www.kristinestadshistoria.fi\/wp-content\/uploads\/2024\/06\/IMG_9751-1536x1050.jpg 1536w\" sizes=\"auto, (max-width: 1812px) 100vw, 1812px\" \/><figcaption id=\"caption-attachment-28403\" class=\"wp-caption-text\">I slutet av 1800-talet fanns det m\u00e5nga torghandlare p\u00e5 Salutorget. De kom fr\u00e5n landsbygden med h\u00e4star och s\u00e5lde sina egna varor \u00e5t stadsborna. Fotot ur Alvar Utters fotosamling.<\/figcaption><\/figure>\n<figure id=\"attachment_24246\" aria-describedby=\"caption-attachment-24246\" style=\"width: 1193px\" class=\"wp-caption alignnone\"><img loading=\"lazy\" decoding=\"async\" class=\"size-full wp-image-24246\" src=\"https:\/\/www.kristinestadshistoria.fi\/wp-content\/uploads\/2022\/09\/Svenska-garden.jpg\" alt=\"\" width=\"1193\" height=\"818\" srcset=\"https:\/\/www.kristinestadshistoria.fi\/wp-content\/uploads\/2022\/09\/Svenska-garden.jpg 1193w, https:\/\/www.kristinestadshistoria.fi\/wp-content\/uploads\/2022\/09\/Svenska-garden-300x206.jpg 300w, https:\/\/www.kristinestadshistoria.fi\/wp-content\/uploads\/2022\/09\/Svenska-garden-1024x702.jpg 1024w, https:\/\/www.kristinestadshistoria.fi\/wp-content\/uploads\/2022\/09\/Svenska-garden-768x527.jpg 768w\" sizes=\"auto, (max-width: 1193px) 100vw, 1193px\" \/><figcaption id=\"caption-attachment-24246\" class=\"wp-caption-text\">\u00c5r 1922 flyttade barberaren Albert Rosenkvist sin rakstuga fr\u00e5n Henriksons g\u00e5rd p\u00e5 \u00f6vre torget till den \u00f6stra \u00e4ndan p\u00e5 Svenska g\u00e5rden &#8221;snett \u00f6fver torget&#8221;. Fotot finns p\u00e5 stadens museum Carlsro.<\/figcaption><\/figure>\n<figure id=\"attachment_28409\" aria-describedby=\"caption-attachment-28409\" style=\"width: 1880px\" class=\"wp-caption alignnone\"><img loading=\"lazy\" decoding=\"async\" class=\"size-full wp-image-28409\" src=\"https:\/\/www.kristinestadshistoria.fi\/wp-content\/uploads\/2024\/06\/IMG_9773.jpg\" alt=\"\" width=\"1880\" height=\"1326\" srcset=\"https:\/\/www.kristinestadshistoria.fi\/wp-content\/uploads\/2024\/06\/IMG_9773.jpg 1880w, https:\/\/www.kristinestadshistoria.fi\/wp-content\/uploads\/2024\/06\/IMG_9773-300x212.jpg 300w, https:\/\/www.kristinestadshistoria.fi\/wp-content\/uploads\/2024\/06\/IMG_9773-1024x722.jpg 1024w, https:\/\/www.kristinestadshistoria.fi\/wp-content\/uploads\/2024\/06\/IMG_9773-768x542.jpg 768w, https:\/\/www.kristinestadshistoria.fi\/wp-content\/uploads\/2024\/06\/IMG_9773-1536x1083.jpg 1536w\" sizes=\"auto, (max-width: 1880px) 100vw, 1880px\" \/><figcaption id=\"caption-attachment-28409\" class=\"wp-caption-text\">Svenska g\u00e5rden fotograferad av Arne Appelgren \u00e5r 1938. Till v\u00e4nster utanf\u00f6r bild stod den d\u00e5 nedrivna krogen &#8221;Sista Styfvern&#8221;. I Svenska g\u00e5rden fanns d\u00e5 Fotoatelj\u00e9 Allas, J. M. Suominens l\u00e4deraff\u00e4r och Droghandel Svanen. I \u00f6vre v\u00e5ningen bodde chauff\u00f6ren Runar Lindedahl och det \u00e4r hans Studebaker som st\u00e5r p\u00e5 torget. Fotot finns i Alvar Utters fotosamlingar.<\/figcaption><\/figure>\n<figure id=\"attachment_28421\" aria-describedby=\"caption-attachment-28421\" style=\"width: 2469px\" class=\"wp-caption alignnone\"><img loading=\"lazy\" decoding=\"async\" class=\"size-full wp-image-28421\" src=\"https:\/\/www.kristinestadshistoria.fi\/wp-content\/uploads\/2024\/06\/IMG_9818.jpg\" alt=\"\" width=\"2469\" height=\"1504\" srcset=\"https:\/\/www.kristinestadshistoria.fi\/wp-content\/uploads\/2024\/06\/IMG_9818.jpg 2469w, https:\/\/www.kristinestadshistoria.fi\/wp-content\/uploads\/2024\/06\/IMG_9818-300x183.jpg 300w, https:\/\/www.kristinestadshistoria.fi\/wp-content\/uploads\/2024\/06\/IMG_9818-1024x624.jpg 1024w, https:\/\/www.kristinestadshistoria.fi\/wp-content\/uploads\/2024\/06\/IMG_9818-768x468.jpg 768w, https:\/\/www.kristinestadshistoria.fi\/wp-content\/uploads\/2024\/06\/IMG_9818-1536x936.jpg 1536w, https:\/\/www.kristinestadshistoria.fi\/wp-content\/uploads\/2024\/06\/IMG_9818-2048x1248.jpg 2048w\" sizes=\"auto, (max-width: 2469px) 100vw, 2469px\" \/><figcaption id=\"caption-attachment-28421\" class=\"wp-caption-text\">Till v\u00e4nster Svenska g\u00e5rden d\u00e4r Fotoatelj\u00e9\u00a0 Allas fanns. D\u00e4r fanns ocks\u00e5 Suominens l\u00e4deraff\u00e4r och Droghandel Svanen. F\u00f6ljande \u00e4r Stadshotellet och h\u00f6gre upp p\u00e5 torget syns Syd\u00f6sterbottens Handelslags huvudaff\u00e4r. Fotot kan vara fr\u00e5n 1940-talet och finns i Alvar Utters samlingar.<\/figcaption><\/figure>\n<figure id=\"attachment_28410\" aria-describedby=\"caption-attachment-28410\" style=\"width: 1910px\" class=\"wp-caption alignnone\"><img loading=\"lazy\" decoding=\"async\" class=\"size-full wp-image-28410\" src=\"https:\/\/www.kristinestadshistoria.fi\/wp-content\/uploads\/2024\/06\/IMG_9775.jpg\" alt=\"\" width=\"1910\" height=\"1238\" srcset=\"https:\/\/www.kristinestadshistoria.fi\/wp-content\/uploads\/2024\/06\/IMG_9775.jpg 1910w, https:\/\/www.kristinestadshistoria.fi\/wp-content\/uploads\/2024\/06\/IMG_9775-300x194.jpg 300w, https:\/\/www.kristinestadshistoria.fi\/wp-content\/uploads\/2024\/06\/IMG_9775-1024x664.jpg 1024w, https:\/\/www.kristinestadshistoria.fi\/wp-content\/uploads\/2024\/06\/IMG_9775-768x498.jpg 768w, https:\/\/www.kristinestadshistoria.fi\/wp-content\/uploads\/2024\/06\/IMG_9775-1536x996.jpg 1536w\" sizes=\"auto, (max-width: 1910px) 100vw, 1910px\" \/><figcaption id=\"caption-attachment-28410\" class=\"wp-caption-text\">L\u00e4ngst till v\u00e4nster syns en del av Henriksons eller Sparbankens g\u00e5rd och i \u00e4ndan av lagerbyggnaden hade urmakare Georg Henriksson en aff\u00e4r. I \u00e4ndan av T\u00f6ttermans uthus hade Axel Nelson en aff\u00e4r som sedan \u00f6vertogs av m\u00e5gen Urho Pihlaja. Notera den vackra porten bredvid SMK:s aff\u00e4r i HAB:s g\u00e5rd. Fotot ur Alvar Utters fotosamlingar.<\/figcaption><\/figure>\n<figure id=\"attachment_28411\" aria-describedby=\"caption-attachment-28411\" style=\"width: 1825px\" class=\"wp-caption alignnone\"><img loading=\"lazy\" decoding=\"async\" class=\"size-full wp-image-28411\" src=\"https:\/\/www.kristinestadshistoria.fi\/wp-content\/uploads\/2024\/06\/IMG_9777.jpg\" alt=\"\" width=\"1825\" height=\"1205\" srcset=\"https:\/\/www.kristinestadshistoria.fi\/wp-content\/uploads\/2024\/06\/IMG_9777.jpg 1825w, https:\/\/www.kristinestadshistoria.fi\/wp-content\/uploads\/2024\/06\/IMG_9777-300x198.jpg 300w, https:\/\/www.kristinestadshistoria.fi\/wp-content\/uploads\/2024\/06\/IMG_9777-1024x676.jpg 1024w, https:\/\/www.kristinestadshistoria.fi\/wp-content\/uploads\/2024\/06\/IMG_9777-768x507.jpg 768w, https:\/\/www.kristinestadshistoria.fi\/wp-content\/uploads\/2024\/06\/IMG_9777-1536x1014.jpg 1536w\" sizes=\"auto, (max-width: 1825px) 100vw, 1825px\" \/><figcaption id=\"caption-attachment-28411\" class=\"wp-caption-text\">Lars Ax\u00e9ns foto fr\u00e5n kyndelm\u00e4ssmarknaden 1958 och det finns i Alvar Utters samlingar.<\/figcaption><\/figure>\n<figure id=\"attachment_28428\" aria-describedby=\"caption-attachment-28428\" style=\"width: 1285px\" class=\"wp-caption alignnone\"><img loading=\"lazy\" decoding=\"async\" class=\"size-full wp-image-28428\" src=\"https:\/\/www.kristinestadshistoria.fi\/wp-content\/uploads\/2024\/06\/Stadshotellet.jpg\" alt=\"\" width=\"1285\" height=\"799\" srcset=\"https:\/\/www.kristinestadshistoria.fi\/wp-content\/uploads\/2024\/06\/Stadshotellet.jpg 1285w, https:\/\/www.kristinestadshistoria.fi\/wp-content\/uploads\/2024\/06\/Stadshotellet-300x187.jpg 300w, https:\/\/www.kristinestadshistoria.fi\/wp-content\/uploads\/2024\/06\/Stadshotellet-1024x637.jpg 1024w, https:\/\/www.kristinestadshistoria.fi\/wp-content\/uploads\/2024\/06\/Stadshotellet-768x478.jpg 768w\" sizes=\"auto, (max-width: 1285px) 100vw, 1285px\" \/><figcaption id=\"caption-attachment-28428\" class=\"wp-caption-text\">Mathilda Bergs hotell med ing\u00e5ng via den vackra porten vid Strandgatan. Fotot fr\u00e5n b\u00f6rjan av 1900-talet finns p\u00e5 stadens museum Carlsro.<\/figcaption><\/figure>\n<figure id=\"attachment_28427\" aria-describedby=\"caption-attachment-28427\" style=\"width: 1312px\" class=\"wp-caption alignnone\"><img loading=\"lazy\" decoding=\"async\" class=\"size-full wp-image-28427\" src=\"https:\/\/www.kristinestadshistoria.fi\/wp-content\/uploads\/2024\/06\/Stadsbron-och-torget.jpg\" alt=\"\" width=\"1312\" height=\"853\" srcset=\"https:\/\/www.kristinestadshistoria.fi\/wp-content\/uploads\/2024\/06\/Stadsbron-och-torget.jpg 1312w, https:\/\/www.kristinestadshistoria.fi\/wp-content\/uploads\/2024\/06\/Stadsbron-och-torget-300x195.jpg 300w, https:\/\/www.kristinestadshistoria.fi\/wp-content\/uploads\/2024\/06\/Stadsbron-och-torget-1024x666.jpg 1024w, https:\/\/www.kristinestadshistoria.fi\/wp-content\/uploads\/2024\/06\/Stadsbron-och-torget-768x499.jpg 768w\" sizes=\"auto, (max-width: 1312px) 100vw, 1312px\" \/><figcaption id=\"caption-attachment-28427\" class=\"wp-caption-text\">Formannen med sin vattentunna p\u00e5 v\u00e4g in till staden i slutet av 1800-talet. Fotot fr\u00e5n stadens museum Carlsro.<\/figcaption><\/figure>\n<figure id=\"attachment_28418\" aria-describedby=\"caption-attachment-28418\" style=\"width: 2558px\" class=\"wp-caption alignnone\"><img loading=\"lazy\" decoding=\"async\" class=\"size-full wp-image-28418\" src=\"https:\/\/www.kristinestadshistoria.fi\/wp-content\/uploads\/2024\/06\/IMG_6125.jpg\" alt=\"\" width=\"2558\" height=\"1383\" srcset=\"https:\/\/www.kristinestadshistoria.fi\/wp-content\/uploads\/2024\/06\/IMG_6125.jpg 2558w, https:\/\/www.kristinestadshistoria.fi\/wp-content\/uploads\/2024\/06\/IMG_6125-300x162.jpg 300w, https:\/\/www.kristinestadshistoria.fi\/wp-content\/uploads\/2024\/06\/IMG_6125-1024x554.jpg 1024w, https:\/\/www.kristinestadshistoria.fi\/wp-content\/uploads\/2024\/06\/IMG_6125-768x415.jpg 768w, https:\/\/www.kristinestadshistoria.fi\/wp-content\/uploads\/2024\/06\/IMG_6125-1536x830.jpg 1536w, https:\/\/www.kristinestadshistoria.fi\/wp-content\/uploads\/2024\/06\/IMG_6125-2048x1107.jpg 2048w\" sizes=\"auto, (max-width: 2558px) 100vw, 2558px\" \/><figcaption id=\"caption-attachment-28418\" class=\"wp-caption-text\">Mikaelimarknad p\u00e5 1950-talet. Fotot fr\u00e5n Fel\u00e9nska g\u00e5rden.<\/figcaption><\/figure>\n<figure id=\"attachment_21418\" aria-describedby=\"caption-attachment-21418\" style=\"width: 909px\" class=\"wp-caption alignnone\"><img loading=\"lazy\" decoding=\"async\" class=\"size-full wp-image-21418\" src=\"https:\/\/www.kristinestadshistoria.fi\/wp-content\/uploads\/2021\/07\/Stasstorget.jpg\" alt=\"\" width=\"909\" height=\"587\" srcset=\"https:\/\/www.kristinestadshistoria.fi\/wp-content\/uploads\/2021\/07\/Stasstorget.jpg 909w, https:\/\/www.kristinestadshistoria.fi\/wp-content\/uploads\/2021\/07\/Stasstorget-300x194.jpg 300w, https:\/\/www.kristinestadshistoria.fi\/wp-content\/uploads\/2021\/07\/Stasstorget-768x496.jpg 768w\" sizes=\"auto, (max-width: 909px) 100vw, 909px\" \/><figcaption id=\"caption-attachment-21418\" class=\"wp-caption-text\">G\u00e5rdarna p\u00e5 s\u00f6dra sidan av Stadstorget fotograferade i b\u00f6rjan av 1900-talet. Byggnaden l\u00e4ngst till v\u00e4nster \u00e4r krogen &#8221;Sista styfvern&#8221;. Fotot ur Viktor Nylunds samlingar.<\/figcaption><\/figure>\n<figure id=\"attachment_27828\" aria-describedby=\"caption-attachment-27828\" style=\"width: 1899px\" class=\"wp-caption alignnone\"><img loading=\"lazy\" decoding=\"async\" class=\"size-full wp-image-27828\" src=\"https:\/\/www.kristinestadshistoria.fi\/wp-content\/uploads\/2024\/01\/Veljekset-Karhumaki-Salutorget.jpg\" alt=\"\" width=\"1899\" height=\"1278\" srcset=\"https:\/\/www.kristinestadshistoria.fi\/wp-content\/uploads\/2024\/01\/Veljekset-Karhumaki-Salutorget.jpg 1899w, https:\/\/www.kristinestadshistoria.fi\/wp-content\/uploads\/2024\/01\/Veljekset-Karhumaki-Salutorget-300x202.jpg 300w, https:\/\/www.kristinestadshistoria.fi\/wp-content\/uploads\/2024\/01\/Veljekset-Karhumaki-Salutorget-1024x689.jpg 1024w, https:\/\/www.kristinestadshistoria.fi\/wp-content\/uploads\/2024\/01\/Veljekset-Karhumaki-Salutorget-768x517.jpg 768w, https:\/\/www.kristinestadshistoria.fi\/wp-content\/uploads\/2024\/01\/Veljekset-Karhumaki-Salutorget-1536x1034.jpg 1536w\" sizes=\"auto, (max-width: 1899px) 100vw, 1899px\" \/><figcaption id=\"caption-attachment-27828\" class=\"wp-caption-text\">Mitt p\u00e5 Veljekset Karhum\u00e4kis flygfoto s\u00e5 syns Ab Svenska G\u00e5rdens byggnader vid torget. Vykortet utl\u00e5nat av Juhani Saari.<\/figcaption><\/figure>\n<figure id=\"attachment_27827\" aria-describedby=\"caption-attachment-27827\" style=\"width: 1180px\" class=\"wp-caption alignnone\"><img loading=\"lazy\" decoding=\"async\" class=\"size-full wp-image-27827\" src=\"https:\/\/www.kristinestadshistoria.fi\/wp-content\/uploads\/2024\/01\/Torgdag-Augusta-Brandt-trappracke-talt-Ostra-sidan-Stadshotellet.jpg\" alt=\"\" width=\"1180\" height=\"793\" srcset=\"https:\/\/www.kristinestadshistoria.fi\/wp-content\/uploads\/2024\/01\/Torgdag-Augusta-Brandt-trappracke-talt-Ostra-sidan-Stadshotellet.jpg 1180w, https:\/\/www.kristinestadshistoria.fi\/wp-content\/uploads\/2024\/01\/Torgdag-Augusta-Brandt-trappracke-talt-Ostra-sidan-Stadshotellet-300x202.jpg 300w, https:\/\/www.kristinestadshistoria.fi\/wp-content\/uploads\/2024\/01\/Torgdag-Augusta-Brandt-trappracke-talt-Ostra-sidan-Stadshotellet-1024x688.jpg 1024w, https:\/\/www.kristinestadshistoria.fi\/wp-content\/uploads\/2024\/01\/Torgdag-Augusta-Brandt-trappracke-talt-Ostra-sidan-Stadshotellet-768x516.jpg 768w\" sizes=\"auto, (max-width: 1180px) 100vw, 1180px\" \/><figcaption id=\"caption-attachment-27827\" class=\"wp-caption-text\">P\u00e5 Augusta Brandts foto fr\u00e5n b\u00f6rjan av 1900-talet s\u00e5 syns Stadshotellet l\u00e4ngst till h\u00f6ger och f\u00f6ljande byggnader tillh\u00f6rde Gustaf Hyd\u00e9n. Kolla in hur m\u00e5nga f\u00f6rr\u00e5dsbyggnader och magasin det fanns p\u00e5 andra sidan Stadsfj\u00e4rden. Fotot finns p\u00e5 stadens museum Carlsro.<\/figcaption><\/figure>\n<figure id=\"attachment_27793\" aria-describedby=\"caption-attachment-27793\" style=\"width: 1920px\" class=\"wp-caption alignnone\"><img loading=\"lazy\" decoding=\"async\" class=\"size-full wp-image-27793\" src=\"https:\/\/www.kristinestadshistoria.fi\/wp-content\/uploads\/2024\/01\/C3_96TA_146_ota146_foto_471-1Fiskbryggan-i-staden-ca-1900.jpg\" alt=\"\" width=\"1920\" height=\"1304\" srcset=\"https:\/\/www.kristinestadshistoria.fi\/wp-content\/uploads\/2024\/01\/C3_96TA_146_ota146_foto_471-1Fiskbryggan-i-staden-ca-1900.jpg 1920w, https:\/\/www.kristinestadshistoria.fi\/wp-content\/uploads\/2024\/01\/C3_96TA_146_ota146_foto_471-1Fiskbryggan-i-staden-ca-1900-300x204.jpg 300w, https:\/\/www.kristinestadshistoria.fi\/wp-content\/uploads\/2024\/01\/C3_96TA_146_ota146_foto_471-1Fiskbryggan-i-staden-ca-1900-1024x695.jpg 1024w, https:\/\/www.kristinestadshistoria.fi\/wp-content\/uploads\/2024\/01\/C3_96TA_146_ota146_foto_471-1Fiskbryggan-i-staden-ca-1900-768x522.jpg 768w, https:\/\/www.kristinestadshistoria.fi\/wp-content\/uploads\/2024\/01\/C3_96TA_146_ota146_foto_471-1Fiskbryggan-i-staden-ca-1900-1536x1043.jpg 1536w\" sizes=\"auto, (max-width: 1920px) 100vw, 1920px\" \/><figcaption id=\"caption-attachment-27793\" class=\"wp-caption-text\">Den gamla lastningsbryggan anv\u00e4ndes i l\u00e5nga tider som fiskbrygga, d\u00e4r stadsborna kunde k\u00f6pa f\u00e4rsk fisk. Ina Roos har tagit fotot, som finns p\u00e5 SLS:s arkiv. L\u00e4ngst till h\u00f6ger syns Gustaf Hyd\u00e9ns krog Sista styfvern.<\/figcaption><\/figure>\n<figure id=\"attachment_27792\" aria-describedby=\"caption-attachment-27792\" style=\"width: 1800px\" class=\"wp-caption alignnone\"><img loading=\"lazy\" decoding=\"async\" class=\"size-full wp-image-27792\" src=\"https:\/\/www.kristinestadshistoria.fi\/wp-content\/uploads\/2024\/01\/C3_96TA_146_ota146_foto_184-1Marknad-pa-torget.jpg\" alt=\"\" width=\"1800\" height=\"1284\" srcset=\"https:\/\/www.kristinestadshistoria.fi\/wp-content\/uploads\/2024\/01\/C3_96TA_146_ota146_foto_184-1Marknad-pa-torget.jpg 1800w, https:\/\/www.kristinestadshistoria.fi\/wp-content\/uploads\/2024\/01\/C3_96TA_146_ota146_foto_184-1Marknad-pa-torget-300x214.jpg 300w, https:\/\/www.kristinestadshistoria.fi\/wp-content\/uploads\/2024\/01\/C3_96TA_146_ota146_foto_184-1Marknad-pa-torget-1024x730.jpg 1024w, https:\/\/www.kristinestadshistoria.fi\/wp-content\/uploads\/2024\/01\/C3_96TA_146_ota146_foto_184-1Marknad-pa-torget-768x548.jpg 768w, https:\/\/www.kristinestadshistoria.fi\/wp-content\/uploads\/2024\/01\/C3_96TA_146_ota146_foto_184-1Marknad-pa-torget-1536x1096.jpg 1536w\" sizes=\"auto, (max-width: 1800px) 100vw, 1800px\" \/><figcaption id=\"caption-attachment-27792\" class=\"wp-caption-text\">F\u00f6rs\u00e4ljare och k\u00f6pare m\u00f6ts p\u00e5 Mikaelimarkanden i b\u00f6rjan av 1900-talet. Gustaf Hyd\u00e9ns aff\u00e4rshus syns i h\u00f6gra kanten och l\u00e4ngst ner mot stranden syns byggnaden d\u00e4r krogen Sista Styfvern var inrymd.<\/figcaption><\/figure>\n<figure id=\"attachment_27798\" aria-describedby=\"caption-attachment-27798\" style=\"width: 2170px\" class=\"wp-caption alignnone\"><img loading=\"lazy\" decoding=\"async\" class=\"size-full wp-image-27798\" src=\"https:\/\/www.kristinestadshistoria.fi\/wp-content\/uploads\/2024\/01\/1921-img20230706_18503951.jpg\" alt=\"\" width=\"2170\" height=\"1425\" srcset=\"https:\/\/www.kristinestadshistoria.fi\/wp-content\/uploads\/2024\/01\/1921-img20230706_18503951.jpg 2170w, https:\/\/www.kristinestadshistoria.fi\/wp-content\/uploads\/2024\/01\/1921-img20230706_18503951-300x197.jpg 300w, https:\/\/www.kristinestadshistoria.fi\/wp-content\/uploads\/2024\/01\/1921-img20230706_18503951-1024x672.jpg 1024w, https:\/\/www.kristinestadshistoria.fi\/wp-content\/uploads\/2024\/01\/1921-img20230706_18503951-768x504.jpg 768w, https:\/\/www.kristinestadshistoria.fi\/wp-content\/uploads\/2024\/01\/1921-img20230706_18503951-1536x1009.jpg 1536w, https:\/\/www.kristinestadshistoria.fi\/wp-content\/uploads\/2024\/01\/1921-img20230706_18503951-2048x1345.jpg 2048w\" sizes=\"auto, (max-width: 2170px) 100vw, 2170px\" \/><figcaption id=\"caption-attachment-27798\" class=\"wp-caption-text\">\u00c5r 1921 d\u00e5 fotot togs s\u00e5 har byggnaden med krogen nere vid stranden rivits eller flyttats till annan plats. Fotot fr\u00e5n SLS:s arkiv.<\/figcaption><\/figure>\n<figure id=\"attachment_28415\" aria-describedby=\"caption-attachment-28415\" style=\"width: 1166px\" class=\"wp-caption alignnone\"><img loading=\"lazy\" decoding=\"async\" class=\"size-full wp-image-28415\" src=\"https:\/\/www.kristinestadshistoria.fi\/wp-content\/uploads\/2024\/06\/IMG_9757-1.jpg\" alt=\"\" width=\"1166\" height=\"625\" srcset=\"https:\/\/www.kristinestadshistoria.fi\/wp-content\/uploads\/2024\/06\/IMG_9757-1.jpg 1166w, https:\/\/www.kristinestadshistoria.fi\/wp-content\/uploads\/2024\/06\/IMG_9757-1-300x161.jpg 300w, https:\/\/www.kristinestadshistoria.fi\/wp-content\/uploads\/2024\/06\/IMG_9757-1-1024x549.jpg 1024w, https:\/\/www.kristinestadshistoria.fi\/wp-content\/uploads\/2024\/06\/IMG_9757-1-768x412.jpg 768w\" sizes=\"auto, (max-width: 1166px) 100vw, 1166px\" \/><figcaption id=\"caption-attachment-28415\" class=\"wp-caption-text\">P\u00e5 torget st\u00e5r Jarl Christian Olin, som var f\u00f6dd \u00e5r 1886, s\u00e5 fotot kan var taget ca 1890. Till h\u00f6ger syns den stenfria marken d\u00e4r det gamla r\u00e5dhuset hade st\u00e5tt i tiderna. Fotot fr\u00e5n Alvar Utters samlingar.<\/figcaption><\/figure>\n<figure id=\"attachment_27807\" aria-describedby=\"caption-attachment-27807\" style=\"width: 2008px\" class=\"wp-caption alignnone\"><img loading=\"lazy\" decoding=\"async\" class=\"size-full wp-image-27807\" src=\"https:\/\/www.kristinestadshistoria.fi\/wp-content\/uploads\/2024\/01\/Mannerheim-i-Stadin-21.11.1920-i-fonstret-i-Svenska-garden-star-troligtvis-Viktor-och-Rurik-Nylund.jpg\" alt=\"\" width=\"2008\" height=\"1291\" srcset=\"https:\/\/www.kristinestadshistoria.fi\/wp-content\/uploads\/2024\/01\/Mannerheim-i-Stadin-21.11.1920-i-fonstret-i-Svenska-garden-star-troligtvis-Viktor-och-Rurik-Nylund.jpg 2008w, https:\/\/www.kristinestadshistoria.fi\/wp-content\/uploads\/2024\/01\/Mannerheim-i-Stadin-21.11.1920-i-fonstret-i-Svenska-garden-star-troligtvis-Viktor-och-Rurik-Nylund-300x193.jpg 300w, https:\/\/www.kristinestadshistoria.fi\/wp-content\/uploads\/2024\/01\/Mannerheim-i-Stadin-21.11.1920-i-fonstret-i-Svenska-garden-star-troligtvis-Viktor-och-Rurik-Nylund-1024x658.jpg 1024w, https:\/\/www.kristinestadshistoria.fi\/wp-content\/uploads\/2024\/01\/Mannerheim-i-Stadin-21.11.1920-i-fonstret-i-Svenska-garden-star-troligtvis-Viktor-och-Rurik-Nylund-768x494.jpg 768w, https:\/\/www.kristinestadshistoria.fi\/wp-content\/uploads\/2024\/01\/Mannerheim-i-Stadin-21.11.1920-i-fonstret-i-Svenska-garden-star-troligtvis-Viktor-och-Rurik-Nylund-1536x988.jpg 1536w\" sizes=\"auto, (max-width: 2008px) 100vw, 2008px\" \/><figcaption id=\"caption-attachment-27807\" class=\"wp-caption-text\">General Gustaf Mannerheim bes\u00f6kte Kristinestad den 21 november 1922, d\u00e5 han nedanf\u00f6r Ulrika Eleonorakyrkan invigde minnesm\u00e4rket \u00f6ver de fallna skyddk\u00e5risterna 1918. I bakgrunden syns Ab Svenska G\u00e5rdens byggnader. Fotot fr\u00e5n SLS:s arkiv.<\/figcaption><\/figure>\n<figure id=\"attachment_27808\" aria-describedby=\"caption-attachment-27808\" style=\"width: 1200px\" class=\"wp-caption alignnone\"><img loading=\"lazy\" decoding=\"async\" class=\"size-full wp-image-27808\" src=\"https:\/\/www.kristinestadshistoria.fi\/wp-content\/uploads\/2024\/01\/Marknad-1972.jpg\" alt=\"\" width=\"1200\" height=\"519\" srcset=\"https:\/\/www.kristinestadshistoria.fi\/wp-content\/uploads\/2024\/01\/Marknad-1972.jpg 1200w, https:\/\/www.kristinestadshistoria.fi\/wp-content\/uploads\/2024\/01\/Marknad-1972-300x130.jpg 300w, https:\/\/www.kristinestadshistoria.fi\/wp-content\/uploads\/2024\/01\/Marknad-1972-1024x443.jpg 1024w, https:\/\/www.kristinestadshistoria.fi\/wp-content\/uploads\/2024\/01\/Marknad-1972-768x332.jpg 768w\" sizes=\"auto, (max-width: 1200px) 100vw, 1200px\" \/><figcaption id=\"caption-attachment-27808\" class=\"wp-caption-text\">Marknaden 1972 d\u00e4r A. Talas varuhus syns till v\u00e4nster. Fotot fr\u00e5n SLS:s arkiv.<\/figcaption><\/figure>\n<figure id=\"attachment_27809\" aria-describedby=\"caption-attachment-27809\" style=\"width: 1960px\" class=\"wp-caption alignnone\"><img loading=\"lazy\" decoding=\"async\" class=\"size-full wp-image-27809\" src=\"https:\/\/www.kristinestadshistoria.fi\/wp-content\/uploads\/2024\/01\/Marknad-hosten-1963-Rafael-Olin_C3_96TA_112_ota112-3_foto_00408.jpg\" alt=\"\" width=\"1960\" height=\"1313\" srcset=\"https:\/\/www.kristinestadshistoria.fi\/wp-content\/uploads\/2024\/01\/Marknad-hosten-1963-Rafael-Olin_C3_96TA_112_ota112-3_foto_00408.jpg 1960w, https:\/\/www.kristinestadshistoria.fi\/wp-content\/uploads\/2024\/01\/Marknad-hosten-1963-Rafael-Olin_C3_96TA_112_ota112-3_foto_00408-300x201.jpg 300w, https:\/\/www.kristinestadshistoria.fi\/wp-content\/uploads\/2024\/01\/Marknad-hosten-1963-Rafael-Olin_C3_96TA_112_ota112-3_foto_00408-1024x686.jpg 1024w, https:\/\/www.kristinestadshistoria.fi\/wp-content\/uploads\/2024\/01\/Marknad-hosten-1963-Rafael-Olin_C3_96TA_112_ota112-3_foto_00408-768x514.jpg 768w, https:\/\/www.kristinestadshistoria.fi\/wp-content\/uploads\/2024\/01\/Marknad-hosten-1963-Rafael-Olin_C3_96TA_112_ota112-3_foto_00408-1536x1029.jpg 1536w\" sizes=\"auto, (max-width: 1960px) 100vw, 1960px\" \/><figcaption id=\"caption-attachment-27809\" class=\"wp-caption-text\">Rafael Olins foto fr\u00e5n Mikaelmarknaden 1963, d\u00e4r varuhusbygget syns till v\u00e4nster. Fotot fr\u00e5n SLS:s arkiv.<\/figcaption><\/figure>\n<figure id=\"attachment_27810\" aria-describedby=\"caption-attachment-27810\" style=\"width: 2048px\" class=\"wp-caption alignnone\"><img loading=\"lazy\" decoding=\"async\" class=\"size-full wp-image-27810\" src=\"https:\/\/www.kristinestadshistoria.fi\/wp-content\/uploads\/2024\/01\/Mikaelimarknaden-1963.jpg\" alt=\"\" width=\"2048\" height=\"1392\" srcset=\"https:\/\/www.kristinestadshistoria.fi\/wp-content\/uploads\/2024\/01\/Mikaelimarknaden-1963.jpg 2048w, https:\/\/www.kristinestadshistoria.fi\/wp-content\/uploads\/2024\/01\/Mikaelimarknaden-1963-300x204.jpg 300w, https:\/\/www.kristinestadshistoria.fi\/wp-content\/uploads\/2024\/01\/Mikaelimarknaden-1963-1024x696.jpg 1024w, https:\/\/www.kristinestadshistoria.fi\/wp-content\/uploads\/2024\/01\/Mikaelimarknaden-1963-768x522.jpg 768w, https:\/\/www.kristinestadshistoria.fi\/wp-content\/uploads\/2024\/01\/Mikaelimarknaden-1963-1536x1044.jpg 1536w\" sizes=\"auto, (max-width: 2048px) 100vw, 2048px\" \/><figcaption id=\"caption-attachment-27810\" class=\"wp-caption-text\">P\u00e5 fotot fr\u00e5n Mikaelimarknaden 1963 s\u00e5 syns A. Talas varuhusbygge till h\u00f6ger. Fotot fr\u00e5n SLS:s arkiv.<\/figcaption><\/figure>\n<figure id=\"attachment_27804\" aria-describedby=\"caption-attachment-27804\" style=\"width: 2092px\" class=\"wp-caption alignnone\"><img loading=\"lazy\" decoding=\"async\" class=\"size-full wp-image-27804\" src=\"https:\/\/www.kristinestadshistoria.fi\/wp-content\/uploads\/2024\/01\/IMG_6115.jpg\" alt=\"\" width=\"2092\" height=\"1309\" srcset=\"https:\/\/www.kristinestadshistoria.fi\/wp-content\/uploads\/2024\/01\/IMG_6115.jpg 2092w, https:\/\/www.kristinestadshistoria.fi\/wp-content\/uploads\/2024\/01\/IMG_6115-300x188.jpg 300w, https:\/\/www.kristinestadshistoria.fi\/wp-content\/uploads\/2024\/01\/IMG_6115-1024x641.jpg 1024w, https:\/\/www.kristinestadshistoria.fi\/wp-content\/uploads\/2024\/01\/IMG_6115-768x481.jpg 768w, https:\/\/www.kristinestadshistoria.fi\/wp-content\/uploads\/2024\/01\/IMG_6115-1536x961.jpg 1536w, https:\/\/www.kristinestadshistoria.fi\/wp-content\/uploads\/2024\/01\/IMG_6115-2048x1281.jpg 2048w\" sizes=\"auto, (max-width: 2092px) 100vw, 2092px\" \/><figcaption id=\"caption-attachment-27804\" class=\"wp-caption-text\">Torget ser tomt och \u00f6de ut p\u00e5 fotot som \u00e4r taget efter 1920, eftersom byggnaden d\u00e4r krogen Sista styfvern fanns \u00e4r bortskaffad. R\u00f6ken p\u00e5 \u00d6stra sidan ser ut att komma fr\u00e5n ett \u00e5nglok vid j\u00e4rnv\u00e4gsstationen. Fotot fr\u00e5n SLS:s arkiv.<\/figcaption><\/figure>\n<figure id=\"attachment_21417\" aria-describedby=\"caption-attachment-21417\" style=\"width: 904px\" class=\"wp-caption alignnone\"><img loading=\"lazy\" decoding=\"async\" class=\"size-full wp-image-21417\" src=\"https:\/\/www.kristinestadshistoria.fi\/wp-content\/uploads\/2021\/07\/Ruriks-bostad-i-Stadin.jpg\" alt=\"\" width=\"904\" height=\"618\" srcset=\"https:\/\/www.kristinestadshistoria.fi\/wp-content\/uploads\/2021\/07\/Ruriks-bostad-i-Stadin.jpg 904w, https:\/\/www.kristinestadshistoria.fi\/wp-content\/uploads\/2021\/07\/Ruriks-bostad-i-Stadin-300x205.jpg 300w, https:\/\/www.kristinestadshistoria.fi\/wp-content\/uploads\/2021\/07\/Ruriks-bostad-i-Stadin-768x525.jpg 768w\" sizes=\"auto, (max-width: 904px) 100vw, 904px\" \/><figcaption id=\"caption-attachment-21417\" class=\"wp-caption-text\">Svenska g\u00e5rden vid Salutorget l\u00e4ngs med Strandgatan s\u00f6derut i b\u00f6rjan av 1900-talet. Den revs i b\u00f6rjan av 1960-talet d\u00e5 Risto Talas byggde sitt nya varuhus. Fotot ur Viktor Nylunds samlingar.<\/figcaption><\/figure>\n<figure id=\"attachment_25185\" aria-describedby=\"caption-attachment-25185\" style=\"width: 1800px\" class=\"wp-caption alignnone\"><img loading=\"lazy\" decoding=\"async\" class=\"size-full wp-image-25185\" src=\"https:\/\/www.kristinestadshistoria.fi\/wp-content\/uploads\/2023\/02\/Sparbankens-hus-_C3_96TA_146_ota146_foto_434.jpg\" alt=\"\" width=\"1800\" height=\"1439\" srcset=\"https:\/\/www.kristinestadshistoria.fi\/wp-content\/uploads\/2023\/02\/Sparbankens-hus-_C3_96TA_146_ota146_foto_434.jpg 1800w, https:\/\/www.kristinestadshistoria.fi\/wp-content\/uploads\/2023\/02\/Sparbankens-hus-_C3_96TA_146_ota146_foto_434-300x240.jpg 300w, https:\/\/www.kristinestadshistoria.fi\/wp-content\/uploads\/2023\/02\/Sparbankens-hus-_C3_96TA_146_ota146_foto_434-1024x819.jpg 1024w, https:\/\/www.kristinestadshistoria.fi\/wp-content\/uploads\/2023\/02\/Sparbankens-hus-_C3_96TA_146_ota146_foto_434-768x614.jpg 768w, https:\/\/www.kristinestadshistoria.fi\/wp-content\/uploads\/2023\/02\/Sparbankens-hus-_C3_96TA_146_ota146_foto_434-1536x1228.jpg 1536w\" sizes=\"auto, (max-width: 1800px) 100vw, 1800px\" \/><figcaption id=\"caption-attachment-25185\" class=\"wp-caption-text\">Det var \u00e5r 1952 d\u00e5 Sparbanken k\u00f6pte g\u00e5rden av ekonomier\u00e5det Frans Henrikson. Han fick r\u00e4tt att bo kvar i sin bostad i \u00f6vre v\u00e5ningen till d\u00f6d dag. Urmakare Henriksson hade sin aff\u00e4r i annexet nedanf\u00f6r huvudbyggnaden medan hans l\u00e4rom\u00e4stare Emil Algot \u00d6sterholm hade sin aff\u00e4r bakom h\u00f6rnet p\u00e5 \u00d6stra L\u00e5nggatan. Handlande Saber hade i tv\u00e5 perioder haft sin aff\u00e4r i g\u00e5rden och i den \u00f6stra \u00e4ndan hade Sparbanken sin lokal. Sparbanken var inte den f\u00f6rsta banken i g\u00e5rden, tidigare hade Nordiska Aktiebanken, Landtmannabanken, Atlas Pankki och KOP haft sina kontor h\u00e4r. Fotot l\u00e5nat fr\u00e5n SLS:s arkiv.<\/figcaption><\/figure>\n<figure id=\"attachment_26627\" aria-describedby=\"caption-attachment-26627\" style=\"width: 2048px\" class=\"wp-caption alignnone\"><img loading=\"lazy\" decoding=\"async\" class=\"size-full wp-image-26627\" src=\"https:\/\/www.kristinestadshistoria.fi\/wp-content\/uploads\/2023\/06\/Tottermans-gard-omkring-1929.-Juhani-Saaris-foto.jpg\" alt=\"\" width=\"2048\" height=\"1309\" srcset=\"https:\/\/www.kristinestadshistoria.fi\/wp-content\/uploads\/2023\/06\/Tottermans-gard-omkring-1929.-Juhani-Saaris-foto.jpg 2048w, https:\/\/www.kristinestadshistoria.fi\/wp-content\/uploads\/2023\/06\/Tottermans-gard-omkring-1929.-Juhani-Saaris-foto-300x192.jpg 300w, https:\/\/www.kristinestadshistoria.fi\/wp-content\/uploads\/2023\/06\/Tottermans-gard-omkring-1929.-Juhani-Saaris-foto-1024x655.jpg 1024w, https:\/\/www.kristinestadshistoria.fi\/wp-content\/uploads\/2023\/06\/Tottermans-gard-omkring-1929.-Juhani-Saaris-foto-768x491.jpg 768w, https:\/\/www.kristinestadshistoria.fi\/wp-content\/uploads\/2023\/06\/Tottermans-gard-omkring-1929.-Juhani-Saaris-foto-1536x982.jpg 1536w\" sizes=\"auto, (max-width: 2048px) 100vw, 2048px\" \/><figcaption id=\"caption-attachment-26627\" class=\"wp-caption-text\">L\u00e4ngst till v\u00e4nster Frans Henriksons g\u00e5rd, d\u00e4r bland annat KOP hade sitt kontor. I g\u00e5rden bredvid hade E. A. \u00d6sterholm sin urmakeriaff\u00e4r, som han hade \u00f6ppnat \u00e5r 1927. Den h\u00e4r lokalen \u00f6verl\u00e4t \u00d6sterholm efter n\u00e5gra \u00e5r \u00e5t sin l\u00e4rling Georg Henriksson och han flyttade d\u00e5 sin aff\u00e4r till en annan lokal l\u00e4ngs med \u00d6stra L\u00e5nggatan. I f\u00f6ljande byggnad som \u00e4gdes av Unionbanken hade Ab Mattson sin aff\u00e4r. I huvudbyggnaden p\u00e5 samma tomt fanns Unionsbankens kontor och Labors kontor och aff\u00e4r. Fotot som \u00e4r utl\u00e5nat av Juhani Saari \u00e4r taget omkring 1929.<\/figcaption><\/figure>\n<figure id=\"attachment_26611\" aria-describedby=\"caption-attachment-26611\" style=\"width: 2560px\" class=\"wp-caption alignnone\"><img loading=\"lazy\" decoding=\"async\" class=\"size-full wp-image-26611\" src=\"https:\/\/www.kristinestadshistoria.fi\/wp-content\/uploads\/2023\/06\/Liittopankki-kristiinankaupungin-konttori-ca-1928-scaled.jpg\" alt=\"\" width=\"2560\" height=\"1832\" srcset=\"https:\/\/www.kristinestadshistoria.fi\/wp-content\/uploads\/2023\/06\/Liittopankki-kristiinankaupungin-konttori-ca-1928-scaled.jpg 2560w, https:\/\/www.kristinestadshistoria.fi\/wp-content\/uploads\/2023\/06\/Liittopankki-kristiinankaupungin-konttori-ca-1928-300x215.jpg 300w, https:\/\/www.kristinestadshistoria.fi\/wp-content\/uploads\/2023\/06\/Liittopankki-kristiinankaupungin-konttori-ca-1928-1024x733.jpg 1024w, https:\/\/www.kristinestadshistoria.fi\/wp-content\/uploads\/2023\/06\/Liittopankki-kristiinankaupungin-konttori-ca-1928-768x550.jpg 768w, https:\/\/www.kristinestadshistoria.fi\/wp-content\/uploads\/2023\/06\/Liittopankki-kristiinankaupungin-konttori-ca-1928-1536x1099.jpg 1536w, https:\/\/www.kristinestadshistoria.fi\/wp-content\/uploads\/2023\/06\/Liittopankki-kristiinankaupungin-konttori-ca-1928-2048x1465.jpg 2048w\" sizes=\"auto, (max-width: 2560px) 100vw, 2560px\" \/><figcaption id=\"caption-attachment-26611\" class=\"wp-caption-text\">I den h\u00e4r byggnaden verkade Unionbanken mellan \u00e5ren 1920 och 1931. I samma byggnad hade Labor sin aff\u00e4r medan A. B. Mattson hade sin aff\u00e4r i sidobyggnaden l\u00e4ngre upp p\u00e5 torget. Fotot fr\u00e5n ELKA \u00e4r taget \u00e5r 1928.<\/figcaption><\/figure>\n<figure id=\"attachment_26616\" aria-describedby=\"caption-attachment-26616\" style=\"width: 1708px\" class=\"wp-caption alignnone\"><img loading=\"lazy\" decoding=\"async\" class=\"size-full wp-image-26616\" src=\"https:\/\/www.kristinestadshistoria.fi\/wp-content\/uploads\/2023\/06\/Alfred-Carlstrom-och-kusken-Carlsson-utanfor-banken-1879.jpg\" alt=\"\" width=\"1708\" height=\"928\" srcset=\"https:\/\/www.kristinestadshistoria.fi\/wp-content\/uploads\/2023\/06\/Alfred-Carlstrom-och-kusken-Carlsson-utanfor-banken-1879.jpg 1708w, https:\/\/www.kristinestadshistoria.fi\/wp-content\/uploads\/2023\/06\/Alfred-Carlstrom-och-kusken-Carlsson-utanfor-banken-1879-300x163.jpg 300w, https:\/\/www.kristinestadshistoria.fi\/wp-content\/uploads\/2023\/06\/Alfred-Carlstrom-och-kusken-Carlsson-utanfor-banken-1879-1024x556.jpg 1024w, https:\/\/www.kristinestadshistoria.fi\/wp-content\/uploads\/2023\/06\/Alfred-Carlstrom-och-kusken-Carlsson-utanfor-banken-1879-768x417.jpg 768w, https:\/\/www.kristinestadshistoria.fi\/wp-content\/uploads\/2023\/06\/Alfred-Carlstrom-och-kusken-Carlsson-utanfor-banken-1879-1536x835.jpg 1536w\" sizes=\"auto, (max-width: 1708px) 100vw, 1708px\" \/><figcaption id=\"caption-attachment-26616\" class=\"wp-caption-text\">Till v\u00e4nster syns T\u00f6ttermans g\u00e5rd f\u00f6re renoveringen och till h\u00f6ger Wendelins g\u00e5rd, som d\u00e5 \u00e4gdes av handlanden Konrad Sundman. I sl\u00e4den sitter familjen Carlstr\u00f6ms familj och Alfred blickar mot Wasa Aktie Banks filialkontor, d\u00e4r han var direkt\u00f6r. Carlstr\u00f6m h\u00e4stkusk hette Carlsson och var hemma fr\u00e5n Sverige och tydligen beh\u00e4rskade han k\u00f6randet med fyrspann. Fotot fr\u00e5n 1890-talet finns p\u00e5 stadens museum Carlsro.<\/figcaption><\/figure>\n<figure id=\"attachment_20143\" aria-describedby=\"caption-attachment-20143\" style=\"width: 1527px\" class=\"wp-caption alignnone\"><img loading=\"lazy\" decoding=\"async\" class=\"size-full wp-image-20143\" src=\"https:\/\/www.kristinestadshistoria.fi\/wp-content\/uploads\/2021\/03\/IMG_6316.jpg\" alt=\"\" width=\"1527\" height=\"996\" srcset=\"https:\/\/www.kristinestadshistoria.fi\/wp-content\/uploads\/2021\/03\/IMG_6316.jpg 1527w, https:\/\/www.kristinestadshistoria.fi\/wp-content\/uploads\/2021\/03\/IMG_6316-300x196.jpg 300w, https:\/\/www.kristinestadshistoria.fi\/wp-content\/uploads\/2021\/03\/IMG_6316-1024x668.jpg 1024w, https:\/\/www.kristinestadshistoria.fi\/wp-content\/uploads\/2021\/03\/IMG_6316-768x501.jpg 768w\" sizes=\"auto, (max-width: 1527px) 100vw, 1527px\" \/><figcaption id=\"caption-attachment-20143\" class=\"wp-caption-text\">Bild ur boken &#8221;Suomalaisia puukapunkeja&#8221; fr\u00e5n \u00e5r 1995, d\u00e4r Wendelins gamla g\u00e5rd pryder sin plats vid torget. F\u00f6r yngre l\u00e4sare m\u00e5ste f\u00f6rklaras att den lilla byggnaden vid bro\u00e4ndan \u00e4r en telefonkiosk, d\u00e4rifr\u00e5n man kunde ringa samtal om man f\u00f6rst stoppade mynt i apparaten.<\/figcaption><\/figure>\n<figure id=\"attachment_22118\" aria-describedby=\"caption-attachment-22118\" style=\"width: 2560px\" class=\"wp-caption alignnone\"><img loading=\"lazy\" decoding=\"async\" class=\"size-full wp-image-22118\" src=\"https:\/\/www.kristinestadshistoria.fi\/wp-content\/uploads\/2021\/09\/Pyp-kristiinankaupungin-konttori-1-scaled.jpg\" alt=\"\" width=\"2560\" height=\"1245\" srcset=\"https:\/\/www.kristinestadshistoria.fi\/wp-content\/uploads\/2021\/09\/Pyp-kristiinankaupungin-konttori-1-scaled.jpg 2560w, https:\/\/www.kristinestadshistoria.fi\/wp-content\/uploads\/2021\/09\/Pyp-kristiinankaupungin-konttori-1-300x146.jpg 300w, https:\/\/www.kristinestadshistoria.fi\/wp-content\/uploads\/2021\/09\/Pyp-kristiinankaupungin-konttori-1-1024x498.jpg 1024w, https:\/\/www.kristinestadshistoria.fi\/wp-content\/uploads\/2021\/09\/Pyp-kristiinankaupungin-konttori-1-768x373.jpg 768w, https:\/\/www.kristinestadshistoria.fi\/wp-content\/uploads\/2021\/09\/Pyp-kristiinankaupungin-konttori-1-1536x747.jpg 1536w, https:\/\/www.kristinestadshistoria.fi\/wp-content\/uploads\/2021\/09\/Pyp-kristiinankaupungin-konttori-1-2048x996.jpg 2048w\" sizes=\"auto, (max-width: 2560px) 100vw, 2560px\" \/><figcaption id=\"caption-attachment-22118\" class=\"wp-caption-text\">Det var i maj 1917 som &#8221;Nordiska F\u00f6reningsbanken f\u00f6r Handel och Industri&#8221; k\u00f6pte den h\u00e4r g\u00e5rden av handlanden Konrad Sundman. Fotot fr\u00e5n Nordeas historiska arkiv\/ELKA.<\/figcaption><\/figure>\n<figure id=\"attachment_22119\" aria-describedby=\"caption-attachment-22119\" style=\"width: 2503px\" class=\"wp-caption alignnone\"><img loading=\"lazy\" decoding=\"async\" class=\"size-full wp-image-22119\" src=\"https:\/\/www.kristinestadshistoria.fi\/wp-content\/uploads\/2021\/09\/Pyp-kristiinankaupungin-konttori-2.jpg\" alt=\"\" width=\"2503\" height=\"1491\" srcset=\"https:\/\/www.kristinestadshistoria.fi\/wp-content\/uploads\/2021\/09\/Pyp-kristiinankaupungin-konttori-2.jpg 2503w, https:\/\/www.kristinestadshistoria.fi\/wp-content\/uploads\/2021\/09\/Pyp-kristiinankaupungin-konttori-2-300x179.jpg 300w, https:\/\/www.kristinestadshistoria.fi\/wp-content\/uploads\/2021\/09\/Pyp-kristiinankaupungin-konttori-2-1024x610.jpg 1024w, https:\/\/www.kristinestadshistoria.fi\/wp-content\/uploads\/2021\/09\/Pyp-kristiinankaupungin-konttori-2-768x457.jpg 768w, https:\/\/www.kristinestadshistoria.fi\/wp-content\/uploads\/2021\/09\/Pyp-kristiinankaupungin-konttori-2-1536x915.jpg 1536w, https:\/\/www.kristinestadshistoria.fi\/wp-content\/uploads\/2021\/09\/Pyp-kristiinankaupungin-konttori-2-2048x1220.jpg 2048w\" sizes=\"auto, (max-width: 2503px) 100vw, 2503px\" \/><figcaption id=\"caption-attachment-22119\" class=\"wp-caption-text\">Under en l\u00e5ng fanns F\u00f6reningsbankens kontor och direkt\u00f6rens bostad i denna byggnad vid Salutorget. Fotot fr\u00e5n Nordeas historiska arkiv\/ELKA.<\/figcaption><\/figure>\n<figure id=\"attachment_28473\" aria-describedby=\"caption-attachment-28473\" style=\"width: 1327px\" class=\"wp-caption alignnone\"><img loading=\"lazy\" decoding=\"async\" class=\"size-full wp-image-28473\" src=\"https:\/\/www.kristinestadshistoria.fi\/wp-content\/uploads\/2024\/06\/IMG_3884.jpg\" alt=\"\" width=\"1327\" height=\"853\" srcset=\"https:\/\/www.kristinestadshistoria.fi\/wp-content\/uploads\/2024\/06\/IMG_3884.jpg 1327w, https:\/\/www.kristinestadshistoria.fi\/wp-content\/uploads\/2024\/06\/IMG_3884-300x193.jpg 300w, https:\/\/www.kristinestadshistoria.fi\/wp-content\/uploads\/2024\/06\/IMG_3884-1024x658.jpg 1024w, https:\/\/www.kristinestadshistoria.fi\/wp-content\/uploads\/2024\/06\/IMG_3884-768x494.jpg 768w\" sizes=\"auto, (max-width: 1327px) 100vw, 1327px\" \/><figcaption id=\"caption-attachment-28473\" class=\"wp-caption-text\">Fotot taget av Ines Hyv\u00f6nen.<\/figcaption><\/figure>\n<h3><strong>Nyare foton.<\/strong><\/h3>\n<figure id=\"attachment_30173\" aria-describedby=\"caption-attachment-30173\" style=\"width: 1643px\" class=\"wp-caption alignnone\"><img loading=\"lazy\" decoding=\"async\" class=\"size-full wp-image-30173\" src=\"https:\/\/www.kristinestadshistoria.fi\/wp-content\/uploads\/2025\/08\/P20240718M-4127-DJI-AC-wm-20mp.jpg\" alt=\"\" width=\"1643\" height=\"924\" srcset=\"https:\/\/www.kristinestadshistoria.fi\/wp-content\/uploads\/2025\/08\/P20240718M-4127-DJI-AC-wm-20mp.jpg 1643w, https:\/\/www.kristinestadshistoria.fi\/wp-content\/uploads\/2025\/08\/P20240718M-4127-DJI-AC-wm-20mp-300x169.jpg 300w, https:\/\/www.kristinestadshistoria.fi\/wp-content\/uploads\/2025\/08\/P20240718M-4127-DJI-AC-wm-20mp-1024x576.jpg 1024w, https:\/\/www.kristinestadshistoria.fi\/wp-content\/uploads\/2025\/08\/P20240718M-4127-DJI-AC-wm-20mp-768x432.jpg 768w, https:\/\/www.kristinestadshistoria.fi\/wp-content\/uploads\/2025\/08\/P20240718M-4127-DJI-AC-wm-20mp-1536x864.jpg 1536w\" sizes=\"auto, (max-width: 1643px) 100vw, 1643px\" \/><figcaption id=\"caption-attachment-30173\" class=\"wp-caption-text\">Salutorget fotograferat fr\u00e5n ovan \u00e5r 2024 av Mats Lind\u00e9n fr\u00e5n Sverige men som har r\u00f6tterna i P\u00e5skmark.<\/figcaption><\/figure>\n<figure id=\"attachment_30174\" aria-describedby=\"caption-attachment-30174\" style=\"width: 1643px\" class=\"wp-caption alignnone\"><img loading=\"lazy\" decoding=\"async\" class=\"size-full wp-image-30174\" src=\"https:\/\/www.kristinestadshistoria.fi\/wp-content\/uploads\/2025\/08\/P20240718M-4149-DJI-AC-wm-20mp.jpg\" alt=\"\" width=\"1643\" height=\"924\" srcset=\"https:\/\/www.kristinestadshistoria.fi\/wp-content\/uploads\/2025\/08\/P20240718M-4149-DJI-AC-wm-20mp.jpg 1643w, https:\/\/www.kristinestadshistoria.fi\/wp-content\/uploads\/2025\/08\/P20240718M-4149-DJI-AC-wm-20mp-300x169.jpg 300w, https:\/\/www.kristinestadshistoria.fi\/wp-content\/uploads\/2025\/08\/P20240718M-4149-DJI-AC-wm-20mp-1024x576.jpg 1024w, https:\/\/www.kristinestadshistoria.fi\/wp-content\/uploads\/2025\/08\/P20240718M-4149-DJI-AC-wm-20mp-768x432.jpg 768w, https:\/\/www.kristinestadshistoria.fi\/wp-content\/uploads\/2025\/08\/P20240718M-4149-DJI-AC-wm-20mp-1536x864.jpg 1536w\" sizes=\"auto, (max-width: 1643px) 100vw, 1643px\" \/><figcaption id=\"caption-attachment-30174\" class=\"wp-caption-text\">Salutorget fotograferat fr\u00e5n ovan \u00e5r 2024 av Mats Lind\u00e9n fr\u00e5n Sverige men som har r\u00f6tterna i P\u00e5skmark.<\/figcaption><\/figure>\n<p><img loading=\"lazy\" decoding=\"async\" class=\"alignnone size-full wp-image-28516\" src=\"https:\/\/www.kristinestadshistoria.fi\/wp-content\/uploads\/2024\/06\/Salutorget-juni-2024-12.jpg\" alt=\"\" width=\"1407\" height=\"711\" srcset=\"https:\/\/www.kristinestadshistoria.fi\/wp-content\/uploads\/2024\/06\/Salutorget-juni-2024-12.jpg 1407w, https:\/\/www.kristinestadshistoria.fi\/wp-content\/uploads\/2024\/06\/Salutorget-juni-2024-12-300x152.jpg 300w, https:\/\/www.kristinestadshistoria.fi\/wp-content\/uploads\/2024\/06\/Salutorget-juni-2024-12-1024x517.jpg 1024w, https:\/\/www.kristinestadshistoria.fi\/wp-content\/uploads\/2024\/06\/Salutorget-juni-2024-12-768x388.jpg 768w\" sizes=\"auto, (max-width: 1407px) 100vw, 1407px\" \/> <img loading=\"lazy\" decoding=\"async\" class=\"alignnone size-full wp-image-28515\" src=\"https:\/\/www.kristinestadshistoria.fi\/wp-content\/uploads\/2024\/06\/Salutorget-juni-2024-11.jpg\" alt=\"\" width=\"1412\" height=\"857\" srcset=\"https:\/\/www.kristinestadshistoria.fi\/wp-content\/uploads\/2024\/06\/Salutorget-juni-2024-11.jpg 1412w, https:\/\/www.kristinestadshistoria.fi\/wp-content\/uploads\/2024\/06\/Salutorget-juni-2024-11-300x182.jpg 300w, https:\/\/www.kristinestadshistoria.fi\/wp-content\/uploads\/2024\/06\/Salutorget-juni-2024-11-1024x622.jpg 1024w, https:\/\/www.kristinestadshistoria.fi\/wp-content\/uploads\/2024\/06\/Salutorget-juni-2024-11-768x466.jpg 768w\" sizes=\"auto, (max-width: 1412px) 100vw, 1412px\" \/> <img loading=\"lazy\" decoding=\"async\" class=\"alignnone size-full wp-image-28514\" src=\"https:\/\/www.kristinestadshistoria.fi\/wp-content\/uploads\/2024\/06\/Salutorget-juni-2024-7.jpg\" alt=\"\" width=\"1412\" height=\"1059\" srcset=\"https:\/\/www.kristinestadshistoria.fi\/wp-content\/uploads\/2024\/06\/Salutorget-juni-2024-7.jpg 1412w, https:\/\/www.kristinestadshistoria.fi\/wp-content\/uploads\/2024\/06\/Salutorget-juni-2024-7-300x225.jpg 300w, https:\/\/www.kristinestadshistoria.fi\/wp-content\/uploads\/2024\/06\/Salutorget-juni-2024-7-1024x768.jpg 1024w, https:\/\/www.kristinestadshistoria.fi\/wp-content\/uploads\/2024\/06\/Salutorget-juni-2024-7-768x576.jpg 768w\" sizes=\"auto, (max-width: 1412px) 100vw, 1412px\" \/> <img loading=\"lazy\" decoding=\"async\" class=\"alignnone size-full wp-image-28513\" src=\"https:\/\/www.kristinestadshistoria.fi\/wp-content\/uploads\/2024\/06\/Salutorget-juni-2024-4.jpg\" alt=\"\" width=\"1210\" height=\"908\" srcset=\"https:\/\/www.kristinestadshistoria.fi\/wp-content\/uploads\/2024\/06\/Salutorget-juni-2024-4.jpg 1210w, https:\/\/www.kristinestadshistoria.fi\/wp-content\/uploads\/2024\/06\/Salutorget-juni-2024-4-300x225.jpg 300w, https:\/\/www.kristinestadshistoria.fi\/wp-content\/uploads\/2024\/06\/Salutorget-juni-2024-4-1024x768.jpg 1024w, https:\/\/www.kristinestadshistoria.fi\/wp-content\/uploads\/2024\/06\/Salutorget-juni-2024-4-768x576.jpg 768w\" sizes=\"auto, (max-width: 1210px) 100vw, 1210px\" \/> <img loading=\"lazy\" decoding=\"async\" class=\"alignnone size-full wp-image-28512\" src=\"https:\/\/www.kristinestadshistoria.fi\/wp-content\/uploads\/2024\/06\/Salutorget-juni-2024-2.jpg\" alt=\"\" width=\"1171\" height=\"686\" srcset=\"https:\/\/www.kristinestadshistoria.fi\/wp-content\/uploads\/2024\/06\/Salutorget-juni-2024-2.jpg 1171w, https:\/\/www.kristinestadshistoria.fi\/wp-content\/uploads\/2024\/06\/Salutorget-juni-2024-2-300x176.jpg 300w, https:\/\/www.kristinestadshistoria.fi\/wp-content\/uploads\/2024\/06\/Salutorget-juni-2024-2-1024x600.jpg 1024w, https:\/\/www.kristinestadshistoria.fi\/wp-content\/uploads\/2024\/06\/Salutorget-juni-2024-2-768x450.jpg 768w\" sizes=\"auto, (max-width: 1171px) 100vw, 1171px\" \/> <img loading=\"lazy\" decoding=\"async\" class=\"alignnone size-full wp-image-28511\" src=\"https:\/\/www.kristinestadshistoria.fi\/wp-content\/uploads\/2024\/06\/IMG_9911.jpg\" alt=\"\" width=\"1210\" height=\"908\" srcset=\"https:\/\/www.kristinestadshistoria.fi\/wp-content\/uploads\/2024\/06\/IMG_9911.jpg 1210w, https:\/\/www.kristinestadshistoria.fi\/wp-content\/uploads\/2024\/06\/IMG_9911-300x225.jpg 300w, https:\/\/www.kristinestadshistoria.fi\/wp-content\/uploads\/2024\/06\/IMG_9911-1024x768.jpg 1024w, https:\/\/www.kristinestadshistoria.fi\/wp-content\/uploads\/2024\/06\/IMG_9911-768x576.jpg 768w\" sizes=\"auto, (max-width: 1210px) 100vw, 1210px\" \/><\/p>\n","protected":false},"excerpt":{"rendered":"<p>Nyare foton.<\/p>\n","protected":false},"author":1,"featured_media":0,"parent":21390,"menu_order":3,"comment_status":"closed","ping_status":"closed","template":"","meta":{"footnotes":""},"class_list":["post-28396","page","type-page","status-publish","hentry"],"_links":{"self":[{"href":"https:\/\/www.kristinestadshistoria.fi\/index.php?rest_route=\/wp\/v2\/pages\/28396","targetHints":{"allow":["GET"]}}],"collection":[{"href":"https:\/\/www.kristinestadshistoria.fi\/index.php?rest_route=\/wp\/v2\/pages"}],"about":[{"href":"https:\/\/www.kristinestadshistoria.fi\/index.php?rest_route=\/wp\/v2\/types\/page"}],"author":[{"embeddable":true,"href":"https:\/\/www.kristinestadshistoria.fi\/index.php?rest_route=\/wp\/v2\/users\/1"}],"replies":[{"embeddable":true,"href":"https:\/\/www.kristinestadshistoria.fi\/index.php?rest_route=%2Fwp%2Fv2%2Fcomments&post=28396"}],"version-history":[{"count":17,"href":"https:\/\/www.kristinestadshistoria.fi\/index.php?rest_route=\/wp\/v2\/pages\/28396\/revisions"}],"predecessor-version":[{"id":30809,"href":"https:\/\/www.kristinestadshistoria.fi\/index.php?rest_route=\/wp\/v2\/pages\/28396\/revisions\/30809"}],"up":[{"embeddable":true,"href":"https:\/\/www.kristinestadshistoria.fi\/index.php?rest_route=\/wp\/v2\/pages\/21390"}],"wp:attachment":[{"href":"https:\/\/www.kristinestadshistoria.fi\/index.php?rest_route=%2Fwp%2Fv2%2Fmedia&parent=28396"}],"curies":[{"name":"wp","href":"https:\/\/api.w.org\/{rel}","templated":true}]}}