{"id":23523,"date":"2022-04-16T14:45:46","date_gmt":"2022-04-16T11:45:46","guid":{"rendered":"https:\/\/www.kristinestadshistoria.fi\/?page_id=23523"},"modified":"2025-07-14T15:47:42","modified_gmt":"2025-07-14T12:47:42","slug":"23523-2","status":"publish","type":"page","link":"https:\/\/www.kristinestadshistoria.fi\/?page_id=23523","title":{"rendered":"Lars M\u00e5nsson Klemets fr\u00e5n Dagsmark."},"content":{"rendered":"<p><span style=\"color: #000080;\"><b>Sammanst\u00e4llt av Lasse Backlund i april 2022. Flera uppgifter \u00e4r tagna ur de sl\u00e4ktutredningar som Eva Gr\u00f6nlund har gjort om sl\u00e4kten Klemets i Dagsmark.<\/b><\/span><\/p>\n<p>Lars M\u00e5nsson f\u00f6ddes runt 1600 p\u00e5 Klemets hemman i Dagsmark och under \u00e5ren 1639 \u2013 1673 var han husbonde p\u00e5 det stora hemmanet. Hans far, bonden M\u00e5ns Olofsson var en f\u00f6rm\u00f6gen man, som \u00e5r 1571 hade \u201d5 h\u00e4star, 20 kor och 24 n\u00f6t och d\u00e4rtill hade han 35 riksdaler p\u00e5 kistbottnen\u201d. P\u00e5 det h\u00e4r hemmanet odlade Lars M\u00e5nsson r\u00e5g och korn, som han med egen skuta brukade f\u00f6ra till Stockholm. Enligt den svenska kronan var det till\u00e5tet f\u00f6r en bonde att med egen skuta f\u00f6ra \u201degen afvel\u201d till Stockholm men d\u00e4remot var f\u00f6rbjudet att ta med andra b\u00f6nders produkter. All handel p\u00e5 landet var ju f\u00f6rbjuden.<\/p>\n<p>Lars M\u00e5nsson hade dock ett visst samarbete med Anders Kempe, som var kyrkoherde i Lappfj\u00e4rd. Denne fick sin l\u00f6n av b\u00f6nderna i form av lantbruksprodukter och d\u00e4rtill hade hans hustru ett hemman i N\u00e4rpes. Det h\u00e4r betydde att kyrkoherden hade mer fisk, tj\u00e4ra, sm\u00f6r och s\u00e4d \u00e4n vad han beh\u00f6vde, s\u00e5 \u00e5r 1639 anlitade han Lars M\u00e5nsson f\u00f6r att skeppa \u00f6verskottet till Stockholm.<\/p>\n<p>Det h\u00e4r var ju inte till\u00e5tet och till p\u00e5 k\u00f6pet s\u00e5 seglade Lars M\u00e5nsson med sin last raka v\u00e4gen till Stockholm, utan att ta omv\u00e4gen via tullen i Vasa. V\u00e4l framme i Stockholm blev han angiven av n\u00e5gon handelsman fr\u00e5n Vasa, som hade sett Lars M\u00e5nsson anl\u00e4nda otullad till Stockholm.<\/p>\n<p>Detta brott ledde till r\u00e4tteg\u00e5ng, d\u00e4r han \u00e5talades och d\u00f6mdes till 40 riksdaler i b\u00f6ter och f\u00f6rlust av lasten. H\u00e4lften av lasten tillf\u00f6ll kronan och den andra halvan tillf\u00f6ll Vasa stad.<\/p>\n<p>Den h\u00e4r domen ledde till os\u00e4mja mellan bonden Lars M\u00e5nsson och kyrkoherde Kempe. De processade om vems lasten var och vem som skulle st\u00e5 f\u00f6r f\u00f6rlusten och \u00e5r 1641 anlitade de l\u00e4nsmannen i N\u00e4rpes f\u00f6r att l\u00f6sa tvisten, som troligen l\u00f6stes genom en f\u00f6rlikning.<\/p>\n<p>\u00c5r 1643 kom handelsm\u00e4nnen i Vasa \u00f6verens om till vilket pris de skulle s\u00e4lja sina varor p\u00e5 marknaden vid L\u00e5ng\u00f6 hamn i N\u00e4rpes. Priserna var givetvis i h\u00f6gre laget och p\u00e5 samma g\u00e5ng best\u00e4mde de till vilket pris de skulle k\u00f6pa produkterna av b\u00f6nderna. Den svenska kronan godk\u00e4nde inte detta avtal men det \u00e4r klart att b\u00f6nderna i Lappfj\u00e4rd och N\u00e4rpes inte litade p\u00e5 detta och de hade det sv\u00e5rt att samarbeta med handelsm\u00e4nnen i Vasa.<\/p>\n<p>Lars M\u00e5nsson m\u00e5ste ha haft talets f\u00f6rm\u00e5ga och d\u00e4rf\u00f6r valdes han en g\u00e5ng eller kanske tv\u00e5, att delta i riksdagen i Stockholm. Tillsammans med andra riksdagsm\u00e4n fr\u00e5n \u00d6sterbotten framf\u00f6rde han problemet med handeln och de d\u00e5liga sk\u00f6rdarna under flera \u00e5r. N\u00e5got geh\u00f6r f\u00f6r kraven fick han inte i Stockholm.<\/p>\n<p>Av allt detta kan vi dra slutsatsen att bonden och skepparen Lars M\u00e5nsson hade ett eget intresse att f\u00e5 en handelsplats grundad p\u00e5 n\u00e4rmare h\u00e5ll, helst d\u00e5 i Lappfj\u00e4rd.<\/p>\n<p>Till all lycka kunde han \u00f6vertyga Per Brahe och f\u00f6r detta lobbande yrkade han p\u00e5 ers\u00e4ttning av b\u00f6nderna i Lappfj\u00e4rd, d\u00e5 det b\u00f6rjade h\u00e5llas ting d\u00e4r \u00e5r 1654. Lars M\u00e5nsson Klemets fick sitt arvode, som i dag skulle kallas konsultarvode. I Kristinestad tycker vi att det var han v\u00e4l v\u00e4rd!<\/p>\n","protected":false},"excerpt":{"rendered":"<p>Sammanst\u00e4llt av Lasse Backlund i april 2022. Flera uppgifter \u00e4r tagna ur de sl\u00e4ktutredningar som Eva Gr\u00f6nlund har gjort om sl\u00e4kten Klemets i Dagsmark. Lars M\u00e5nsson f\u00f6ddes runt 1600 p\u00e5 Klemets hemman i Dagsmark och under \u00e5ren 1639 \u2013 1673 <a class=\"more-link\" href=\"https:\/\/www.kristinestadshistoria.fi\/?page_id=23523\">Forts\u00e4tt l\u00e4sa <span class=\"screen-reader-text\">  Lars M\u00e5nsson Klemets fr\u00e5n Dagsmark.<\/span><span class=\"meta-nav\">&rarr;<\/span><\/a><\/p>\n","protected":false},"author":1,"featured_media":0,"parent":23557,"menu_order":13,"comment_status":"closed","ping_status":"closed","template":"","meta":{"footnotes":""},"class_list":["post-23523","page","type-page","status-publish","hentry"],"_links":{"self":[{"href":"https:\/\/www.kristinestadshistoria.fi\/index.php?rest_route=\/wp\/v2\/pages\/23523","targetHints":{"allow":["GET"]}}],"collection":[{"href":"https:\/\/www.kristinestadshistoria.fi\/index.php?rest_route=\/wp\/v2\/pages"}],"about":[{"href":"https:\/\/www.kristinestadshistoria.fi\/index.php?rest_route=\/wp\/v2\/types\/page"}],"author":[{"embeddable":true,"href":"https:\/\/www.kristinestadshistoria.fi\/index.php?rest_route=\/wp\/v2\/users\/1"}],"replies":[{"embeddable":true,"href":"https:\/\/www.kristinestadshistoria.fi\/index.php?rest_route=%2Fwp%2Fv2%2Fcomments&post=23523"}],"version-history":[{"count":3,"href":"https:\/\/www.kristinestadshistoria.fi\/index.php?rest_route=\/wp\/v2\/pages\/23523\/revisions"}],"predecessor-version":[{"id":30043,"href":"https:\/\/www.kristinestadshistoria.fi\/index.php?rest_route=\/wp\/v2\/pages\/23523\/revisions\/30043"}],"up":[{"embeddable":true,"href":"https:\/\/www.kristinestadshistoria.fi\/index.php?rest_route=\/wp\/v2\/pages\/23557"}],"wp:attachment":[{"href":"https:\/\/www.kristinestadshistoria.fi\/index.php?rest_route=%2Fwp%2Fv2%2Fmedia&parent=23523"}],"curies":[{"name":"wp","href":"https:\/\/api.w.org\/{rel}","templated":true}]}}