{"id":23379,"date":"2022-03-27T23:05:52","date_gmt":"2022-03-27T20:05:52","guid":{"rendered":"https:\/\/www.kristinestadshistoria.fi\/?page_id=23379"},"modified":"2024-03-13T21:11:51","modified_gmt":"2024-03-13T19:11:51","slug":"ostra-langgatan-23-tomt-nr-225","status":"publish","type":"page","link":"https:\/\/www.kristinestadshistoria.fi\/?page_id=23379","title":{"rendered":"&#8221;De m\u00e5nga \u00e4garnas g\u00e5rd&#8221; p\u00e5 \u00d6stra L\u00e5nggatan 23"},"content":{"rendered":"<figure id=\"attachment_23374\" aria-describedby=\"caption-attachment-23374\" style=\"width: 2560px\" class=\"wp-caption alignnone\"><img loading=\"lazy\" decoding=\"async\" class=\"size-full wp-image-23374\" src=\"https:\/\/www.kristinestadshistoria.fi\/wp-content\/uploads\/2022\/03\/23-Ostra-Langgatan-4-scaled.jpg\" alt=\"\" width=\"2560\" height=\"1653\" srcset=\"https:\/\/www.kristinestadshistoria.fi\/wp-content\/uploads\/2022\/03\/23-Ostra-Langgatan-4-scaled.jpg 2560w, https:\/\/www.kristinestadshistoria.fi\/wp-content\/uploads\/2022\/03\/23-Ostra-Langgatan-4-300x194.jpg 300w, https:\/\/www.kristinestadshistoria.fi\/wp-content\/uploads\/2022\/03\/23-Ostra-Langgatan-4-1024x661.jpg 1024w, https:\/\/www.kristinestadshistoria.fi\/wp-content\/uploads\/2022\/03\/23-Ostra-Langgatan-4-768x496.jpg 768w, https:\/\/www.kristinestadshistoria.fi\/wp-content\/uploads\/2022\/03\/23-Ostra-Langgatan-4-1536x992.jpg 1536w, https:\/\/www.kristinestadshistoria.fi\/wp-content\/uploads\/2022\/03\/23-Ostra-Langgatan-4-2048x1322.jpg 2048w\" sizes=\"auto, (max-width: 2560px) 100vw, 2560px\" \/><figcaption id=\"caption-attachment-23374\" class=\"wp-caption-text\">Den h\u00e4r g\u00e5rden p\u00e5 \u00d6stra L\u00e5nggatan 23 byggdes \u00e5r 1830 och den bestod d\u00e5 av en storstuga och en kammare i den s\u00f6dra \u00e4ndan. Ing\u00e5ngen var fr\u00e5n g\u00e5rdssidan genom en farstu in till storstugan. P\u00e5 1980-talet f\u00f6rstorade de nuvarande \u00e4garna g\u00e5rden med en vinkel p\u00e5 g\u00e5rdssidan. Samtidigt \u00e5terst\u00e4llde de fasaden mot gatan, genom att byta ut de stora f\u00f6nster, som hade satts in p\u00e5 1960-talet. G\u00e5rden \u00e4r fotograferad fr\u00e5n nordost sommaren 2020.<\/figcaption><\/figure>\n<p><span style=\"color: #000080;\"><b>Sammanst\u00e4llt av Lasse Backlund i mars 2022. Uppgifterna \u00e4r tagna ur gamla mantalsl\u00e4ngder, lagfartsregister, kyrkb\u00f6cker och gamla tidningar. H\u00e5kan Str\u00f6m har bidragit med flera foton och m\u00e5nga andra personer har bidragit med viktig information.<\/b><\/span><\/p>\n<h3><strong>L\u00e4nkar:<\/strong><\/h3>\n<p>Om du vill l\u00e4sa om vilka brandf\u00f6rs\u00e4kringar som har tecknats f\u00f6r g\u00e5rdarna, s\u00e5 skall du klicka <a href=\"https:\/\/www.kristinestadshistoria.fi\/?page_id=25888\"><span style=\"color: #000080;\"><strong>H\u00c4R!<\/strong><\/span><\/a><\/p>\n<div class=\"mceTemp\"><\/div>\n<h2><strong>G\u00e5rdens och tomtens historia.<\/strong><\/h2>\n<figure id=\"attachment_23377\" aria-describedby=\"caption-attachment-23377\" style=\"width: 839px\" class=\"wp-caption alignnone\"><img loading=\"lazy\" decoding=\"async\" class=\"size-full wp-image-23377\" src=\"https:\/\/www.kristinestadshistoria.fi\/wp-content\/uploads\/2022\/03\/Stadsplan-1751-1.jpg\" alt=\"\" width=\"839\" height=\"578\" srcset=\"https:\/\/www.kristinestadshistoria.fi\/wp-content\/uploads\/2022\/03\/Stadsplan-1751-1.jpg 839w, https:\/\/www.kristinestadshistoria.fi\/wp-content\/uploads\/2022\/03\/Stadsplan-1751-1-300x207.jpg 300w, https:\/\/www.kristinestadshistoria.fi\/wp-content\/uploads\/2022\/03\/Stadsplan-1751-1-768x529.jpg 768w\" sizes=\"auto, (max-width: 839px) 100vw, 839px\" \/><figcaption id=\"caption-attachment-23377\" class=\"wp-caption-text\">P\u00e5 stadsplanen fr\u00e5n 1751 s\u00e5 ser vi att det inte d\u00e5 \u00e4nnu fanns n\u00e5gon tomt p\u00e5 \u00d6stra L\u00e5nggatan 23 men den kommer att bildas senare ungef\u00e4r d\u00e4r den bl\u00e5a rektangeln finns.<\/figcaption><\/figure>\n<p><strong>\u00c5r 1820<\/strong> \u00e4gdes den obebyggda tomten med numret 40 av handelsmansdottern Greta S\u00f6derman.<\/p>\n<p><strong>\u00c5r 1825<\/strong> \u00e4gdes den obebyggda tomten med numret 40 i det fj\u00e4rde kvarteret av borgaren Henrik Holmgren, som var f\u00f6dd \u00e5r 1793 i Lappfj\u00e4rd. Henrik var gift med Lovisa Flink, som var f\u00f6dd 1797 i Mustasaari socken, d\u00e4rifr\u00e5n hon flyttade 1817. De hade fosterdottern Fredrika Johansdotter, som var f\u00f6dd 1836 i Lappfj\u00e4rd och fostersonen Henrik Edvard Ljungqvist, som ocks\u00e5 var f\u00f6dd i Lappfj\u00e4rd \u00e5r 1838.<\/p>\n<p>Enligt uppgift i Per-Olof Jarles bok \u201dKristinestads byggnadshistoria\u201d, skulle den nuvarande g\u00e5rden vara byggd \u00e5r 1830 och i s\u00e5 fall av \u00e4garen, borgaren Henrik Holmgren.<\/p>\n<figure id=\"attachment_23375\" aria-describedby=\"caption-attachment-23375\" style=\"width: 522px\" class=\"wp-caption alignnone\"><img loading=\"lazy\" decoding=\"async\" class=\"size-full wp-image-23375\" src=\"https:\/\/www.kristinestadshistoria.fi\/wp-content\/uploads\/2022\/03\/Lases-ritning-av-garden-svart.jpg\" alt=\"\" width=\"522\" height=\"502\" srcset=\"https:\/\/www.kristinestadshistoria.fi\/wp-content\/uploads\/2022\/03\/Lases-ritning-av-garden-svart.jpg 522w, https:\/\/www.kristinestadshistoria.fi\/wp-content\/uploads\/2022\/03\/Lases-ritning-av-garden-svart-300x289.jpg 300w\" sizes=\"auto, (max-width: 522px) 100vw, 522px\" \/><figcaption id=\"caption-attachment-23375\" class=\"wp-caption-text\">Enligt Per-Olof Jarles bok s\u00e5 skulle g\u00e5rden ha sett ut s\u00e5 h\u00e4r och det gjorde den \u00e4nda till 1970-talet, d\u00e5 en ny farstukvist byggdes och den stora bakugnen revs.<\/figcaption><\/figure>\n<figure id=\"attachment_23378\" aria-describedby=\"caption-attachment-23378\" style=\"width: 775px\" class=\"wp-caption alignnone\"><img loading=\"lazy\" decoding=\"async\" class=\"size-full wp-image-23378\" src=\"https:\/\/www.kristinestadshistoria.fi\/wp-content\/uploads\/2022\/03\/Stadsplan-1825-1.jpg\" alt=\"\" width=\"775\" height=\"585\" srcset=\"https:\/\/www.kristinestadshistoria.fi\/wp-content\/uploads\/2022\/03\/Stadsplan-1825-1.jpg 775w, https:\/\/www.kristinestadshistoria.fi\/wp-content\/uploads\/2022\/03\/Stadsplan-1825-1-300x226.jpg 300w, https:\/\/www.kristinestadshistoria.fi\/wp-content\/uploads\/2022\/03\/Stadsplan-1825-1-768x580.jpg 768w\" sizes=\"auto, (max-width: 775px) 100vw, 775px\" \/><figcaption id=\"caption-attachment-23378\" class=\"wp-caption-text\">P\u00e5 stadsplanen fr\u00e5n 1825 s\u00e5 har \u00d6stra L\u00e5nggatan 23 f\u00e5tt tomtnumret 225 och den ligger i det fj\u00e4rde kvarteret.<\/figcaption><\/figure>\n<p><strong>\u00c5ren 1830 \u2013 1835 <\/strong>\u00e4gdes den h\u00e4r bebyggda tomten, som nu hade f\u00e5tt numret 225 i det fj\u00e4rde kvarteret enligt 1825 \u00e5rs stadsplan av borgaren Henrik Holmgren, som bodde med hustrun Lovisa och hos dem bodde ocks\u00e5 en piga som byttes s\u00e5 gott som varje \u00e5r. P\u00e5 hyra bodde styrmannen Henrik T\u00f6tterman en tid i b\u00f6rjan av decenniet.<\/p>\n<p><strong>\u00c5r 1840<\/strong> \u00e4gdes tomten nr 225 och g\u00e5rden av borgaren Henrik Holmgren och hans hustru Lovisa. I g\u00e5rden bodde ocks\u00e5 brandvakten Johan Flink, som ser ut att vara bror till Lovisa Holmgren.<\/p>\n<p><strong>\u00c5r 1845<\/strong> \u00e4gdes tomten nr 225 och g\u00e5rden av borgaren Henrik Holmgren och hans hustru Lovisa och hos dem bodde deras piga Gustafva. P\u00e5 hyra bodde handelsmansdottern Anna \u00c5berg med sin son Johan. D\u00e4r bodde ocks\u00e5 styrmannen Fredrik Amnell och soldat\u00e4nkan Greta Bergholm.<\/p>\n<p><strong>\u00c5r 1850 <\/strong>\u00e4gdes tomt nr 225 av borgaren Henrik Holmgren och hustrun Lovisa.<\/p>\n<p><strong>\u00c5r 1858<\/strong> \u00e4gdes g\u00e5rden av borgaren Henrik Holmgren och hos honom bodde dr\u00e4ngen Benjamin. P\u00e5 hyra bodde styrmannen Otto Wilhelm Forsberg, matrosen Harry Henrik Str\u00f6m med hustrun Karolina, vaktm\u00e4stare\u00e4nkan Eva Svedberg och sj\u00f6mannen Karl Svedberg.<\/p>\n<p><strong>\u00c5r 1860<\/strong> hade Henrik Holmgren avlidit och han \u00f6verlevdes av fosterdottern Fredrika Holmgren, som var gift med styrmannen Emil Strandberg och fostersonen, musikanten Henrik Edvard Ljungqvist. Vid bouppteckningen den 9 november 1860 \u00f6vertog fosterdottern Fredrika Johansdotter g\u00e5rden och tomten nr 225. Ljungqvist avsade sig all r\u00e4tt till g\u00e5rden. Fredrika var f\u00f6dd i Lappfj\u00e4rd \u00e5r 1836 och hon var dotter till bonden p\u00e5 Lillg\u00e4ls hemman Johan Bladholm (d.1837) och Greta (d.1842). Fredrika gifte sig \u00e5r 1864 med styrmannen Emil Strandberg, som var f\u00f6dd i Kask\u00f6 1833 och som flyttade till staden 1860.<\/p>\n<p><strong>Omkring 1863<\/strong> avled Fredrika Strandberg och g\u00e5rden \u00f6vertogs d\u00e5 av maken, styrmannen Emil Strandberg. Han s\u00e5lde d\u00e5 g\u00e5rden p\u00e5 auktion och h\u00f6gsta budet gavs av Erik Henrik Widlund.<\/p>\n<p><strong>\u00c5r 1864, den 18 juli\u00a0<\/strong>s\u00e5lde Erik Henrik Widlund g\u00e5rden och tomten 225 \u00e5t matrosen Johan Henrik Hedkrok f\u00f6r 1 010 mark. Denne \u00e4gde fr\u00e5n tidigare granntomten 226, allts\u00e5 \u00d6stra L\u00e5nggatan 25, d\u00e4r han ocks\u00e5 bodde. Han var f\u00f6dd i P\u00e5skmark \u00e5r 1832 och var gift med Kristina Wilhelmina (f. \u00e5r 1821 i Gamlakarleby), som kallades Mina. Hon hade tidigare varit gift Ekstr\u00f6m i Kask\u00f6 men flyttade d\u00e4rifr\u00e5n 1841 till staden. Hos dem bodde ocks\u00e5 Minas dotter Maria Kristina Ekstr\u00f6m. Maria gifte sig \u00e5r 1870 med Mats Edvard Nilsson och f\u00f6ljande \u00e5r fick de sonen Hugo Edvard. Hela den h\u00e4r familjen dog under en kort period i b\u00f6rjan av 1870-talet.<\/p>\n<p><strong>\u00c5r 1870<\/strong> \u00e4gdes b\u00e5da tomterna 225 och 226 av matrosen Johan Henrik Hedkrok och hans hustru Mina. P\u00e5 hyra bodde styrmannen Karl Johan Friske med hustrun Helena och 3 s\u00f6ner. Sj\u00f6mannen Johan Grannas (f.1836) och hans hustru Kristina, som kallades Stina bodde ocks\u00e5 p\u00e5 hyra, liksom qvinnan Katharina Westerlund.<\/p>\n<p><strong>\u00c5r 1873<\/strong> hade matrosen Hedkrok avlidit och b\u00e5da tomterna \u00f6vertogs d\u00e5 av \u00e4nkan Wilhelmina (f.1821), som kallades Mina och med henne d\u00e5 2 s\u00f6ner. Dessa bodde p\u00e5 \u00d6stra L\u00e5nggatan 25.<\/p>\n<p><strong>Mellan \u00e5ren 1875 och 1898<\/strong> \u00e4gdes tomterna 225 och 226 av sj\u00f6mans\u00e4nkan Vilhelmina Hedkrok.<\/p>\n<p><strong>\u00c5r 1875<\/strong> bodde skeppare\u00e4nkan Sofia Rosenholm p\u00e5 hyra i g\u00e5rden och hon var b\u00e5de sjuklig och fattig. Sj\u00f6mannen Johan Grannas bodde ocks\u00e5 d\u00e4r med sin Stina. Sj\u00f6manshustrun Johanns Erstr\u00f6m, bodde d\u00e4r liksom arbetaren Johan Wikl\u00f6f. P\u00e5 hyra bodde arbetskarlen Anders Palmberg och hustrun Lisa. De hade ocks\u00e5 en dotter Johanna (f.1846) som levde fattigt med 4 sm\u00e5 barn.<\/p>\n<p><strong>\u00c5r 1880<\/strong> bodde pigan Amanda Blomqvist (f.1859) hos Mina Hedkrok. P\u00e5 hyra bodde sjukliga och fattiga skeppare\u00e4nkan Sofia Rosenholm och tillsammans med henne bodde dottern Augustu (f.1856), som hade 2 sm\u00e5 barn. Med Sofia bodde ocks\u00e5 sonen Karl (f.1848) som levde p\u00e5 fattighj\u00e4lp. Sj\u00f6mannen Johan Grannas bodde kvar och nu bodde ocks\u00e5 en \u00e4nka Anna Hallberg i g\u00e5rden.<\/p>\n<p><strong>\u00c5r 1885<\/strong> bodde pigan Anna Klockars (f.1862) hos g\u00e5rds\u00e4garen Mina Hedkrok. P\u00e5 hyra bodde sj\u00f6mannen Emil Engman (f.1851) med hustrun Johanna (f.1859) och de var fattiga. Arbetskarls\u00e4nkan Maria Bergstr\u00f6m (f.1840) bodde p\u00e5 hyra med 2 sm\u00e5 barn och p\u00e5 hyra bodde ocks\u00e5 bagarl\u00e4rlingen Josef Anders Bergstr\u00f6m (f.1864). Sj\u00f6mans\u00e4nkan Johanna Erstr\u00f6m (f.1836) bodde med vuxna dottern Hulda (f.1863) och 2 minder\u00e5riga barn.<\/p>\n<p><strong>\u00c5r 1890<\/strong> bodde pigan Johanna Enlund (f.1870) hos Mina Hedkrok. Sj\u00f6mannen Johan Grannas bodde d\u00e4r, arbetaren Anders Palmberg likas\u00e5. Uppk\u00f6paren Fredrik Wilhelm Palmberg (f.1848) bodde p\u00e5 hyra med hustrun Ida och vuxna barnen Fredrik och Ida och 4 minder\u00e5riga barn. Sj\u00f6mansdottern Emeli Solander (f.1861) bodde d\u00e4r med en liten son och sj\u00f6manshustrun Johanna Engman (f.1846) bodde d\u00e4r med vuxna dottern Maria (f.1870) och 4 mindre barn. \u00c5ret innan hade ocks\u00e5 skr\u00e4ddaren Isak B\u00e4rlund (f.1848) bott i g\u00e5rden med hustrun Sofia (f.1844) och 4 sm\u00e5 barn. Makarna B\u00e4rlund f\u00f6rv\u00e4rvade ju senare g\u00e5rden <a href=\"https:\/\/www.kristinestadshistoria.fi\/?page_id=20245\">V\u00e4stra L\u00e5nggatan 37.<\/a><\/p>\n<p><strong>\u00c5r 1893<\/strong> tecknade sj\u00f6mans\u00e4nkan Wilhelmina Hedkrok en brandf\u00f6rs\u00e4kring p\u00e5 en del av byggnaderna p\u00e5 hennes tv\u00e5 tomter och om du vill l\u00e4sa mera om den och om byggnaderna, s\u00e5 skall du klicka <span style=\"color: #000080;\"><strong><a style=\"color: #000080;\" href=\"https:\/\/www.kristinestadshistoria.fi\/?page_id=25888\">H\u00c4R!<\/a><\/strong><\/span><\/p>\n<figure id=\"attachment_25890\" aria-describedby=\"caption-attachment-25890\" style=\"width: 1107px\" class=\"wp-caption alignnone\"><img loading=\"lazy\" decoding=\"async\" class=\"size-full wp-image-25890\" src=\"https:\/\/www.kristinestadshistoria.fi\/wp-content\/uploads\/2023\/04\/Tomtkarta-1893-liten.jpg\" alt=\"\" width=\"1107\" height=\"717\" srcset=\"https:\/\/www.kristinestadshistoria.fi\/wp-content\/uploads\/2023\/04\/Tomtkarta-1893-liten.jpg 1107w, https:\/\/www.kristinestadshistoria.fi\/wp-content\/uploads\/2023\/04\/Tomtkarta-1893-liten-300x194.jpg 300w, https:\/\/www.kristinestadshistoria.fi\/wp-content\/uploads\/2023\/04\/Tomtkarta-1893-liten-1024x663.jpg 1024w, https:\/\/www.kristinestadshistoria.fi\/wp-content\/uploads\/2023\/04\/Tomtkarta-1893-liten-768x497.jpg 768w\" sizes=\"auto, (max-width: 1107px) 100vw, 1107px\" \/><figcaption id=\"caption-attachment-25890\" class=\"wp-caption-text\">D\u00e5 \u00e4nkan Hedkrok skulle brandf\u00f6rs\u00e4kra byggnaderna p\u00e5 sina tv\u00e5 tomter, s\u00e5 skulle det bifogas en planteckning p\u00e5 tomten och s\u00e5 h\u00e4r var husen placerade enligt den renritade versionen.<\/figcaption><\/figure>\n<p><strong>\u00c5r 1895<\/strong> \u00e4gdes ju b\u00e5da tomterna \u00e4nnu av sj\u00f6mans\u00e4nkan Mina Hedkrok. P\u00e5 hyra bodde sj\u00f6mannen Johan Grannas med hustrun Stina, \u00e4nkan Selma Sj\u00f6gren (f.1852) med dottern Selma (f.1873) och fattiga \u00e4nkan Wilhelmina H\u00e4ggqvist (f.1834). Sedan \u00e5r 1893 bodde arbetskarlen Johan Niemi (f.1866) i g\u00e5rden p\u00e5 hyra med hustrun Ida (f.1870). Johan Henrik Niemi var f\u00f6dd i Lappfj\u00e4rd 1866 och som sj\u00f6man gifte han sig \u00e5r 1893 med Ida Bergholm, som var f\u00f6dd i Stor\u00e5 1870 och de hade inga barn.<\/p>\n<p><strong>\u00c5r 1898, i februari<\/strong> s\u00e5lde \u00e4nkan Mina Hedkrok tomten 225 och g\u00e5rden fr\u00e5n 1830 p\u00e5 \u00d6stra L\u00e5nggatan 23 f\u00f6r 1\u00a0300 mark \u00e5t den tidigare hyresg\u00e4sten Johan Niemi (f.1866), som nu \u00e4r poliskonstapel och hans hustru Ida (f.1870). S\u00e4ljaren, \u00e4nkan Mina Hedkrok blev boende i sin \u00e4gande g\u00e5rd p\u00e5 tomt 226, allts\u00e5 \u00d6stra L\u00e5nggatan 25.<\/p>\n<p><strong>\u00c5r 1899<\/strong> bodde i Johan Niemis g\u00e5rd snickarges\u00e4llen Karl Nordberg (f.1872) p\u00e5 hyra med hustru och barn. P\u00e5 hyra bodde ocks\u00e5 arbetaren Otto Kuuttila (f.1859) med hustrun Sofia, \u00e4nkan Maria Hallberg (f.1856) och qvinnan Mina H\u00e4ggqvist (f.1834).<\/p>\n<p><strong>\u00c5r 1900<\/strong> \u00e4gdes tomten nr 225 p\u00e5 \u00d6stra L\u00e5nggatan 23 av poliskonstapel Johan Niemi (f.1866) och hans hustru Ida (f.1870). P\u00e5 hyra bodde arbetaren Johan Sandstr\u00f6m (f.1851) med sonen Emil (f.1876) och 2 mindre s\u00f6ner. Johan hade tidigare \u00e4gt g\u00e5rden p\u00e5 <a href=\"https:\/\/www.kristinestadshistoria.fi\/?page_id=21807\">Staketgatan 24<\/a>, som han s\u00e5lde \u00e5t muraren Karl H\u00f6gback. Ett par \u00e5r senare bodde Johans son Emil p\u00e5 hyra, och arbetaren Karl Johan Nordberg (f.1846) bodde ocks\u00e5 p\u00e5 hyra. \u00c5r 1904 bodde skomakaren Karl Andersson (f.1863) p\u00e5 hyra med sin hustru Gustafva (f.1864) och hos dem bodde ocks\u00e5 l\u00e4rlingen V\u00e4in\u00f6 \u00c4yr\u00e4s (f.1885).<\/p>\n<p><strong>\u00c5r 1905<\/strong> \u00e4gdes g\u00e5rden nr 225 av poliskonstapel Johan Niemi och hans hustru Ida. Hos dem bodde ocks\u00e5 Idas syster Hilma Bergholm (f.1882). Skomakarl\u00e4rlingen V\u00e4in\u00f6 \u00c4yr\u00e4s bodde p\u00e5 hyra. F\u00f6ljande \u00e5r bytte Johan bransch d\u00e5 han blev fiskhandlare.<\/p>\n<p><strong>\u00c5r 1906<\/strong> flyttade bokbindaren E. W. Ekman sin r\u00f6relse fr\u00e5n Strandgatan 29 till Niemis g\u00e5rd och d\u00e4r s\u00e5lde han ocks\u00e5 kontorsb\u00f6cker och ramlister. Det h\u00e4r bokbinderiet fanns troligtvis i byggnaden upp p\u00e5 berget.<\/p>\n<p><strong>\u00c5r 1910<\/strong> \u00e4gdes g\u00e5rden nr 225 av Johan Niemi (f.1866) och hustrun Ida (f.1870), som nu har blivit fiskhandlare. Tj\u00e4narinnan Hilma Bergholm \u00e4r fortfarande skriven i g\u00e5rden, trots att hon nu hade flyttat till Vasa men skomakarl\u00e4rlingen V\u00e4in\u00f6 \u00c4yr\u00e4s bor kvar.<\/p>\n<p><strong>\u00c5r 1914, den 18 april<\/strong> s\u00e5lde fiskhandlare Johan Niemi g\u00e5rden \u00d6stra L\u00e5nggatan 23 \u00e5t \u00e4nkan Maria Hirvi f\u00f6r 5 000 mark. Fiskhandlare Niemi hade i juni \u00e5ret innan k\u00f6pt granng\u00e5rden p\u00e5 \u00d6stra L\u00e5nggatan 25 av handlandesonen Ture Granfors och hans systrar f\u00f6r 3 500 mark och han flyttade d\u00e5 dit.<\/p>\n<p><strong>\u00c5r 1917, den 9 juli 1917<\/strong> s\u00e5lde \u00e4nkan Maria Hirvi tomten nr 225 och g\u00e5rden \u00e5t arbetaren Anton Pihlaja f\u00f6r 6\u00a0000 mark.<\/p>\n<p><strong>\u00c5r 1918, den 23 augusti<\/strong> s\u00e5lde arbetaren Anton Pihlaja och hans hustru Hilma tomten och g\u00e5rden \u00e5t l\u00e4raren Kustaa Ville Koski f\u00f6r 12 000 mark.<\/p>\n<p><strong>\u00c5r 1918, den 12 september<\/strong> s\u00e5lde folkskoll\u00e4raren Kustaa Ville Koski g\u00e5rden \u00e5r Viktor Joki f\u00f6r 15\u00a0000 mark.<\/p>\n<p><strong>\u00c5r 1919, den 18 januari<\/strong> s\u00e5lde Viktor Joki g\u00e5rden \u00e5t Samuel Bj\u00f6rni f\u00f6r 18\u00a0000 mark.<\/p>\n<p><strong>\u00c5r 1919, den 20 januari<\/strong> s\u00e5lde Samuel Bj\u00f6rni g\u00e5rden \u00e5t Samuel \u00c4yst\u00f6 f\u00f6r 22\u00a0000 mark.<\/p>\n<p><strong>\u00c5r 1919, den 22 maj<\/strong> s\u00e5lde Samuel \u00c4yst\u00f6 g\u00e5rden \u00e5t Oskar Peltola f\u00f6r 22\u00a0500 mark.<\/p>\n<p><strong>\u00c5r 1919, den 18 oktober<\/strong> s\u00e5lde Oskar Peltola g\u00e5rden \u00e5t Matti Marttila f\u00f6r 22\u00a0000 mark.<\/p>\n<p><strong>\u00c5r 1921, den 6 augusti<\/strong> s\u00e5lde Matti Marttila g\u00e5rden \u00e5t poliskonstapel Emil Hinders och hustrun Emilia f\u00f6r 25\u00a0000 mark<\/p>\n<p><strong>\u00c5r 1922, den 20 november<\/strong> s\u00e5lde poliskonstapeln Emil Hinders g\u00e5rden \u00e5t sj\u00f6mannen Wilhelm Melander (1860-1928) och hans hustru Anna(f\u00f6dd Bj\u00f6rk 1858)\u00a0 f\u00f6r 35 000 mark. Melanders bodde sedan mitten av 1880-talet p\u00e5 andra sidan gatan, p\u00e5 <a href=\"https:\/\/www.kristinestadshistoria.fi\/?page_id=19506\">\u00d6stra L\u00e5nggatan 24<\/a> d\u00e4r de ocks\u00e5 fortsatte att bo. I den nyink\u00f6pta g\u00e5rden bodde i st\u00e4llet deras son, sj\u00f6mannen Torsten Melander (f.1893) och hustrun Lempi (f.1894). P\u00e5 hyra bodde ocks\u00e5 arbetaren Jaakko Kulmala (f.1875) med sin hush\u00e5llerska Lisa Suomela (f.1880) som ocks\u00e5 hade en minder\u00e5rig son.<\/p>\n<p><strong>\u00c5r 1928, den 29<\/strong> <strong>november<\/strong> s\u00e5lde Wilhelm och Anna Melander g\u00e5rden \u00e5t sin son, sj\u00f6mannen Torsten (1893-1932) f\u00f6r 35 000 mark. Han var f\u00f6dd i staden och han gifte sig \u00e5r 1915 med Lempi, som var f\u00f6dd Holli 1894. Hon hade fr\u00e5n tidigare o\u00e4kta sonen Veikko (f.1914). Torsten hade fr\u00e5n och med maj 1922 arbetat som polis i Vasa. Efter att arbetaren Jaakko Kulmala flyttade bort, s\u00e5 bodde ett stort antal hyresg\u00e4ster i g\u00e5rden under kortare perioder.<\/p>\n<p><strong>\u00c5r 1932, den 10 oktober<\/strong> avled sj\u00f6mannen Torsten Melander och g\u00e5rden \u00f6vertogs d\u00e5\u00a0 av \u00e4nkan Lempi och Torstens syster Eva, som var f\u00f6dd \u00e5r 1890 och bodde ogift i Vasa.<\/p>\n<p><strong>\u00c5r 1933, den 30 mars<\/strong> s\u00e5lde \u00e4nkan Lempi Melander med fullmakt av sin sv\u00e4gerska Eva Melander i Vasa g\u00e5rden \u00e5t handelsbitr\u00e4det Karl Forsstr\u00f6m (f.1908) f\u00f6r 18 000 mark. Lempi och hennes son Veikko Melander flyttade samtidigt till Vasa. K\u00f6paren Karl var f\u00f6dd p\u00e5 <a href=\"https:\/\/www.kristinestadshistoria.fi\/?page_id=23261\">Strandgatan 31<\/a> och hans hustru Signe (f.H\u00f6gback 1909) var f\u00f6dd p\u00e5 <a href=\"https:\/\/www.kristinestadshistoria.fi\/?page_id=21807\">Staketgatan 24.<\/a> Karl och Signe hade tidigare bott p\u00e5 Strandgatan 23 p\u00e5 hyra. Arbetaren Arvo Eklund (f.1901) var mantalsskriven som boende i g\u00e5rden trots att han hade rest till Amerika men det ser ut som att hustrun Selma (f.1897) skulle bo d\u00e4r med en son.<\/p>\n<figure id=\"attachment_23381\" aria-describedby=\"caption-attachment-23381\" style=\"width: 1440px\" class=\"wp-caption alignnone\"><img loading=\"lazy\" decoding=\"async\" class=\"size-full wp-image-23381\" src=\"https:\/\/www.kristinestadshistoria.fi\/wp-content\/uploads\/2022\/03\/1937-OL23.jpg\" alt=\"\" width=\"1440\" height=\"952\" srcset=\"https:\/\/www.kristinestadshistoria.fi\/wp-content\/uploads\/2022\/03\/1937-OL23.jpg 1440w, https:\/\/www.kristinestadshistoria.fi\/wp-content\/uploads\/2022\/03\/1937-OL23-300x198.jpg 300w, https:\/\/www.kristinestadshistoria.fi\/wp-content\/uploads\/2022\/03\/1937-OL23-1024x677.jpg 1024w, https:\/\/www.kristinestadshistoria.fi\/wp-content\/uploads\/2022\/03\/1937-OL23-768x508.jpg 768w\" sizes=\"auto, (max-width: 1440px) 100vw, 1440px\" \/><figcaption id=\"caption-attachment-23381\" class=\"wp-caption-text\">Signe Forsstr\u00f6m och de tv\u00e5 d\u00f6ttrarna leker p\u00e5 g\u00e5rden framf\u00f6r den nybyggda lekstugan. Nedanf\u00f6r lekstugan fanns i tiderna en brunn. Fotot fr\u00e5n 1937 \u00e4r utl\u00e5nat av H\u00e5kan Str\u00f6m.<\/figcaption><\/figure>\n<p><strong>\u00c5r 1939<\/strong> \u00e4gdes tomten och g\u00e5rden p\u00e5 \u00d6stra L\u00e5nggatan 23 av handelsbitr\u00e4det Karl Forsstr\u00f6m och hustrun Signe, som var f\u00f6dd H\u00f6gback. Med dem bodde ocks\u00e5 d\u00f6ttrarna G\u00f6ta Viola (f.1932) och Gunnevi Elisabeth (f.1935). P\u00e5 hyra bodde ocks\u00e5 amerika\u00e4nkan Selma Eklund (f\u00f6dd Jansson i Lappfj\u00e4rd \u00e5r 1897) med sonen Ragnar Eliel (f. i Tj\u00f6ck 1923).<\/p>\n<p><strong>I b\u00f6rjan av 1940-talet<\/strong> flyttade amerika\u00e4nkan Eklund bort och i st\u00e4llet flyttade kass\u00f6rskan Annie Maria Klockars dit. Hon var f\u00f6dd i Lappfj\u00e4rd \u00e5r 1918.<\/p>\n<p><strong>I b\u00f6rjan av 1950-talet<\/strong> \u00e4gdes g\u00e5rden av Karl och Signe Forsstr\u00f6m, och hos dem bodde b\u00e5da d\u00f6ttrarna. Hos Forsstr\u00f6m bodde ocks\u00e5 deras fosterdotter, Signes systerdotter Ulla Koivisto (f.1946). P\u00e5 hyra bodde Annie Maria Klockars, som nu hade gift sig med Esko Wilhelm Koskenmies, som var f\u00f6dd 1915 i Keuruu och de bodde d\u00e5 i den \u00f6vre g\u00e5rden.<\/p>\n<figure id=\"attachment_23384\" aria-describedby=\"caption-attachment-23384\" style=\"width: 989px\" class=\"wp-caption alignnone\"><img loading=\"lazy\" decoding=\"async\" class=\"size-full wp-image-23384\" src=\"https:\/\/www.kristinestadshistoria.fi\/wp-content\/uploads\/2022\/03\/Hakan-53.jpg\" alt=\"\" width=\"989\" height=\"1440\" srcset=\"https:\/\/www.kristinestadshistoria.fi\/wp-content\/uploads\/2022\/03\/Hakan-53.jpg 989w, https:\/\/www.kristinestadshistoria.fi\/wp-content\/uploads\/2022\/03\/Hakan-53-206x300.jpg 206w, https:\/\/www.kristinestadshistoria.fi\/wp-content\/uploads\/2022\/03\/Hakan-53-703x1024.jpg 703w, https:\/\/www.kristinestadshistoria.fi\/wp-content\/uploads\/2022\/03\/Hakan-53-768x1118.jpg 768w\" sizes=\"auto, (max-width: 989px) 100vw, 989px\" \/><figcaption id=\"caption-attachment-23384\" class=\"wp-caption-text\">H\u00e5kan Str\u00f6m framf\u00f6r lekstugan p\u00e5 den h\u00e5rt sluttande g\u00e5rdsplanen \u00e5r 1953. Han har ber\u00e4ttat att en vinter kom en av stadens h\u00e4stf\u00f6rare med h\u00e4st och vagn med en leverans. Nu bar det sig inte b\u00e4ttre \u00e4n att ekipaget kom i r\u00f6relse och skurrade nerf\u00f6r backen och h\u00e4sten for igenom g\u00e5grinden men k\u00e4rran var f\u00f6r bred f\u00f6r den, s\u00e5 det tog tv\u00e4rstopp. H\u00e4sten stack ut p\u00e5 \u00d6stra L\u00e5nggatan men vagnen fastnade. Vad han minns s\u00e5 klarade sig h\u00e4st, vagn och k\u00f6rkarl utan skador men m\u00f6jligen med ett minne f\u00f6r livet. Ibland var det inte l\u00e4tt att vara forkarl med h\u00e4st och vagn i Kristinestad.<\/figcaption><\/figure>\n<p><strong>I mitten av 1950-talet<\/strong> \u00e4gdes g\u00e5rden av Karl Forsstr\u00f6m, som nu var aff\u00e4rsman. Han bodde med hustrun Signe och hos dem bodde dottern Gunnevi. Den andra dottern G\u00f6ta hade i mars 1952 gift sig med Nils Gustav Str\u00f6m (1929-2015) fr\u00e5n Yttermark och hon bodde ocks\u00e5 i g\u00e5rden med sonen H\u00e5kan (f.1952). G\u00f6ta och Nils Str\u00f6m flyttade till Sverige i november 1955 medan sonen H\u00e5kan stannade hos morf\u00f6r\u00e4ldrarna till juli 1956 d\u00e5 ocks\u00e5 han flyttade till Sverige. Gunnevi gifte sig sedan med Magnus Sigg fr\u00e5n Pjelax, d\u00e4r de fortfarande bor.<\/p>\n<p><strong>I slutet av 1950-talet<\/strong> \u00e4gdes g\u00e5rden av Karl och Signe Forsstr\u00f6m. De egna d\u00f6ttrarna hade nu flyttat bort men deras fosterdotter Ulla Koivisto bodde fortfarande kvar. Signes far, Karl H\u00f6gback, som var sjuklig hade tillf\u00e4lligt flyttat fr\u00e5n <a href=\"https:\/\/www.kristinestadshistoria.fi\/?page_id=21807\">Staketgatan 24<\/a> och han bodde tidvis i g\u00e5rden uppe p\u00e5 backen, eftersom hans g\u00e5rd p\u00e5 Svin\u00e5kersbackan h\u00f6ll p\u00e5 att renoveras.<\/p>\n<figure id=\"attachment_23382\" aria-describedby=\"caption-attachment-23382\" style=\"width: 1440px\" class=\"wp-caption alignnone\"><img loading=\"lazy\" decoding=\"async\" class=\"size-full wp-image-23382\" src=\"https:\/\/www.kristinestadshistoria.fi\/wp-content\/uploads\/2022\/03\/1957.jpg\" alt=\"\" width=\"1440\" height=\"958\" srcset=\"https:\/\/www.kristinestadshistoria.fi\/wp-content\/uploads\/2022\/03\/1957.jpg 1440w, https:\/\/www.kristinestadshistoria.fi\/wp-content\/uploads\/2022\/03\/1957-300x200.jpg 300w, https:\/\/www.kristinestadshistoria.fi\/wp-content\/uploads\/2022\/03\/1957-1024x681.jpg 1024w, https:\/\/www.kristinestadshistoria.fi\/wp-content\/uploads\/2022\/03\/1957-768x511.jpg 768w\" sizes=\"auto, (max-width: 1440px) 100vw, 1440px\" \/><figcaption id=\"caption-attachment-23382\" class=\"wp-caption-text\">\u00c5r 1957 bodde familjen Forsstr\u00f6m i g\u00e5rden och den hade d\u00e5 \u00e4nnu farstukvisten i den norra \u00e4ndan av g\u00e5rden. Till v\u00e4nster st\u00e5r Gunnevi Sigg med dottern Benita i famnen och l\u00e4ngst fram st\u00e5r Ulla Koivisto eller Forsstr\u00f6m. L\u00e4ngst bak i mitten st\u00e5r Karl H\u00f6gback och till h\u00f6ger st\u00e5r Signe och Kalle Forsstr\u00f6m. Fotot utl\u00e5nat av H\u00e5kan Str\u00f6m.<\/figcaption><\/figure>\n<p><strong>\u00c5r 1959<\/strong> flyttade Karl och Signe Forsstr\u00f6m till Signes barndomshem p\u00e5 <a href=\"https:\/\/www.kristinestadshistoria.fi\/?page_id=21807\">Staketgatan 24<\/a>. Den h\u00e4r g\u00e5rden hade de k\u00f6pt av Karl H\u00f6gback redan 1952 men den g\u00e5rden kr\u00e4vde en st\u00f6rre renovering och tillbyggnad. Nu kunde de b\u00e5da flytta dit tillsammans med fosterdottern Ulla och Signes far Karl H\u00f6gback.<\/p>\n<p><strong>\u00c5r 1960, den 26 mars<\/strong> s\u00e5lde Karl och Signe Forsstr\u00f6m g\u00e5rden p\u00e5 \u00d6stra L\u00e5nggatan 23 \u00e5t Ernst och Adele Lindstr\u00f6m f\u00f6r 850 000 mark. Ernst var f\u00f6dd 1930 och arbetade som telefonmont\u00f6r och han var gift med Adele (f.Gr\u00f6nlund 1924) och de hade f\u00f6re det bott p\u00e5 hyra p\u00e5 \u00d6stra L\u00e5nggatan 53. Ernsts mor bodde en tid i den \u00f6vre g\u00e5rden uppe p\u00e5 berget. Till deras g\u00e5rd flyttade studeranden Claes-Henrik Bj\u00f6rses (f.1943) som f\u00f6re det hade bott i f\u00f6r\u00e4ldrarnas g\u00e5rd p\u00e5 Staketgatan 11, men dessa flyttade till Sverige 1960 men sonen stannade kvar f\u00f6r att slutf\u00f6ra studierna. Till g\u00e5rden flyttade ocks\u00e5 pension\u00e4r Karl Fredrik Gr\u00f6nlund (f.1892) och hans hustru Hilma Sofia (f. Berg i Lappfj\u00e4rd \u00e5r 1890). De hade tidigare bott i kapten Starcks g\u00e5rd p\u00e5 Strandgatan 58, som just d\u00e5 \u00e4gdes av Martti Viklund.<\/p>\n<figure id=\"attachment_23376\" aria-describedby=\"caption-attachment-23376\" style=\"width: 1774px\" class=\"wp-caption alignnone\"><img loading=\"lazy\" decoding=\"async\" class=\"size-full wp-image-23376\" src=\"https:\/\/www.kristinestadshistoria.fi\/wp-content\/uploads\/2022\/03\/Rosbloms-malning-av-Reino-.jpg\" alt=\"\" width=\"1774\" height=\"1047\" srcset=\"https:\/\/www.kristinestadshistoria.fi\/wp-content\/uploads\/2022\/03\/Rosbloms-malning-av-Reino-.jpg 1774w, https:\/\/www.kristinestadshistoria.fi\/wp-content\/uploads\/2022\/03\/Rosbloms-malning-av-Reino--300x177.jpg 300w, https:\/\/www.kristinestadshistoria.fi\/wp-content\/uploads\/2022\/03\/Rosbloms-malning-av-Reino--1024x604.jpg 1024w, https:\/\/www.kristinestadshistoria.fi\/wp-content\/uploads\/2022\/03\/Rosbloms-malning-av-Reino--768x453.jpg 768w, https:\/\/www.kristinestadshistoria.fi\/wp-content\/uploads\/2022\/03\/Rosbloms-malning-av-Reino--1536x907.jpg 1536w\" sizes=\"auto, (max-width: 1774px) 100vw, 1774px\" \/><figcaption id=\"caption-attachment-23376\" class=\"wp-caption-text\">Ernst Lindstr\u00f6m genomf\u00f6rde en st\u00f6rre renovering av g\u00e5rden p\u00e5 1960-talet, d\u00e5 bland annat farstukvisten flyttades fr\u00e5n den norra \u00e4ndan till den s\u00f6dra. Den h\u00e4r m\u00e5lningen av g\u00e5rden gjorde den k\u00e4nda konstn\u00e4ren Rosblom och det h\u00e4r torde vara sista verk, eftersom han dog samma dag som tavlan levererades. Fotot av tavlan \u00e4r taget av Reino Mannila.<\/figcaption><\/figure>\n<p><strong>I mitten av 1960-talet<\/strong> \u00e4gdes g\u00e5rden av Ernst och Adele Lindstr\u00f6m. Claes-Henrik Bj\u00f6rses hade flyttat till Sverige men Rurik Johannes West, som var f\u00f6dd i Sideby hade flyttat dit fr\u00e5n Alesundet. Karl Fredrik Gr\u00f6nlund hade avlidit men \u00e4nkan Hilma Sofia bodde kvar.<\/p>\n<p><strong>\u00c5r 1970, den 17 februari<\/strong> s\u00e5lde Ernst och Adele Lindstr\u00f6m tomten och g\u00e5rden f\u00f6r 9 500 mark \u00e5t verkstadsarbetaren Bror Erik Bergfast (f.1948 i Lappfj\u00e4rd). S\u00e4ljarna Lindstr\u00f6m flyttade sj\u00e4lva ut till Alesundet. I mars 1971 gifte sig Bror Erik med Maj-Lis &#8221;Maja&#8221; Pihlaja, som var dotter till Urho Pihlaja i Kristinestad. Bror Erik och Maj-Lis flyttade efter en tid till Vasa och p\u00e5 hyra bodde d\u00e5 r\u00f6rmokaren Karl Erik Hiipakka (f.1946) som var gift med posttj\u00e4nstemannen Gunnel (f.1947, d. 2001, dotter till Georg Henriksson).<\/p>\n<figure id=\"attachment_23383\" aria-describedby=\"caption-attachment-23383\" style=\"width: 1440px\" class=\"wp-caption alignnone\"><img loading=\"lazy\" decoding=\"async\" class=\"size-full wp-image-23383\" src=\"https:\/\/www.kristinestadshistoria.fi\/wp-content\/uploads\/2022\/03\/1968-Nedre-huset.jpg\" alt=\"\" width=\"1440\" height=\"975\" srcset=\"https:\/\/www.kristinestadshistoria.fi\/wp-content\/uploads\/2022\/03\/1968-Nedre-huset.jpg 1440w, https:\/\/www.kristinestadshistoria.fi\/wp-content\/uploads\/2022\/03\/1968-Nedre-huset-300x203.jpg 300w, https:\/\/www.kristinestadshistoria.fi\/wp-content\/uploads\/2022\/03\/1968-Nedre-huset-1024x693.jpg 1024w, https:\/\/www.kristinestadshistoria.fi\/wp-content\/uploads\/2022\/03\/1968-Nedre-huset-768x520.jpg 768w\" sizes=\"auto, (max-width: 1440px) 100vw, 1440px\" \/><figcaption id=\"caption-attachment-23383\" class=\"wp-caption-text\">P\u00e5 1960-talet gjordes en st\u00f6rre renovering, d\u00e5 farstukvisten flyttades till den s\u00f6dra \u00e4ndan och f\u00f6nstren byttes ut. Bakugnen revs och p\u00e5 fotot ser man p\u00e5 taket var den hade st\u00e5tt. Fotot \u00e4r taget 1968 av H\u00e5kan Str\u00f6m, som under sina f\u00f6rsta \u00e5r fram till 1956 bodde i den g\u00e5rden.<\/figcaption><\/figure>\n<p><strong>\u00c5r 1974, den 8 april<\/strong> s\u00e5lde Bror-Erik och Maj-Lis \u201dMaja\u201d Bergfast den uthyrda g\u00e5rden \u00e5t <a href=\"https:\/\/www.lassebacklund.fi\/?page_id=12346\">Reino Mannila (f.1948 i Dagsmark)<\/a> som \u00e5r 1973 hade gift sig med Birgitta Liljeblad (f.1949 i Korsb\u00e4ck, Dagsmark). De har r\u00f6tterna i Dagsmark men hade f\u00f6re k\u00f6pet ocks\u00e5 bott en tid i Sverige.<\/p>\n<p><strong>\u00c5r 1981, just f\u00f6re julen<\/strong> s\u00e5lde Reino och Birgitta Mannila g\u00e5rden \u00e5t de nuvarande \u00e4garna Carl-Anders och Barbro Lundberg och de kunde ta den i bruk i februari 1982. De genomf\u00f6rde d\u00e5 en omfattande renovering, d\u00e5 bland fasaden sattes i ursprungligt skick. G\u00e5rden byggdes ut p\u00e5 g\u00e5rdssidan med en vinkel och g\u00e5rden anv\u00e4nds i dag som stadigvarande bostad.<\/p>\n<p>P\u00e5 1980-talet renoverades ocks\u00e5 den \u00f6vre g\u00e5rden uppe p\u00e5 berget men den har ju varit obebodd i l\u00e5nga tider. G\u00e5rden nere vid gatan blir snart 200 \u00e5r men \u00e4r trots sin h\u00f6ga \u00e5lder i gott skick och kommer s\u00e4kert att st\u00e5 d\u00e4r l\u00e4nge \u00e4n.<\/p>\n<h4><strong>Foton.<\/strong><\/h4>\n<figure id=\"attachment_23393\" aria-describedby=\"caption-attachment-23393\" style=\"width: 1440px\" class=\"wp-caption alignnone\"><img loading=\"lazy\" decoding=\"async\" class=\"size-full wp-image-23393\" src=\"https:\/\/www.kristinestadshistoria.fi\/wp-content\/uploads\/2022\/03\/1979-Ovre-huset.jpg\" alt=\"\" width=\"1440\" height=\"961\" srcset=\"https:\/\/www.kristinestadshistoria.fi\/wp-content\/uploads\/2022\/03\/1979-Ovre-huset.jpg 1440w, https:\/\/www.kristinestadshistoria.fi\/wp-content\/uploads\/2022\/03\/1979-Ovre-huset-300x200.jpg 300w, https:\/\/www.kristinestadshistoria.fi\/wp-content\/uploads\/2022\/03\/1979-Ovre-huset-1024x683.jpg 1024w, https:\/\/www.kristinestadshistoria.fi\/wp-content\/uploads\/2022\/03\/1979-Ovre-huset-768x513.jpg 768w\" sizes=\"auto, (max-width: 1440px) 100vw, 1440px\" \/><figcaption id=\"caption-attachment-23393\" class=\"wp-caption-text\">I den \u00f6vre g\u00e5rden har ingen bott sedan 1950-talet och den ser lite f\u00f6rfallen ut \u00e5r 1979 p\u00e5 H\u00e5kan Str\u00f6ms foto. Den nuvarande \u00e4garen har renoverat g\u00e5rden, s\u00e5 att den numera \u00e4r i gott skick.<\/figcaption><\/figure>\n<figure id=\"attachment_23395\" aria-describedby=\"caption-attachment-23395\" style=\"width: 1339px\" class=\"wp-caption alignnone\"><img loading=\"lazy\" decoding=\"async\" class=\"size-full wp-image-23395\" src=\"https:\/\/www.kristinestadshistoria.fi\/wp-content\/uploads\/2022\/03\/2004-juli-21-2.jpg\" alt=\"\" width=\"1339\" height=\"942\" srcset=\"https:\/\/www.kristinestadshistoria.fi\/wp-content\/uploads\/2022\/03\/2004-juli-21-2.jpg 1339w, https:\/\/www.kristinestadshistoria.fi\/wp-content\/uploads\/2022\/03\/2004-juli-21-2-300x211.jpg 300w, https:\/\/www.kristinestadshistoria.fi\/wp-content\/uploads\/2022\/03\/2004-juli-21-2-1024x720.jpg 1024w, https:\/\/www.kristinestadshistoria.fi\/wp-content\/uploads\/2022\/03\/2004-juli-21-2-768x540.jpg 768w\" sizes=\"auto, (max-width: 1339px) 100vw, 1339px\" \/><figcaption id=\"caption-attachment-23395\" class=\"wp-caption-text\">Den \u00f6vre g\u00e5rden fotograferad fr\u00e5n Norra Kvarnberget av H\u00e5kan Str\u00f6m sommaren 2004.<\/figcaption><\/figure>\n<figure id=\"attachment_23391\" aria-describedby=\"caption-attachment-23391\" style=\"width: 2560px\" class=\"wp-caption alignnone\"><img loading=\"lazy\" decoding=\"async\" class=\"size-full wp-image-23391\" src=\"https:\/\/www.kristinestadshistoria.fi\/wp-content\/uploads\/2022\/03\/23-Ostra-Langgatan-2-scaled.jpg\" alt=\"\" width=\"2560\" height=\"1920\" srcset=\"https:\/\/www.kristinestadshistoria.fi\/wp-content\/uploads\/2022\/03\/23-Ostra-Langgatan-2-scaled.jpg 2560w, https:\/\/www.kristinestadshistoria.fi\/wp-content\/uploads\/2022\/03\/23-Ostra-Langgatan-2-300x225.jpg 300w, https:\/\/www.kristinestadshistoria.fi\/wp-content\/uploads\/2022\/03\/23-Ostra-Langgatan-2-1024x768.jpg 1024w, https:\/\/www.kristinestadshistoria.fi\/wp-content\/uploads\/2022\/03\/23-Ostra-Langgatan-2-768x576.jpg 768w, https:\/\/www.kristinestadshistoria.fi\/wp-content\/uploads\/2022\/03\/23-Ostra-Langgatan-2-1536x1152.jpg 1536w, https:\/\/www.kristinestadshistoria.fi\/wp-content\/uploads\/2022\/03\/23-Ostra-Langgatan-2-2048x1536.jpg 2048w\" sizes=\"auto, (max-width: 2560px) 100vw, 2560px\" \/><figcaption id=\"caption-attachment-23391\" class=\"wp-caption-text\">G\u00e5rden fotograferad fr\u00e5n sydost sommaren 2020. H\u00e4r syns en del av den vinkel p\u00e5 g\u00e5rdssidan som den nuvarande \u00e4gare l\u00e4t bygga p\u00e5 1980-talet. Den soliga grinden g\u00e5r till grannhuset p\u00e5 \u00d6stra L\u00e5nggatan 25.<\/figcaption><\/figure>\n<p><img loading=\"lazy\" decoding=\"async\" class=\"alignnone size-full wp-image-23392\" src=\"https:\/\/www.kristinestadshistoria.fi\/wp-content\/uploads\/2022\/03\/23-Ostra-Langgatan-3-scaled.jpg\" alt=\"\" width=\"2560\" height=\"1920\" srcset=\"https:\/\/www.kristinestadshistoria.fi\/wp-content\/uploads\/2022\/03\/23-Ostra-Langgatan-3-scaled.jpg 2560w, https:\/\/www.kristinestadshistoria.fi\/wp-content\/uploads\/2022\/03\/23-Ostra-Langgatan-3-300x225.jpg 300w, https:\/\/www.kristinestadshistoria.fi\/wp-content\/uploads\/2022\/03\/23-Ostra-Langgatan-3-1024x768.jpg 1024w, https:\/\/www.kristinestadshistoria.fi\/wp-content\/uploads\/2022\/03\/23-Ostra-Langgatan-3-768x576.jpg 768w, https:\/\/www.kristinestadshistoria.fi\/wp-content\/uploads\/2022\/03\/23-Ostra-Langgatan-3-1536x1152.jpg 1536w, https:\/\/www.kristinestadshistoria.fi\/wp-content\/uploads\/2022\/03\/23-Ostra-Langgatan-3-2048x1536.jpg 2048w\" sizes=\"auto, (max-width: 2560px) 100vw, 2560px\" \/><\/p>\n","protected":false},"excerpt":{"rendered":"<p>Sammanst\u00e4llt av Lasse Backlund i mars 2022. Uppgifterna \u00e4r tagna ur gamla mantalsl\u00e4ngder, lagfartsregister, kyrkb\u00f6cker och gamla tidningar. H\u00e5kan Str\u00f6m har bidragit med flera foton och m\u00e5nga andra personer har bidragit med viktig information. L\u00e4nkar: Om du vill l\u00e4sa om <a class=\"more-link\" href=\"https:\/\/www.kristinestadshistoria.fi\/?page_id=23379\">Forts\u00e4tt l\u00e4sa <span class=\"screen-reader-text\">  &#8221;De m\u00e5nga \u00e4garnas g\u00e5rd&#8221; p\u00e5 \u00d6stra L\u00e5nggatan 23<\/span><span class=\"meta-nav\">&rarr;<\/span><\/a><\/p>\n","protected":false},"author":1,"featured_media":0,"parent":18667,"menu_order":23,"comment_status":"closed","ping_status":"closed","template":"","meta":{"footnotes":""},"class_list":["post-23379","page","type-page","status-publish","hentry"],"_links":{"self":[{"href":"https:\/\/www.kristinestadshistoria.fi\/index.php?rest_route=\/wp\/v2\/pages\/23379","targetHints":{"allow":["GET"]}}],"collection":[{"href":"https:\/\/www.kristinestadshistoria.fi\/index.php?rest_route=\/wp\/v2\/pages"}],"about":[{"href":"https:\/\/www.kristinestadshistoria.fi\/index.php?rest_route=\/wp\/v2\/types\/page"}],"author":[{"embeddable":true,"href":"https:\/\/www.kristinestadshistoria.fi\/index.php?rest_route=\/wp\/v2\/users\/1"}],"replies":[{"embeddable":true,"href":"https:\/\/www.kristinestadshistoria.fi\/index.php?rest_route=%2Fwp%2Fv2%2Fcomments&post=23379"}],"version-history":[{"count":25,"href":"https:\/\/www.kristinestadshistoria.fi\/index.php?rest_route=\/wp\/v2\/pages\/23379\/revisions"}],"predecessor-version":[{"id":27999,"href":"https:\/\/www.kristinestadshistoria.fi\/index.php?rest_route=\/wp\/v2\/pages\/23379\/revisions\/27999"}],"up":[{"embeddable":true,"href":"https:\/\/www.kristinestadshistoria.fi\/index.php?rest_route=\/wp\/v2\/pages\/18667"}],"wp:attachment":[{"href":"https:\/\/www.kristinestadshistoria.fi\/index.php?rest_route=%2Fwp%2Fv2%2Fmedia&parent=23379"}],"curies":[{"name":"wp","href":"https:\/\/api.w.org\/{rel}","templated":true}]}}