{"id":21856,"date":"2021-08-26T19:34:30","date_gmt":"2021-08-26T16:34:30","guid":{"rendered":"https:\/\/www.kristinestadshistoria.fi\/?page_id=21856"},"modified":"2025-11-06T22:46:07","modified_gmt":"2025-11-06T20:46:07","slug":"vaderkvarnen-pa-norra-kvarnberget","status":"publish","type":"page","link":"https:\/\/www.kristinestadshistoria.fi\/?page_id=21856","title":{"rendered":"V\u00e4derkvarnen p\u00e5 Norra Kvarnberget"},"content":{"rendered":"<figure id=\"attachment_21848\" aria-describedby=\"caption-attachment-21848\" style=\"width: 1536px\" class=\"wp-caption alignnone\"><img loading=\"lazy\" decoding=\"async\" class=\"size-full wp-image-21848\" src=\"https:\/\/www.kristinestadshistoria.fi\/wp-content\/uploads\/2021\/08\/PICT6886.jpg\" alt=\"\" width=\"1536\" height=\"2048\" srcset=\"https:\/\/www.kristinestadshistoria.fi\/wp-content\/uploads\/2021\/08\/PICT6886.jpg 1536w, https:\/\/www.kristinestadshistoria.fi\/wp-content\/uploads\/2021\/08\/PICT6886-225x300.jpg 225w, https:\/\/www.kristinestadshistoria.fi\/wp-content\/uploads\/2021\/08\/PICT6886-768x1024.jpg 768w, https:\/\/www.kristinestadshistoria.fi\/wp-content\/uploads\/2021\/08\/PICT6886-1152x1536.jpg 1152w\" sizes=\"auto, (max-width: 1536px) 100vw, 1536px\" \/><figcaption id=\"caption-attachment-21848\" class=\"wp-caption-text\">Den h\u00e4r kvarnen, som tidigare hade st\u00e5tt i N\u00e4rpes byggdes upp p\u00e5 sin nuvarande plats p\u00e5 Norra Kvarnberget \u00e5r 1937. Initiativet till flyttningen togs av stadsbor i f\u00f6rskingringen, som ville att staden igen skulle kunna visa upp en del av sin historia. P\u00e5 1700-talet fanns det upp till 10 v\u00e4derkvarnar p\u00e5 samma st\u00e4lle. Fotot taget \u00e5r 2006.<\/figcaption><\/figure>\n<p><span style=\"color: #000080;\"><strong>Sammanst\u00e4llt av Lasse Backlund i augusti 2021 med uppgifter tagna ur tidningen Syd-\u00d6sterbotten. Henrik Wikstr\u00f6m fr\u00e5n N\u00e4rpes har bidragit med K. J. Mansfields sl\u00e4ktuppgifter, som du hittar <a href=\"https:\/\/www.kristinestadshistoria.fi\/?page_id=21866\"><span style=\"text-decoration: underline;\"><span style=\"color: #000080; text-decoration: underline;\">H\u00c4R!<\/span><\/span><\/a><\/strong><\/span><\/p>\n<div class=\"mceTemp\"><\/div>\n<figure id=\"attachment_21855\" aria-describedby=\"caption-attachment-21855\" style=\"width: 1001px\" class=\"wp-caption alignnone\"><img loading=\"lazy\" decoding=\"async\" class=\"size-full wp-image-21855\" src=\"https:\/\/www.kristinestadshistoria.fi\/wp-content\/uploads\/2021\/08\/Karta.jpg\" alt=\"\" width=\"1001\" height=\"804\" srcset=\"https:\/\/www.kristinestadshistoria.fi\/wp-content\/uploads\/2021\/08\/Karta.jpg 1001w, https:\/\/www.kristinestadshistoria.fi\/wp-content\/uploads\/2021\/08\/Karta-300x241.jpg 300w, https:\/\/www.kristinestadshistoria.fi\/wp-content\/uploads\/2021\/08\/Karta-768x617.jpg 768w\" sizes=\"auto, (max-width: 1001px) 100vw, 1001px\" \/><figcaption id=\"caption-attachment-21855\" class=\"wp-caption-text\">P\u00e5 lantm\u00e4tare Bergentins karta fr\u00e5n \u00e5r 1751 s\u00e5 kan man r\u00e4kna upp till 10 v\u00e4derkvarnar p\u00e5 det berg som den tiden hette Norra Kvarnbacken men som numera heter Norra Kvarnberget. Linjen &#8221;K&#8221; som g\u00e5r runt staden visar var tullstaketet gick \u00e4nda fram till 1809, d\u00e5 det revs. I norr gick det upp l\u00e4ngs Brunstr\u00f6mska gatan, rundade Kvarnberget och gick ner till den tullport, som fanns i \u00e4ndan av Skolgatan.<\/figcaption><\/figure>\n<p>I tiderna har det funnits s\u00e5 m\u00e5nga v\u00e4derkvarnar i Kristinestad att man gott kan s\u00e4ga att staden \u00e4r v\u00e4derkvarnarnas stad. P\u00e5 gamla kartor finns det upp till 10 v\u00e4derkvarnar p\u00e5 Norra Kvarnberget och ett halvt dussin p\u00e5 det s\u00f6dra, i trakten av Svin\u00e5kersbackan. H\u00f6gst troligt anv\u00e4ndes de flesta kvarnar f\u00f6r malning men flera anv\u00e4ndes ocks\u00e5 som s\u00e5gkvarnar, f\u00f6r att s\u00e5ga br\u00e4der och plankor.<\/p>\n<p>Fram till mitten av 1800-talet hade samtliga kvarnar rivits, d\u00e5 de hade f\u00f6rst\u00f6rts av r\u00f6ta eller av de h\u00e5rda stormar som rev s\u00f6nder vingarna.<\/p>\n<p>Under mer \u00e4n ett halvt sekel fanns det inga v\u00e4derkvarnar i staden. Det h\u00e4r tyckte Lilly Nyst\u00e9n (f\u00f6dd Hjulman 1875 \u2013 d.1953) var en stor brist som borde \u00e5tg\u00e4rdas. Hon var inf\u00f6dd kristinestadsbo men som vuxen bodde hon i Helsingfors och i b\u00f6rjan av 1930-talet b\u00f6rjade tanken p\u00e5 en museikvarn gro. Under julen 1936 h\u00f6rde Lilly att Tyra Borg hade planer p\u00e5 ett k\u00f6pmansmuseum i Lebells gamla g\u00e5rd och det var d\u00e5 som hon besl\u00f6t att en museikvarn borde byggas f\u00f6r att staden skulle f\u00e5 den r\u00e4tta siluetten.<\/p>\n<p>Hon kontaktade flera v\u00e4lk\u00e4nda stadsbor som lovade att skjuta till pengar till projektet. I juni 1937 besl\u00f6t stadsfullm\u00e4ktige att staden donerar en passlig tomt h\u00f6gst uppe p\u00e5 berget f\u00f6r den kommande kvarnen. Lilly gav sin systerson G\u00f6sta Lindqvist (1895-1965) i uppdrag att s\u00f6ka upp en passande kvarn. I n\u00e4romr\u00e5det fanns det ingen kvarn men i Gottb\u00f6le i N\u00e4rpes hittade han den hos bonden K. J. Mansfield (1880-1968), som i folkmun kallades &#8221;Mann-Karl&#8221;. Kvarnen var i gott skick trots att den var byggd redan \u00e5r 1782 i K\u00e5tn\u00e4s i N\u00e4rpes. \u00c5r 1916 hade Mansfield flyttat den till Gottb\u00f6le, d\u00e4r den hade st\u00e5tt sedan dess. Enligt Mansfield var den stora stocken betydligt \u00e4ldre \u00e4n 1782, eftersom den har legat i vattnet i ett k\u00e4rr.<\/p>\n<p>D\u00e5 den flyttades till Gottb\u00f6le 1916 byggde Mansfield nya vingar men annars var den i ursprungligt skick. Han hade sj\u00e4lv anv\u00e4nt kvarnen regelbundet men eftersom den inte l\u00e4ngre anv\u00e4ndes s\u00e5 kunde han gott t\u00e4nka sig att donera eller s\u00e4lja den f\u00f6rm\u00e5nligt till staden Kristinestad. Den stod d\u00e5 vid Korsb\u00e4ckas, mittemot Sandbergs l\u00e4ngs Gottb\u00f6lev\u00e4gen, ungef\u00e4r en kilometer bakom NTM:s fabriker.<\/p>\n<p>Mansfield ber\u00e4ttade att han aldrig skulle ha s\u00e5lt den \u00e5t n\u00e5gon men n\u00e4r han h\u00f6rde att den skulle komma, s\u00e5 att s\u00e4ga p\u00e5 ett museum och bli omsk\u00f6tt som ett fornminne, s\u00e5 var han l\u00e4tt att \u00f6vertalas.<\/p>\n<p>Han \u00f6verl\u00e4t kvarnen till museikommitt\u00e9n i staden och till p\u00e5 k\u00f6pet, s\u00e5 lovade han att sk\u00f6ta om f\u00f6rflyttningen och uppbyggnaden p\u00e5 Kvarnberget. Till sin hj\u00e4lp tog han n\u00e4rpesb\u00f6nderna K. J. Norrmalm, Frans Back och Matts Herts\u00e9n och i mitten av juli 1937 var kvarnen uppbyggd p\u00e5 sin nya plats. Taket hade f\u00e5tt nya p\u00e4rtor men i \u00f6vrigt var den i originalskick och det gick ocks\u00e5 att mala med den.<\/p>\n<p>Den 3 oktober 1937 var det dags f\u00f6r invigningsfest av v\u00e4derkvarnen. F\u00f6rra kvarn\u00e4garen Mansfield var p\u00e5 plats, liksom initiativtagaren Lilly Nyst\u00e9n och en publik p\u00e5 n\u00e4rmare 100 personer. Under h\u00f6gtidliga ceremonierna \u00f6verl\u00e4ts kvarnen till Svenska Odlingens V\u00e4nners museikommitt\u00e9.<\/p>\n<p>Festligheten inleddes med en s\u00e5ng och efter det \u00f6verl\u00e4t donatorerna med Lilly Nyst\u00e9n i spetsen g\u00e5vobrevet och nycklarna till Walter Herrg\u00e5rd, som var ordf\u00f6rande i SOV. Herrg\u00e5rd tackade donatorerna och lovade att v\u00e5rda den gamla kvarnen lika k\u00e4rleksfullt, som dess f\u00f6rra \u00e4gare hade gjort i m\u00e5nga sl\u00e4ktled. Han p\u00e5minde att kvarnen skall st\u00e5 p\u00e5 denna h\u00f6jd som ett minnesm\u00e4rke \u00f6ver det gamla Kristinestad.<\/p>\n<p>Flera telegram hade inkommit till festen och dessa l\u00e4stes upp och slutligen sj\u00f6ngs en psalm. Efter invigningen p\u00e5 Kvarnberget bj\u00f6ds de prominenta g\u00e4sterna p\u00e5 kaffe i Svenska samskolan. Stadsfullm\u00e4ktiges ordf\u00f6rande Ragnar Segercrantz riktade p\u00e5 stadens v\u00e4gnar ord av tacksamhet till donatorerna. Ocks\u00e5 tidigare \u00e4garen, bonden Mansfield tackade djupt r\u00f6rd f\u00f6r den heder som hade visats hans gamla kvarn. Han p\u00e5pekade \u00e4nnu en g\u00e5ng att han aldrig skulle ha avst\u00e5tt den f\u00f6r n\u00e5got annat \u00e4ndam\u00e5l.<\/p>\n<p>Kvarnen kr\u00e4ver regelbundet underh\u00e5ll, d\u00e5 speciellt vingarna \u00e4r utsatta f\u00f6r v\u00e4der och vind. Fundamenten har angripits av r\u00f6ta och v\u00e4ntar nu p\u00e5 att f\u00f6rnyas.<\/p>\n<p>Trots sina 240 \u00e5r \u00e4r den i gott skick och f\u00f6rhoppningsvis kan den \u00e4nnu st\u00e5 lika l\u00e4nge och blicka ut \u00f6ver staden, som den har gjort sedan 1937.<\/p>\n<h4><strong>Foton.<\/strong><\/h4>\n<figure id=\"attachment_21850\" aria-describedby=\"caption-attachment-21850\" style=\"width: 1306px\" class=\"wp-caption alignnone\"><img loading=\"lazy\" decoding=\"async\" class=\"size-full wp-image-21850\" src=\"https:\/\/www.kristinestadshistoria.fi\/wp-content\/uploads\/2021\/08\/Vyer-fran-Radhuset-2010-vaderkvarnen1.jpg\" alt=\"\" width=\"1306\" height=\"980\" srcset=\"https:\/\/www.kristinestadshistoria.fi\/wp-content\/uploads\/2021\/08\/Vyer-fran-Radhuset-2010-vaderkvarnen1.jpg 1306w, https:\/\/www.kristinestadshistoria.fi\/wp-content\/uploads\/2021\/08\/Vyer-fran-Radhuset-2010-vaderkvarnen1-300x225.jpg 300w, https:\/\/www.kristinestadshistoria.fi\/wp-content\/uploads\/2021\/08\/Vyer-fran-Radhuset-2010-vaderkvarnen1-1024x768.jpg 1024w, https:\/\/www.kristinestadshistoria.fi\/wp-content\/uploads\/2021\/08\/Vyer-fran-Radhuset-2010-vaderkvarnen1-768x576.jpg 768w\" sizes=\"auto, (max-width: 1306px) 100vw, 1306px\" \/><figcaption id=\"caption-attachment-21850\" class=\"wp-caption-text\">V\u00e4derkvarnen fotograferad fr\u00e5n r\u00e5dhustornet sommaren 2010.<\/figcaption><\/figure>\n<figure id=\"attachment_21847\" aria-describedby=\"caption-attachment-21847\" style=\"width: 1210px\" class=\"wp-caption alignnone\"><img loading=\"lazy\" decoding=\"async\" class=\"size-full wp-image-21847\" src=\"https:\/\/www.kristinestadshistoria.fi\/wp-content\/uploads\/2021\/08\/Leo-och-Alina-pa-utfard-till-vaderkvarnen-i-Stadin-2.jpg\" alt=\"\" width=\"1210\" height=\"1613\" srcset=\"https:\/\/www.kristinestadshistoria.fi\/wp-content\/uploads\/2021\/08\/Leo-och-Alina-pa-utfard-till-vaderkvarnen-i-Stadin-2.jpg 1210w, https:\/\/www.kristinestadshistoria.fi\/wp-content\/uploads\/2021\/08\/Leo-och-Alina-pa-utfard-till-vaderkvarnen-i-Stadin-2-225x300.jpg 225w, https:\/\/www.kristinestadshistoria.fi\/wp-content\/uploads\/2021\/08\/Leo-och-Alina-pa-utfard-till-vaderkvarnen-i-Stadin-2-768x1024.jpg 768w, https:\/\/www.kristinestadshistoria.fi\/wp-content\/uploads\/2021\/08\/Leo-och-Alina-pa-utfard-till-vaderkvarnen-i-Stadin-2-1152x1536.jpg 1152w\" sizes=\"auto, (max-width: 1210px) 100vw, 1210px\" \/><figcaption id=\"caption-attachment-21847\" class=\"wp-caption-text\">Det \u00e4r l\u00e4tt att ta sig upp till Kvarnberget och det \u00e4r ett ypperligt st\u00e4lle f\u00f6r b\u00e5de ung och gammal. Utsikten \u00e4r bed\u00e5rande och man kan betrakta staden \u00e5t alla h\u00e5ll. Fotot fr\u00e5n sommaren 2020.<\/figcaption><\/figure>\n<figure id=\"attachment_21851\" aria-describedby=\"caption-attachment-21851\" style=\"width: 1858px\" class=\"wp-caption alignnone\"><img loading=\"lazy\" decoding=\"async\" class=\"size-full wp-image-21851\" src=\"https:\/\/www.kristinestadshistoria.fi\/wp-content\/uploads\/2021\/08\/Vaderkvarnen-1981-Teuvo-Kanerva-DBC3F34CDCD0BEA38DD2CF317EDF36A8.jpg\" alt=\"\" width=\"1858\" height=\"1365\" srcset=\"https:\/\/www.kristinestadshistoria.fi\/wp-content\/uploads\/2021\/08\/Vaderkvarnen-1981-Teuvo-Kanerva-DBC3F34CDCD0BEA38DD2CF317EDF36A8.jpg 1858w, https:\/\/www.kristinestadshistoria.fi\/wp-content\/uploads\/2021\/08\/Vaderkvarnen-1981-Teuvo-Kanerva-DBC3F34CDCD0BEA38DD2CF317EDF36A8-300x220.jpg 300w, https:\/\/www.kristinestadshistoria.fi\/wp-content\/uploads\/2021\/08\/Vaderkvarnen-1981-Teuvo-Kanerva-DBC3F34CDCD0BEA38DD2CF317EDF36A8-1024x752.jpg 1024w, https:\/\/www.kristinestadshistoria.fi\/wp-content\/uploads\/2021\/08\/Vaderkvarnen-1981-Teuvo-Kanerva-DBC3F34CDCD0BEA38DD2CF317EDF36A8-768x564.jpg 768w, https:\/\/www.kristinestadshistoria.fi\/wp-content\/uploads\/2021\/08\/Vaderkvarnen-1981-Teuvo-Kanerva-DBC3F34CDCD0BEA38DD2CF317EDF36A8-1536x1128.jpg 1536w\" sizes=\"auto, (max-width: 1858px) 100vw, 1858px\" \/><figcaption id=\"caption-attachment-21851\" class=\"wp-caption-text\">V\u00e4derkvarnen fotograferad fr\u00e5n s\u00f6der sommaren 1981 av Teuvo Kanerva. Ur SLS:s samlingar.<\/figcaption><\/figure>\n<figure id=\"attachment_21852\" aria-describedby=\"caption-attachment-21852\" style=\"width: 1919px\" class=\"wp-caption alignnone\"><img loading=\"lazy\" decoding=\"async\" class=\"size-full wp-image-21852\" src=\"https:\/\/www.kristinestadshistoria.fi\/wp-content\/uploads\/2021\/08\/Vaderkvarnen-1981-Teuvo-Kanerva-EFCBE5A97076B9A0F9BAF6DCBD2BD0E6.jpg\" alt=\"\" width=\"1919\" height=\"1435\" srcset=\"https:\/\/www.kristinestadshistoria.fi\/wp-content\/uploads\/2021\/08\/Vaderkvarnen-1981-Teuvo-Kanerva-EFCBE5A97076B9A0F9BAF6DCBD2BD0E6.jpg 1919w, https:\/\/www.kristinestadshistoria.fi\/wp-content\/uploads\/2021\/08\/Vaderkvarnen-1981-Teuvo-Kanerva-EFCBE5A97076B9A0F9BAF6DCBD2BD0E6-300x224.jpg 300w, https:\/\/www.kristinestadshistoria.fi\/wp-content\/uploads\/2021\/08\/Vaderkvarnen-1981-Teuvo-Kanerva-EFCBE5A97076B9A0F9BAF6DCBD2BD0E6-1024x766.jpg 1024w, https:\/\/www.kristinestadshistoria.fi\/wp-content\/uploads\/2021\/08\/Vaderkvarnen-1981-Teuvo-Kanerva-EFCBE5A97076B9A0F9BAF6DCBD2BD0E6-768x574.jpg 768w, https:\/\/www.kristinestadshistoria.fi\/wp-content\/uploads\/2021\/08\/Vaderkvarnen-1981-Teuvo-Kanerva-EFCBE5A97076B9A0F9BAF6DCBD2BD0E6-1536x1149.jpg 1536w\" sizes=\"auto, (max-width: 1919px) 100vw, 1919px\" \/><figcaption id=\"caption-attachment-21852\" class=\"wp-caption-text\">V\u00e4derkvarnen fotograferad av Teuvo Kanarva \u00e5r 1981. Ur SLS:s samlingar.<\/figcaption><\/figure>\n<figure id=\"attachment_21854\" aria-describedby=\"caption-attachment-21854\" style=\"width: 1874px\" class=\"wp-caption alignnone\"><img loading=\"lazy\" decoding=\"async\" class=\"size-full wp-image-21854\" src=\"https:\/\/www.kristinestadshistoria.fi\/wp-content\/uploads\/2021\/08\/Vaderkvarnen-Radhuset-samskolan-och-kyrkan.jpg\" alt=\"\" width=\"1874\" height=\"1148\" srcset=\"https:\/\/www.kristinestadshistoria.fi\/wp-content\/uploads\/2021\/08\/Vaderkvarnen-Radhuset-samskolan-och-kyrkan.jpg 1874w, https:\/\/www.kristinestadshistoria.fi\/wp-content\/uploads\/2021\/08\/Vaderkvarnen-Radhuset-samskolan-och-kyrkan-300x184.jpg 300w, https:\/\/www.kristinestadshistoria.fi\/wp-content\/uploads\/2021\/08\/Vaderkvarnen-Radhuset-samskolan-och-kyrkan-1024x627.jpg 1024w, https:\/\/www.kristinestadshistoria.fi\/wp-content\/uploads\/2021\/08\/Vaderkvarnen-Radhuset-samskolan-och-kyrkan-768x470.jpg 768w, https:\/\/www.kristinestadshistoria.fi\/wp-content\/uploads\/2021\/08\/Vaderkvarnen-Radhuset-samskolan-och-kyrkan-1536x941.jpg 1536w\" sizes=\"auto, (max-width: 1874px) 100vw, 1874px\" \/><figcaption id=\"caption-attachment-21854\" class=\"wp-caption-text\">I staden \u00e4r allting sig likt. P\u00e5 det gamla fotot av ok\u00e4nd fotograf syns alla h\u00f6ga byggnader med v\u00e4derkvarnen h\u00f6gst upp. Till h\u00f6ger om kvarnen syns r\u00e5dhuset, svenska gymnasiebyggnaden och Ulrika Eleonorakyrkan. Fotot fr\u00e5n Jyllis fotosamling.<\/figcaption><\/figure>\n<p><img loading=\"lazy\" decoding=\"async\" class=\"alignnone size-full wp-image-30460\" src=\"https:\/\/www.kristinestadshistoria.fi\/wp-content\/uploads\/2025\/11\/Vaderkvarnen.jpg\" alt=\"\" width=\"1998\" height=\"1247\" srcset=\"https:\/\/www.kristinestadshistoria.fi\/wp-content\/uploads\/2025\/11\/Vaderkvarnen.jpg 1998w, https:\/\/www.kristinestadshistoria.fi\/wp-content\/uploads\/2025\/11\/Vaderkvarnen-300x187.jpg 300w, https:\/\/www.kristinestadshistoria.fi\/wp-content\/uploads\/2025\/11\/Vaderkvarnen-1024x639.jpg 1024w, https:\/\/www.kristinestadshistoria.fi\/wp-content\/uploads\/2025\/11\/Vaderkvarnen-768x479.jpg 768w, https:\/\/www.kristinestadshistoria.fi\/wp-content\/uploads\/2025\/11\/Vaderkvarnen-1536x959.jpg 1536w\" sizes=\"auto, (max-width: 1998px) 100vw, 1998px\" \/><\/p>\n<figure id=\"attachment_27985\" aria-describedby=\"caption-attachment-27985\" style=\"width: 2048px\" class=\"wp-caption alignnone\"><img loading=\"lazy\" decoding=\"async\" class=\"size-full wp-image-27985\" src=\"https:\/\/www.kristinestadshistoria.fi\/wp-content\/uploads\/2024\/03\/Peter-Grannas-foto.jpg\" alt=\"\" width=\"2048\" height=\"1051\" srcset=\"https:\/\/www.kristinestadshistoria.fi\/wp-content\/uploads\/2024\/03\/Peter-Grannas-foto.jpg 2048w, https:\/\/www.kristinestadshistoria.fi\/wp-content\/uploads\/2024\/03\/Peter-Grannas-foto-300x154.jpg 300w, https:\/\/www.kristinestadshistoria.fi\/wp-content\/uploads\/2024\/03\/Peter-Grannas-foto-1024x526.jpg 1024w, https:\/\/www.kristinestadshistoria.fi\/wp-content\/uploads\/2024\/03\/Peter-Grannas-foto-768x394.jpg 768w, https:\/\/www.kristinestadshistoria.fi\/wp-content\/uploads\/2024\/03\/Peter-Grannas-foto-1536x788.jpg 1536w\" sizes=\"auto, (max-width: 2048px) 100vw, 2048px\" \/><figcaption id=\"caption-attachment-27985\" class=\"wp-caption-text\">Det \u00e4r vackert i Kristinestad mest hela tiden och norrskenet g\u00f6r allting extra vackert. Fotot av v\u00e4derkvarnen och norrskenet \u00e4r taget av Peter Grannas den 9 mars 2024.<\/figcaption><\/figure>\n<figure id=\"attachment_21853\" aria-describedby=\"caption-attachment-21853\" style=\"width: 850px\" class=\"wp-caption alignnone\"><img loading=\"lazy\" decoding=\"async\" class=\"size-full wp-image-21853\" src=\"https:\/\/www.kristinestadshistoria.fi\/wp-content\/uploads\/2021\/08\/Vaderkvarnen-Visit-Kristinestad-2018-FB.jpg\" alt=\"\" width=\"850\" height=\"567\" srcset=\"https:\/\/www.kristinestadshistoria.fi\/wp-content\/uploads\/2021\/08\/Vaderkvarnen-Visit-Kristinestad-2018-FB.jpg 850w, https:\/\/www.kristinestadshistoria.fi\/wp-content\/uploads\/2021\/08\/Vaderkvarnen-Visit-Kristinestad-2018-FB-300x200.jpg 300w, https:\/\/www.kristinestadshistoria.fi\/wp-content\/uploads\/2021\/08\/Vaderkvarnen-Visit-Kristinestad-2018-FB-768x512.jpg 768w\" sizes=\"auto, (max-width: 850px) 100vw, 850px\" \/><figcaption id=\"caption-attachment-21853\" class=\"wp-caption-text\">I december 1984 installerades elektriska lampor, som i m\u00f6rkret lyser upp den gamla kvarnen. Fotot fr\u00e5n Visit Kristinestads FB-sida.<\/figcaption><\/figure>\n<figure id=\"attachment_21849\" aria-describedby=\"caption-attachment-21849\" style=\"width: 1536px\" class=\"wp-caption alignnone\"><img loading=\"lazy\" decoding=\"async\" class=\"size-full wp-image-21849\" src=\"https:\/\/www.kristinestadshistoria.fi\/wp-content\/uploads\/2021\/08\/PICT6887.jpg\" alt=\"\" width=\"1536\" height=\"2048\" srcset=\"https:\/\/www.kristinestadshistoria.fi\/wp-content\/uploads\/2021\/08\/PICT6887.jpg 1536w, https:\/\/www.kristinestadshistoria.fi\/wp-content\/uploads\/2021\/08\/PICT6887-225x300.jpg 225w, https:\/\/www.kristinestadshistoria.fi\/wp-content\/uploads\/2021\/08\/PICT6887-768x1024.jpg 768w, https:\/\/www.kristinestadshistoria.fi\/wp-content\/uploads\/2021\/08\/PICT6887-1152x1536.jpg 1152w\" sizes=\"auto, (max-width: 1536px) 100vw, 1536px\" \/><figcaption id=\"caption-attachment-21849\" class=\"wp-caption-text\">Bonden Mansfield fr\u00e5n Gottb\u00f6le i N\u00e4rpes skulle k\u00e4nna sig hedrad, om han visste att den kvarn som hans farfars far byggde \u00e5r 1782 i K\u00e5tn\u00e4s i N\u00e4rpes numera \u00e4r ett popul\u00e4rt utflyktsm\u00e5l f\u00f6r turister och vanliga stadsbor.<\/figcaption><\/figure>\n<p>&nbsp;<\/p>\n","protected":false},"excerpt":{"rendered":"<p>Sammanst\u00e4llt av Lasse Backlund i augusti 2021 med uppgifter tagna ur tidningen Syd-\u00d6sterbotten. Henrik Wikstr\u00f6m fr\u00e5n N\u00e4rpes har bidragit med K. J. Mansfields sl\u00e4ktuppgifter, som du hittar H\u00c4R! I tiderna har det funnits s\u00e5 m\u00e5nga v\u00e4derkvarnar i Kristinestad att man <a class=\"more-link\" href=\"https:\/\/www.kristinestadshistoria.fi\/?page_id=21856\">Forts\u00e4tt l\u00e4sa <span class=\"screen-reader-text\">  V\u00e4derkvarnen p\u00e5 Norra Kvarnberget<\/span><span class=\"meta-nav\">&rarr;<\/span><\/a><\/p>\n","protected":false},"author":1,"featured_media":0,"parent":16804,"menu_order":10,"comment_status":"closed","ping_status":"closed","template":"","meta":{"footnotes":""},"class_list":["post-21856","page","type-page","status-publish","hentry"],"_links":{"self":[{"href":"https:\/\/www.kristinestadshistoria.fi\/index.php?rest_route=\/wp\/v2\/pages\/21856","targetHints":{"allow":["GET"]}}],"collection":[{"href":"https:\/\/www.kristinestadshistoria.fi\/index.php?rest_route=\/wp\/v2\/pages"}],"about":[{"href":"https:\/\/www.kristinestadshistoria.fi\/index.php?rest_route=\/wp\/v2\/types\/page"}],"author":[{"embeddable":true,"href":"https:\/\/www.kristinestadshistoria.fi\/index.php?rest_route=\/wp\/v2\/users\/1"}],"replies":[{"embeddable":true,"href":"https:\/\/www.kristinestadshistoria.fi\/index.php?rest_route=%2Fwp%2Fv2%2Fcomments&post=21856"}],"version-history":[{"count":12,"href":"https:\/\/www.kristinestadshistoria.fi\/index.php?rest_route=\/wp\/v2\/pages\/21856\/revisions"}],"predecessor-version":[{"id":30461,"href":"https:\/\/www.kristinestadshistoria.fi\/index.php?rest_route=\/wp\/v2\/pages\/21856\/revisions\/30461"}],"up":[{"embeddable":true,"href":"https:\/\/www.kristinestadshistoria.fi\/index.php?rest_route=\/wp\/v2\/pages\/16804"}],"wp:attachment":[{"href":"https:\/\/www.kristinestadshistoria.fi\/index.php?rest_route=%2Fwp%2Fv2%2Fmedia&parent=21856"}],"curies":[{"name":"wp","href":"https:\/\/api.w.org\/{rel}","templated":true}]}}