{"id":21631,"date":"2021-08-05T00:36:16","date_gmt":"2021-08-04T21:36:16","guid":{"rendered":"https:\/\/www.kristinestadshistoria.fi\/?page_id=21631"},"modified":"2023-07-10T22:56:54","modified_gmt":"2023-07-10T19:56:54","slug":"radhusgatan-och-dess-park","status":"publish","type":"page","link":"https:\/\/www.kristinestadshistoria.fi\/?page_id=21631","title":{"rendered":"R\u00e5dhusgatan och dess park."},"content":{"rendered":"<figure id=\"attachment_21630\" aria-describedby=\"caption-attachment-21630\" style=\"width: 2304px\" class=\"wp-caption alignnone\"><img loading=\"lazy\" decoding=\"async\" class=\"size-full wp-image-21630\" src=\"https:\/\/www.kristinestadshistoria.fi\/wp-content\/uploads\/2021\/08\/Radhusparken-fran-trappan-2019-1.jpg\" alt=\"\" width=\"2304\" height=\"1704\" srcset=\"https:\/\/www.kristinestadshistoria.fi\/wp-content\/uploads\/2021\/08\/Radhusparken-fran-trappan-2019-1.jpg 2304w, https:\/\/www.kristinestadshistoria.fi\/wp-content\/uploads\/2021\/08\/Radhusparken-fran-trappan-2019-1-300x222.jpg 300w, https:\/\/www.kristinestadshistoria.fi\/wp-content\/uploads\/2021\/08\/Radhusparken-fran-trappan-2019-1-1024x757.jpg 1024w, https:\/\/www.kristinestadshistoria.fi\/wp-content\/uploads\/2021\/08\/Radhusparken-fran-trappan-2019-1-768x568.jpg 768w, https:\/\/www.kristinestadshistoria.fi\/wp-content\/uploads\/2021\/08\/Radhusparken-fran-trappan-2019-1-1536x1136.jpg 1536w, https:\/\/www.kristinestadshistoria.fi\/wp-content\/uploads\/2021\/08\/Radhusparken-fran-trappan-2019-1-2048x1515.jpg 2048w\" sizes=\"auto, (max-width: 2304px) 100vw, 2304px\" \/><figcaption id=\"caption-attachment-21630\" class=\"wp-caption-text\">Fr\u00e5n r\u00e5dhusets trappa kan man \u00f6verblicka hela parken, R\u00e5dhusgatan och Salutorget.<\/figcaption><\/figure>\n<figure id=\"attachment_21627\" aria-describedby=\"caption-attachment-21627\" style=\"width: 2004px\" class=\"wp-caption alignnone\"><img loading=\"lazy\" decoding=\"async\" class=\"size-full wp-image-21627\" src=\"https:\/\/www.kristinestadshistoria.fi\/wp-content\/uploads\/2021\/08\/Radhuset-framifran-2020-5.jpg\" alt=\"\" width=\"2004\" height=\"1192\" srcset=\"https:\/\/www.kristinestadshistoria.fi\/wp-content\/uploads\/2021\/08\/Radhuset-framifran-2020-5.jpg 2004w, https:\/\/www.kristinestadshistoria.fi\/wp-content\/uploads\/2021\/08\/Radhuset-framifran-2020-5-300x178.jpg 300w, https:\/\/www.kristinestadshistoria.fi\/wp-content\/uploads\/2021\/08\/Radhuset-framifran-2020-5-1024x609.jpg 1024w, https:\/\/www.kristinestadshistoria.fi\/wp-content\/uploads\/2021\/08\/Radhuset-framifran-2020-5-768x457.jpg 768w, https:\/\/www.kristinestadshistoria.fi\/wp-content\/uploads\/2021\/08\/Radhuset-framifran-2020-5-1536x914.jpg 1536w\" sizes=\"auto, (max-width: 2004px) 100vw, 2004px\" \/><figcaption id=\"caption-attachment-21627\" class=\"wp-caption-text\">R\u00e5dhuset som byggdes i b\u00f6rjan av 1850-talet \u00e4r ett av stadens st\u00e5tligaste byggnader. Det h\u00e4r \u00e4r det tredje r\u00e5dhuset i staden och de tv\u00e5 tidigare stod p\u00e5 R\u00e5dstuvutorget, som idag kallas Salutorget. Det var den k\u00e4nda arkitekten Ernst Lohrman som gjorde ritningarna, allts\u00e5 samma man som och gjorde ritningarna till kyrkan i Lappfj\u00e4rd. Stadens f\u00f6rvaltning \u00e4r i dag inrymd i byggnaden och stadsfullm\u00e4ktige brukar h\u00e5lla sina m\u00f6ten i festsalen p\u00e5 \u00f6vre v\u00e5ningen.<\/figcaption><\/figure>\n<figure id=\"attachment_21636\" aria-describedby=\"caption-attachment-21636\" style=\"width: 2304px\" class=\"wp-caption alignnone\"><img loading=\"lazy\" decoding=\"async\" class=\"size-full wp-image-21636\" src=\"https:\/\/www.kristinestadshistoria.fi\/wp-content\/uploads\/2021\/08\/Radhuset-2019-1.jpg\" alt=\"\" width=\"2304\" height=\"1704\" srcset=\"https:\/\/www.kristinestadshistoria.fi\/wp-content\/uploads\/2021\/08\/Radhuset-2019-1.jpg 2304w, https:\/\/www.kristinestadshistoria.fi\/wp-content\/uploads\/2021\/08\/Radhuset-2019-1-300x222.jpg 300w, https:\/\/www.kristinestadshistoria.fi\/wp-content\/uploads\/2021\/08\/Radhuset-2019-1-1024x757.jpg 1024w, https:\/\/www.kristinestadshistoria.fi\/wp-content\/uploads\/2021\/08\/Radhuset-2019-1-768x568.jpg 768w, https:\/\/www.kristinestadshistoria.fi\/wp-content\/uploads\/2021\/08\/Radhuset-2019-1-1536x1136.jpg 1536w, https:\/\/www.kristinestadshistoria.fi\/wp-content\/uploads\/2021\/08\/Radhuset-2019-1-2048x1515.jpg 2048w\" sizes=\"auto, (max-width: 2304px) 100vw, 2304px\" \/><figcaption id=\"caption-attachment-21636\" class=\"wp-caption-text\">Klockan i r\u00e5dhusets torn har visat tiden \u00e5t Kristinestadsborna \u00e4nda fr\u00e5n 1856 d\u00e5 byggnaden togs i bruk. Den f\u00f6rsta klockan som hade tillverkats i staden redan \u00e5r 1777 hade tidigare funnits i det gamla r\u00e5dhuset p\u00e5 torget men den flyttades sedan till det nuvarande r\u00e5dhuset. \u00c5r 1885 skaffades en ny klocka fr\u00e5n Sverige, som sedan dess har visat tiden \u00e5t stadsborna. Fotot taget sommaren 2019 fr\u00e5n nordv\u00e4st.<\/figcaption><\/figure>\n<figure id=\"attachment_21624\" aria-describedby=\"caption-attachment-21624\" style=\"width: 2304px\" class=\"wp-caption alignnone\"><img loading=\"lazy\" decoding=\"async\" class=\"size-full wp-image-21624\" src=\"https:\/\/www.kristinestadshistoria.fi\/wp-content\/uploads\/2021\/08\/Parkgang.jpg\" alt=\"\" width=\"2304\" height=\"1704\" srcset=\"https:\/\/www.kristinestadshistoria.fi\/wp-content\/uploads\/2021\/08\/Parkgang.jpg 2304w, https:\/\/www.kristinestadshistoria.fi\/wp-content\/uploads\/2021\/08\/Parkgang-300x222.jpg 300w, https:\/\/www.kristinestadshistoria.fi\/wp-content\/uploads\/2021\/08\/Parkgang-1024x757.jpg 1024w, https:\/\/www.kristinestadshistoria.fi\/wp-content\/uploads\/2021\/08\/Parkgang-768x568.jpg 768w, https:\/\/www.kristinestadshistoria.fi\/wp-content\/uploads\/2021\/08\/Parkgang-1536x1136.jpg 1536w, https:\/\/www.kristinestadshistoria.fi\/wp-content\/uploads\/2021\/08\/Parkgang-2048x1515.jpg 2048w\" sizes=\"auto, (max-width: 2304px) 100vw, 2304px\" \/><figcaption id=\"caption-attachment-21624\" class=\"wp-caption-text\">I stadsplanen fr\u00e5n \u00e5r 1825 s\u00e5 fanns det ingen park p\u00e5 detta st\u00e4lle. P\u00e5 den h\u00e4r sidan av gatan fanns det d\u00e5 4 g\u00e5rdstomter men g\u00e5rdarna revs i slutet av 1800-talet f\u00f6r att ge rum f\u00f6r parken. P\u00e5 andra sidan gatan fanns tv\u00e5 st\u00f6rre tomter, som r\u00f6nte samma \u00f6de.<\/figcaption><\/figure>\n<figure id=\"attachment_21623\" aria-describedby=\"caption-attachment-21623\" style=\"width: 2304px\" class=\"wp-caption alignnone\"><img loading=\"lazy\" decoding=\"async\" class=\"size-full wp-image-21623\" src=\"https:\/\/www.kristinestadshistoria.fi\/wp-content\/uploads\/2021\/08\/Kyrkspiror-och-korvfabrik.jpg\" alt=\"\" width=\"2304\" height=\"1704\" srcset=\"https:\/\/www.kristinestadshistoria.fi\/wp-content\/uploads\/2021\/08\/Kyrkspiror-och-korvfabrik.jpg 2304w, https:\/\/www.kristinestadshistoria.fi\/wp-content\/uploads\/2021\/08\/Kyrkspiror-och-korvfabrik-300x222.jpg 300w, https:\/\/www.kristinestadshistoria.fi\/wp-content\/uploads\/2021\/08\/Kyrkspiror-och-korvfabrik-1024x757.jpg 1024w, https:\/\/www.kristinestadshistoria.fi\/wp-content\/uploads\/2021\/08\/Kyrkspiror-och-korvfabrik-768x568.jpg 768w, https:\/\/www.kristinestadshistoria.fi\/wp-content\/uploads\/2021\/08\/Kyrkspiror-och-korvfabrik-1536x1136.jpg 1536w, https:\/\/www.kristinestadshistoria.fi\/wp-content\/uploads\/2021\/08\/Kyrkspiror-och-korvfabrik-2048x1515.jpg 2048w\" sizes=\"auto, (max-width: 2304px) 100vw, 2304px\" \/><figcaption id=\"caption-attachment-21623\" class=\"wp-caption-text\">Om man lyfter blicken lite s\u00e5 kan man se spirorna p\u00e5 Ulrika Eleonora kyrkan, tegelv\u00e4ggen p\u00e5 Wihuris kaffepannsfabrik och i h\u00f6gra kanten syns verandan p\u00e5 Savanders g\u00e5rd p\u00e5 V\u00e4stra L\u00e5nggatan 17.<\/figcaption><\/figure>\n<figure id=\"attachment_21629\" aria-describedby=\"caption-attachment-21629\" style=\"width: 2304px\" class=\"wp-caption alignnone\"><img loading=\"lazy\" decoding=\"async\" class=\"size-full wp-image-21629\" src=\"https:\/\/www.kristinestadshistoria.fi\/wp-content\/uploads\/2021\/08\/Radhusgatan-7-eller-Kyrkogatan-4-Aug.-Remahls-gard.jpg\" alt=\"\" width=\"2304\" height=\"1704\" srcset=\"https:\/\/www.kristinestadshistoria.fi\/wp-content\/uploads\/2021\/08\/Radhusgatan-7-eller-Kyrkogatan-4-Aug.-Remahls-gard.jpg 2304w, https:\/\/www.kristinestadshistoria.fi\/wp-content\/uploads\/2021\/08\/Radhusgatan-7-eller-Kyrkogatan-4-Aug.-Remahls-gard-300x222.jpg 300w, https:\/\/www.kristinestadshistoria.fi\/wp-content\/uploads\/2021\/08\/Radhusgatan-7-eller-Kyrkogatan-4-Aug.-Remahls-gard-1024x757.jpg 1024w, https:\/\/www.kristinestadshistoria.fi\/wp-content\/uploads\/2021\/08\/Radhusgatan-7-eller-Kyrkogatan-4-Aug.-Remahls-gard-768x568.jpg 768w, https:\/\/www.kristinestadshistoria.fi\/wp-content\/uploads\/2021\/08\/Radhusgatan-7-eller-Kyrkogatan-4-Aug.-Remahls-gard-1536x1136.jpg 1536w, https:\/\/www.kristinestadshistoria.fi\/wp-content\/uploads\/2021\/08\/Radhusgatan-7-eller-Kyrkogatan-4-Aug.-Remahls-gard-2048x1515.jpg 2048w\" sizes=\"auto, (max-width: 2304px) 100vw, 2304px\" \/><figcaption id=\"caption-attachment-21629\" class=\"wp-caption-text\">\u00c5r 1899 byggde vattenfabrik\u00f6ren August Remahl denna g\u00e5rd invid R\u00e5dhusparken och sj\u00e4lva l\u00e4skedrycksfabriken fanns i k\u00e4llarv\u00e5ningen. \u00c5r 1910 s\u00e5lde han g\u00e5rden \u00e5t f\u00f6rs\u00e4kringsinspekt\u00f6ren Rosenback och sedan dess har g\u00e5rden haft flera \u00e4gare.<\/figcaption><\/figure>\n<figure id=\"attachment_21628\" aria-describedby=\"caption-attachment-21628\" style=\"width: 2304px\" class=\"wp-caption alignnone\"><img loading=\"lazy\" decoding=\"async\" class=\"size-full wp-image-21628\" src=\"https:\/\/www.kristinestadshistoria.fi\/wp-content\/uploads\/2021\/08\/Radhusgatan-3-och-1-2.jpg\" alt=\"\" width=\"2304\" height=\"1704\" srcset=\"https:\/\/www.kristinestadshistoria.fi\/wp-content\/uploads\/2021\/08\/Radhusgatan-3-och-1-2.jpg 2304w, https:\/\/www.kristinestadshistoria.fi\/wp-content\/uploads\/2021\/08\/Radhusgatan-3-och-1-2-300x222.jpg 300w, https:\/\/www.kristinestadshistoria.fi\/wp-content\/uploads\/2021\/08\/Radhusgatan-3-och-1-2-1024x757.jpg 1024w, https:\/\/www.kristinestadshistoria.fi\/wp-content\/uploads\/2021\/08\/Radhusgatan-3-och-1-2-768x568.jpg 768w, https:\/\/www.kristinestadshistoria.fi\/wp-content\/uploads\/2021\/08\/Radhusgatan-3-och-1-2-1536x1136.jpg 1536w, https:\/\/www.kristinestadshistoria.fi\/wp-content\/uploads\/2021\/08\/Radhusgatan-3-och-1-2-2048x1515.jpg 2048w\" sizes=\"auto, (max-width: 2304px) 100vw, 2304px\" \/><figcaption id=\"caption-attachment-21628\" class=\"wp-caption-text\">Den gula byggnaden p\u00e5 R\u00e5dhusgatan 3 \u00e4r fr\u00f6ken Ekmans g\u00e5rd fr\u00e5n slutet av 1700-talet. F\u00f6ljande byggnad p\u00e5 R\u00e5dhusgatan 1 \u00e4r av betydligt nyare datum och det var Sydbottens Andelsbank som uppf\u00f6rde det aff\u00e4rshuset \u00e5r 1985.<\/figcaption><\/figure>\n<figure id=\"attachment_21622\" aria-describedby=\"caption-attachment-21622\" style=\"width: 2016px\" class=\"wp-caption alignnone\"><img loading=\"lazy\" decoding=\"async\" class=\"size-full wp-image-21622\" src=\"https:\/\/www.kristinestadshistoria.fi\/wp-content\/uploads\/2021\/08\/Korsning-Radhusgatan-Vastra-Langgatan.jpg\" alt=\"\" width=\"2016\" height=\"1512\" srcset=\"https:\/\/www.kristinestadshistoria.fi\/wp-content\/uploads\/2021\/08\/Korsning-Radhusgatan-Vastra-Langgatan.jpg 2016w, https:\/\/www.kristinestadshistoria.fi\/wp-content\/uploads\/2021\/08\/Korsning-Radhusgatan-Vastra-Langgatan-300x225.jpg 300w, https:\/\/www.kristinestadshistoria.fi\/wp-content\/uploads\/2021\/08\/Korsning-Radhusgatan-Vastra-Langgatan-1024x768.jpg 1024w, https:\/\/www.kristinestadshistoria.fi\/wp-content\/uploads\/2021\/08\/Korsning-Radhusgatan-Vastra-Langgatan-768x576.jpg 768w, https:\/\/www.kristinestadshistoria.fi\/wp-content\/uploads\/2021\/08\/Korsning-Radhusgatan-Vastra-Langgatan-1536x1152.jpg 1536w\" sizes=\"auto, (max-width: 2016px) 100vw, 2016px\" \/><figcaption id=\"caption-attachment-21622\" class=\"wp-caption-text\">Korsningen mellan R\u00e5dhusgatan och V\u00e4stra L\u00e5nggatan. Till v\u00e4nster fr\u00f6ken Ekmans g\u00e5rd och till h\u00f6ger syns en del av Glassbarshuset.<\/figcaption><\/figure>\n<figure id=\"attachment_21621\" aria-describedby=\"caption-attachment-21621\" style=\"width: 2016px\" class=\"wp-caption alignnone\"><img loading=\"lazy\" decoding=\"async\" class=\"size-full wp-image-21621\" src=\"https:\/\/www.kristinestadshistoria.fi\/wp-content\/uploads\/2021\/08\/IMG_1629.jpg\" alt=\"\" width=\"2016\" height=\"1512\" srcset=\"https:\/\/www.kristinestadshistoria.fi\/wp-content\/uploads\/2021\/08\/IMG_1629.jpg 2016w, https:\/\/www.kristinestadshistoria.fi\/wp-content\/uploads\/2021\/08\/IMG_1629-300x225.jpg 300w, https:\/\/www.kristinestadshistoria.fi\/wp-content\/uploads\/2021\/08\/IMG_1629-1024x768.jpg 1024w, https:\/\/www.kristinestadshistoria.fi\/wp-content\/uploads\/2021\/08\/IMG_1629-768x576.jpg 768w, https:\/\/www.kristinestadshistoria.fi\/wp-content\/uploads\/2021\/08\/IMG_1629-1536x1152.jpg 1536w\" sizes=\"auto, (max-width: 2016px) 100vw, 2016px\" \/><figcaption id=\"caption-attachment-21621\" class=\"wp-caption-text\">Glassbarshuset p\u00e5 R\u00e5dhusgatan 4 byggdes \u00e5r 1785 och huset inneh\u00e5ller i dag en damfrisering och flera bost\u00e4der.<\/figcaption><\/figure>\n<figure id=\"attachment_21620\" aria-describedby=\"caption-attachment-21620\" style=\"width: 2016px\" class=\"wp-caption alignnone\"><img loading=\"lazy\" decoding=\"async\" class=\"size-full wp-image-21620\" src=\"https:\/\/www.kristinestadshistoria.fi\/wp-content\/uploads\/2021\/08\/4-Radhusgatan-Glassbarshuset-3.jpg\" alt=\"\" width=\"2016\" height=\"1512\" srcset=\"https:\/\/www.kristinestadshistoria.fi\/wp-content\/uploads\/2021\/08\/4-Radhusgatan-Glassbarshuset-3.jpg 2016w, https:\/\/www.kristinestadshistoria.fi\/wp-content\/uploads\/2021\/08\/4-Radhusgatan-Glassbarshuset-3-300x225.jpg 300w, https:\/\/www.kristinestadshistoria.fi\/wp-content\/uploads\/2021\/08\/4-Radhusgatan-Glassbarshuset-3-1024x768.jpg 1024w, https:\/\/www.kristinestadshistoria.fi\/wp-content\/uploads\/2021\/08\/4-Radhusgatan-Glassbarshuset-3-768x576.jpg 768w, https:\/\/www.kristinestadshistoria.fi\/wp-content\/uploads\/2021\/08\/4-Radhusgatan-Glassbarshuset-3-1536x1152.jpg 1536w\" sizes=\"auto, (max-width: 2016px) 100vw, 2016px\" \/><figcaption id=\"caption-attachment-21620\" class=\"wp-caption-text\">Den \u00e4ldsta delen av Glassbarshuset byggdes \u00e5r 1785 och har sedan dess byggts till flera g\u00e5nger och renoverats regelbundet.<\/figcaption><\/figure>\n<figure id=\"attachment_21619\" aria-describedby=\"caption-attachment-21619\" style=\"width: 2304px\" class=\"wp-caption alignnone\"><img loading=\"lazy\" decoding=\"async\" class=\"size-full wp-image-21619\" src=\"https:\/\/www.kristinestadshistoria.fi\/wp-content\/uploads\/2021\/08\/3-Radhusgatan-Vastra-Langgatan-12.jpg\" alt=\"\" width=\"2304\" height=\"1704\" srcset=\"https:\/\/www.kristinestadshistoria.fi\/wp-content\/uploads\/2021\/08\/3-Radhusgatan-Vastra-Langgatan-12.jpg 2304w, https:\/\/www.kristinestadshistoria.fi\/wp-content\/uploads\/2021\/08\/3-Radhusgatan-Vastra-Langgatan-12-300x222.jpg 300w, https:\/\/www.kristinestadshistoria.fi\/wp-content\/uploads\/2021\/08\/3-Radhusgatan-Vastra-Langgatan-12-1024x757.jpg 1024w, https:\/\/www.kristinestadshistoria.fi\/wp-content\/uploads\/2021\/08\/3-Radhusgatan-Vastra-Langgatan-12-768x568.jpg 768w, https:\/\/www.kristinestadshistoria.fi\/wp-content\/uploads\/2021\/08\/3-Radhusgatan-Vastra-Langgatan-12-1536x1136.jpg 1536w, https:\/\/www.kristinestadshistoria.fi\/wp-content\/uploads\/2021\/08\/3-Radhusgatan-Vastra-Langgatan-12-2048x1515.jpg 2048w\" sizes=\"auto, (max-width: 2304px) 100vw, 2304px\" \/><figcaption id=\"caption-attachment-21619\" class=\"wp-caption-text\">Ekmans g\u00e5rd p\u00e5 R\u00e5dhusgatan 3 byggdes i slutet av 1700-talet. Till v\u00e4nster syns bokhandlare Stendahls eller Jyllis g\u00e5rd.<\/figcaption><\/figure>\n<figure id=\"attachment_21618\" aria-describedby=\"caption-attachment-21618\" style=\"width: 2016px\" class=\"wp-caption alignnone\"><img loading=\"lazy\" decoding=\"async\" class=\"size-full wp-image-21618\" src=\"https:\/\/www.kristinestadshistoria.fi\/wp-content\/uploads\/2021\/08\/2-Radhusgatan-2.jpg\" alt=\"\" width=\"2016\" height=\"1512\" srcset=\"https:\/\/www.kristinestadshistoria.fi\/wp-content\/uploads\/2021\/08\/2-Radhusgatan-2.jpg 2016w, https:\/\/www.kristinestadshistoria.fi\/wp-content\/uploads\/2021\/08\/2-Radhusgatan-2-300x225.jpg 300w, https:\/\/www.kristinestadshistoria.fi\/wp-content\/uploads\/2021\/08\/2-Radhusgatan-2-1024x768.jpg 1024w, https:\/\/www.kristinestadshistoria.fi\/wp-content\/uploads\/2021\/08\/2-Radhusgatan-2-768x576.jpg 768w, https:\/\/www.kristinestadshistoria.fi\/wp-content\/uploads\/2021\/08\/2-Radhusgatan-2-1536x1152.jpg 1536w\" sizes=\"auto, (max-width: 2016px) 100vw, 2016px\" \/><figcaption id=\"caption-attachment-21618\" class=\"wp-caption-text\">Den \u00e4ldsta delen av det s\u00e5 kallade Cornerhuset byggdes \u00e5r 1813 och har sedan byggts till och renoverats ett otal g\u00e5nger. I byggnaden finns det i dag en restaurang och flera butiker, och i byggnaden l\u00e4ngs med R\u00e5dhusgatan finns stadens turistbyr\u00e5. Staden \u00e4r en del av Cittaslow-n\u00e4tverket och varje \u00e5r ordnas en speciell vecka med tema f\u00f6r det goda och lugna livet.<\/figcaption><\/figure>\n<figure id=\"attachment_21617\" aria-describedby=\"caption-attachment-21617\" style=\"width: 2016px\" class=\"wp-caption alignnone\"><img loading=\"lazy\" decoding=\"async\" class=\"size-full wp-image-21617\" src=\"https:\/\/www.kristinestadshistoria.fi\/wp-content\/uploads\/2021\/08\/1-Radhusgatan-2020-1.jpg\" alt=\"\" width=\"2016\" height=\"1512\" srcset=\"https:\/\/www.kristinestadshistoria.fi\/wp-content\/uploads\/2021\/08\/1-Radhusgatan-2020-1.jpg 2016w, https:\/\/www.kristinestadshistoria.fi\/wp-content\/uploads\/2021\/08\/1-Radhusgatan-2020-1-300x225.jpg 300w, https:\/\/www.kristinestadshistoria.fi\/wp-content\/uploads\/2021\/08\/1-Radhusgatan-2020-1-1024x768.jpg 1024w, https:\/\/www.kristinestadshistoria.fi\/wp-content\/uploads\/2021\/08\/1-Radhusgatan-2020-1-768x576.jpg 768w, https:\/\/www.kristinestadshistoria.fi\/wp-content\/uploads\/2021\/08\/1-Radhusgatan-2020-1-1536x1152.jpg 1536w\" sizes=\"auto, (max-width: 2016px) 100vw, 2016px\" \/><figcaption id=\"caption-attachment-21617\" class=\"wp-caption-text\">Sydbottens Andelsbank rev \u00e5r 1984 den gamla apoteksbyggnaden och byggde f\u00f6ljande \u00e5r det h\u00e4r aff\u00e4rshuset i h\u00f6rnet av \u00d6stra L\u00e5nggatan och R\u00e5dhusgatan. Banken f\u00f6rfogar \u00f6ver en stor del av f\u00f6rsta v\u00e5ningen med hela \u00f6vre v\u00e5ningen \u00e4r uthyrd \u00e5t flera f\u00f6retag.<\/figcaption><\/figure>\n","protected":false},"excerpt":{"rendered":"","protected":false},"author":1,"featured_media":0,"parent":21438,"menu_order":2,"comment_status":"closed","ping_status":"closed","template":"","meta":{"footnotes":""},"class_list":["post-21631","page","type-page","status-publish","hentry"],"_links":{"self":[{"href":"https:\/\/www.kristinestadshistoria.fi\/index.php?rest_route=\/wp\/v2\/pages\/21631","targetHints":{"allow":["GET"]}}],"collection":[{"href":"https:\/\/www.kristinestadshistoria.fi\/index.php?rest_route=\/wp\/v2\/pages"}],"about":[{"href":"https:\/\/www.kristinestadshistoria.fi\/index.php?rest_route=\/wp\/v2\/types\/page"}],"author":[{"embeddable":true,"href":"https:\/\/www.kristinestadshistoria.fi\/index.php?rest_route=\/wp\/v2\/users\/1"}],"replies":[{"embeddable":true,"href":"https:\/\/www.kristinestadshistoria.fi\/index.php?rest_route=%2Fwp%2Fv2%2Fcomments&post=21631"}],"version-history":[{"count":3,"href":"https:\/\/www.kristinestadshistoria.fi\/index.php?rest_route=\/wp\/v2\/pages\/21631\/revisions"}],"predecessor-version":[{"id":21638,"href":"https:\/\/www.kristinestadshistoria.fi\/index.php?rest_route=\/wp\/v2\/pages\/21631\/revisions\/21638"}],"up":[{"embeddable":true,"href":"https:\/\/www.kristinestadshistoria.fi\/index.php?rest_route=\/wp\/v2\/pages\/21438"}],"wp:attachment":[{"href":"https:\/\/www.kristinestadshistoria.fi\/index.php?rest_route=%2Fwp%2Fv2%2Fmedia&parent=21631"}],"curies":[{"name":"wp","href":"https:\/\/api.w.org\/{rel}","templated":true}]}}