{"id":19292,"date":"2021-01-31T12:45:11","date_gmt":"2021-01-31T10:45:11","guid":{"rendered":"https:\/\/www.lassebacklund.fi\/?page_id=19292"},"modified":"2021-05-15T23:06:28","modified_gmt":"2021-05-15T20:06:28","slug":"slaget-vid-finby-bro-i-narpes-20-juli-1808","status":"publish","type":"page","link":"https:\/\/www.kristinestadshistoria.fi\/?page_id=19292","title":{"rendered":"Slaget vid Finby bro i N\u00e4rpes 20 juli 1808."},"content":{"rendered":"<p><span style=\"color: #000080;\">Jacob Tegengren skrev \u00e5r 1911 en intressant artikel om slaget vid Finby bro. Om du vill l\u00e4sa den, s\u00e5 skall du klicka <a style=\"color: #000080;\" href=\"https:\/\/www.lassebacklund.fi\/?page_id=20784\"><span style=\"text-decoration: underline;\"><strong>H\u00c4R!<\/strong><\/span><\/a><\/span><\/p>\n<p><span style=\"color: #000080;\">Artikel i Syd-\u00d6sterbotten den 8 augusti 1908. Texten \u00e4r moderniserad men ingenting v\u00e4sentligt har utel\u00e4mnats:<\/span><\/p>\n<p>D\u00e5 den eskader, som f\u00f6rde ombord \u00f6verste Bergenstr\u00e5les landstigningsk\u00e5r, l\u00e4mnade den svenska kusten samt styrde kurs p\u00e5 Wasa, avskildes fr\u00e5n den \u00f6vriga flottan fartyget \u201dKronprinsen\u201d, som erh\u00f6ll order att med 50 man av J\u00e4mtlands regemente g\u00e5 till n\u00e5gon ort s\u00f6der om Wasa f\u00f6r att d\u00e4r kalla den \u00f6sterbottniska allmogen till vapen. Den lilla f\u00f6rdelningen som stod under bef\u00e4l av l\u00f6jtnanten Jacobsson, landsattes vid Sundom. L\u00f6jtnant Ridderhjerta hade redan vid Replot g\u00e5tt i land \u00e4ven han f\u00f6r att i likhet med sin ovanomtalade vapenbroder mana folket till uppror. Svenska Syd\u00f6sterbottens duktiga, frihets\u00e4lskande befolkning h\u00f6rsammade genast kallelsen. Ett hundratal kosacker, som gjorde vakttj\u00e4nst l\u00e4ngs kusten tillf\u00e5ngatogs omedelbart av b\u00f6nderna. \u00a0Vid Solf f\u00f6renade sig de b\u00e5da svenska l\u00f6jtnanterna. H\u00e4r f\u00f6rskanskade de sig och bestyckade sin st\u00e4llning med n\u00e5gra sm\u00e5 fr\u00e5n fartygen h\u00e4mtade skeppskanoner.<\/p>\n<p>N\u00e4r underr\u00e4ttelsen n\u00e5tt Solf om att Bergenstr\u00e5les f\u00f6retag mot Wasa misslyckats, l\u00e4mnade de talrika bondeskaror, som h\u00e4r hunnit sluta sig till Jacobssons j\u00e4mtl\u00e4nningar platsen och drog s\u00f6derut f\u00f6r att operera p\u00e5 egen hand. Inom kort hade upprorsl\u00e5gan uppflammat l\u00e4ngs hela kuststr\u00e4ckan \u00e4nda ned till Kristinestad. \u00a0Den 25 juni 1808 om kv\u00e4llen tog b\u00f6nderna i P\u00f6rtom kapell en stor rysk fora lastad med korn. Tidigt p\u00e5 morgonen den 26 juni angrep \u00d6vermarkborna i sin kyrkby en f\u00f6reg\u00e5ende kv\u00e4ll dit anl\u00e4nd fientlig penningtransport, eskorterad av 100 kosacker. En blodig strid uppstod p\u00e5 den tr\u00e5nga bryggan. Men b\u00f6nderna var underl\u00e4gsna i avseende p\u00e5 bev\u00e4pning, inte heller \u00e4gde de ju samma \u00f6vning som motst\u00e5ndarna. De m\u00e5ste i m\u00f6rkningen rymma f\u00e4ltet. Flera av dem togs till f\u00e5nga, den rysta transporten v\u00e5gade inte forts\u00e4tta f\u00e4rden utan v\u00e4nde om tillbaka till Lappfj\u00e4rd, d\u00e4rifr\u00e5n fen kommit. \u00a0Till h\u00e4mnd l\u00e4t den ryska officer, som kommenderade transportforan, pina till d\u00f6ds de tagna f\u00e5ngarna. Endast en orkesl\u00f6s gubbe skonades, han fick \u00e5terv\u00e4nda hem f\u00f6r att omtala sina medf\u00e5ngars \u00f6de.<\/p>\n<p>Vid den s\u00e5 kallade L\u00e5ngbron, n\u00e5gra kilometer nordv\u00e4st om N\u00e4rpes kyrka, samlade sig b\u00f6nderna och beredde sig att p\u00e5 en h\u00f6jd bakom den upprivna bron m\u00f6ta ett v\u00e4ntat anfall. Men n\u00e4r inga ryssar syntes till, avancerade allmogeskaran till Finby bro, strax \u00f6ster om N\u00e4rpes kyrka. D\u00e4r l\u00e4mnades de fred av fienden f\u00f6r en tid. De ryssf\u00e5ngar, som b\u00f6nderna p\u00e5 olika h\u00e5ll tagit, hopsamlades nu fr\u00e5n de kringliggande byarna och de f\u00f6rdes till Klingspors h\u00f6gkvarter. \u00d6gonvittnen ber\u00e4ttar sig ha sett \u00e4nda till 90 f\u00e5ngna kosacker samt 180 tagna h\u00e4star. \u00a0Kosackerna h\u00f6rde till kejsarens r\u00f6da livkosacker. De syntes ha varit djupt s\u00e5rade av det n\u00e4sliga s\u00e4tt, som de f\u00f6rdes i f\u00e5ngenskap, g\u00e5ende mellan b\u00f6nderna, som kl\u00e4dda i sina av fienden tagna och med hemgjorda granna munderingar med \u201daxelh\u00e4ngda sablar\u201d och pistoler redo p\u00e5 sidorna om dem. Utstyrda i be pr\u00e5lande uniformerna v\u00e4ckte allmogem\u00e4nnen stor munterhet i h\u00f6gkvarteret. Deras bes\u00f6k hos Klingspor hade dock bland annat till f\u00f6ljd, att denne s\u00e4nde general Aminoff till N\u00e4rpes f\u00f6r att ge goda r\u00e5d, vilka r\u00e5d dock \u2014 dessb\u00e4ttre \u2014 till allmogens olycka inte f\u00f6ljdes.<\/p>\n<p>Den 11 juli sammantr\u00e4ffade Aminoff med b\u00f6ndernas ledare och han uppmanade dessa att inte g\u00e5 \u00f6ver Finby bro. De borde stanna i sin starka st\u00e4llning och d\u00e4r inv\u00e4nta fienden.\u00a0H\u00f6gsta bef\u00e4let \u00f6ver bondeh\u00e4ren innehades av en viss sergeant Wikstr\u00f6m som h\u00f6rde till Sveaborgs f\u00f6re detta garnison. B\u00f6nder, som bodde p\u00e5 \u00f6stra sidan om Finby \u00e5n och var r\u00e4dda, att ryssarna skulle h\u00e4mnas p\u00e5 dern, d\u00e4rf\u00f6r att deras s\u00f6ner och dr\u00e4ngar f\u00f6renat sig med landsdelens \u00f6vriga manliga befolkning, anh\u00f6ll emellertid hos Wikstr\u00f6m, att denne skulle framskjuta fin st\u00e4llning, s\u00e5 att ocks\u00e5 deras byar skulle komma i \u00e5tnjutande av skydd. \u00a0Sergeanten l\u00e4t \u00f6vertala sig. Han besl\u00f6t rycka fram \u00e4nda till Pjelax by 8 km s\u00f6derut. Han hann endast halvv\u00e4gs till Pjelax d\u00e5 han blev anfallen av fr\u00e5n Lappfj\u00e4rd komna kosacker. B\u00f6nderna besegrades och ryssarna tog av dem fyra kanoner. Skyndsamt flydde allmogem\u00e4nnen f\u00f6rskr\u00e4ckta till sin gamla st\u00e4llning vid Finby bro. Wikstr\u00f6m sj\u00e4lv fattades av en s\u00e5dan skr\u00e4ck, att han inte stannade f\u00f6rr\u00e4n i Wasa, 7 \u00bd mil norr om Finby.<\/p>\n<p>Till all lycka gjorde kosackerna den g\u00e5ngen inte n\u00e5got f\u00f6rs\u00f6k att avancera l\u00e4ngre. Vid Finby bro v\u00e4nde de helt om och \u00e5terv\u00e4nde till Lappfj\u00e4rd. P\u00e5 v\u00e4gen brandskattade de dock p\u00e5 det gruvligaste s\u00e4tt de byar, som de passerade. G\u00e5rdarna uppgick i l\u00e5gor, innev\u00e5narna h\u00e4ngdes i r\u00f6k utmed landsv\u00e4garna, till skr\u00e4ck och varnagel f\u00f6r de upproriska landsm\u00e4nnen.<\/p>\n<p>Till Finby kom emellertid, efter hand nya bondeskaror. Den v\u00e4pnade styrkan v\u00e4xte snart till c. 3,000 man. Avskedade soldater valdes till underanf\u00f6rare. Den 18 juli anl\u00e4nde Ridderhjerta till st\u00e4llet och han \u00f6vertog d\u00e5 h\u00f6gsta bef\u00e4let. Bondeh\u00e4ren innehade st\u00e4llning p\u00e5 den v\u00e4nstra, ganska h\u00f6ga dalsidan mellan kyrkan och kyrkbyns talrika hus. \u00c5n var h\u00e4r framf\u00f6r f\u00e5 djup, att den inte kunde vadas \u00f6ver. Hela f\u00f6rsvarskraften riktades d\u00e4rf\u00f6r p\u00e5 sj\u00e4lva bron. H\u00e4r hade de v\u00e5ra tv\u00e4rs \u00f6ver v\u00e4gen uppf\u00f6rt en h\u00f6g vedtrave, som de hade gjort en \u00f6ppning i f\u00f6r sin enda i beh\u00e5ll varande kanon. P\u00e5 b\u00e5da sidorna var \u00e5tskilliga mindre vedh\u00f6gar uppradade f\u00f6r att tj\u00e4na skyttarna till skydd och st\u00f6d. L\u00e4ngre ned mot \u00e5mynningen utplattades dalg\u00e5ngen. Vattendraget blev h\u00e4r grundare och kunde utan sv\u00e5righet vadas \u00f6ver p\u00e5 flera st\u00e4llen.<\/p>\n<p>Ridderhjerta, som just fr\u00e5n dessa punkter fruktade den st\u00f6rsta faran, uppmanade sina m\u00e4n att d\u00e4r iaktta stor vaksamhet. Men b\u00f6nderna hade sitt huvud f\u00f6r sig och de skrattade \u00e5t den svenske officerens farh\u00e5gor och l\u00e4mnade vadst\u00e4llena utan tillr\u00e4cklig eftersyn. Det var natten mot den 20 juli. Skymningen h\u00f6ll p\u00e5 att f\u00f6rblekna f\u00f6r en b\u00f6rjande gryning. Tystnad r\u00e5dde \u00f6ver hela nejden vid Finby. D\u00e5 h\u00f6rdes f\u00f6rst ett skott, f\u00e5 ett annat, s\u00e5 flera fr\u00e5n den fientliga sidan om \u00e5n. Det var ryssarna, som f\u00f6rberedde sig att storma N\u00e4rpesb\u00f6ndernas f\u00f6rskansning. P\u00e5 den ryska stranden utvecklade sig framf\u00f6r bron ryssarnas skyttelinje hotfullt t\u00e4t och manstark. Inom ett \u00f6gonblick besvarades elden av b\u00f6nderna. D\u00e5 och d\u00e5 sekunderades gev\u00e4rens skarpa sm\u00e4llar av den p\u00e5 en bondk\u00e4rra fastbundna kanonens dova brummande. En gammal gr\u00e5sk\u00e4ggig och \u00e4rrig soldat Niklas Pihl, f\u00f6rde bef\u00e4let vid kanonen.<\/p>\n<p>I handen h\u00f6ll han ett brinnande vedtr\u00e4, som han nyttjade till lunta. Varje g\u00e5ng han sv\u00e4ngde sin eldbrand, utspydde kanonen en skur av skrot \u00f6ver fiendens glesnande skaror. Allmogem\u00e4nnens mod stegrades och fiendens anfall tycktes avmattas. Redan ans\u00e5g b\u00f6nderna sig s\u00e5som segrare. D\u00e5 f\u00f6rnams pl\u00f6tsligt ett h\u00e4ftigt skjutande fr\u00e5n trakten av \u00e5mynningen. Och kort d\u00e4rp\u00e5 spr\u00e4ngde kosacker p\u00e5 sina lurviga h\u00e4ftar fram i allmogeh\u00e4rens rygg. Kosackerna efterf\u00f6ljdes av fientliga j\u00e4gare. Utan att r\u00f6na motst\u00e5nd hade ryssarna vadat \u00f6ver \u00e5n i n\u00e4rheten av dess utlopp och drivit undan en handfull b\u00f6nder, som i ett skogsbryn f\u00f6rs\u00f6kt s\u00e4tta sig till motv\u00e4rn.<\/p>\n<p>Bondeh\u00e4rens st\u00e4llning var s\u00e5ledes kringg\u00e5ngen och kunde inte l\u00e4ngre skyddas. Fullkomligt \u00f6verraskade greps de flesta av brons f\u00f6rsvarare av panik. I oerh\u00f6rd f\u00f6rvirring kastade de bort fina vapen och flydde i oordning norrut. Men gamle Pilh hade sett ryssen i vit\u00f6gat m\u00e5nga g\u00e5nger f\u00f6rr utan att blekna. Han bibeh\u00f6ll ocks\u00e5 nu sin kallblodighet. Med ett kraftigt grepp v\u00e4nde han mynningen p\u00e5 sin kanon mot de flyende och sv\u00e4ngande sin lunta ropade han med tord\u00f6nst\u00e4mma till dem: \u201dHalt, gossar, eller jag skjuter ner er, om I flyn!\u201d De, som var n\u00e4rmast honom, stannade och v\u00e4nde om och sl\u00f6t sig till den manhaftige veteranen. Nu tog Pihl kommandot. Med lugna j\u00e4mna steg, liksom det skulle ha g\u00e4llt en paradmarsch, antr\u00e4dde han med sin skara \u00e5tert\u00e5get mot N\u00e4sby.<\/p>\n<p>Varje g\u00e5ng som kosackerna n\u00e4rmade sig s\u00e4nkte Pihl sin eldbrand mot kanonens f\u00e4ngh\u00e5l. Verkan blev ideligen den, att kosackerna \u00f6gonblickligen sv\u00e4ngde och flydde. Utan att beh\u00f6va avlossa ett enda skott lyckades det honom att p\u00e5 detta s\u00e4tt r\u00e4dda b\u00e5de kanonen och manskapet. Ryssarna upph\u00f6rde snart med f\u00f6rf\u00f6ljandet. De inskr\u00e4nkte sig i st\u00e4llet till att utkr\u00e4va en fruktansv\u00e4rd h\u00e4mnd p\u00e5 de b\u00f6nder, som hade fallit i deras h\u00e4nder och de b\u00f6rjade ocks\u00e5 h\u00e4rja och br\u00e4nna en stor del av N\u00e4rpesbygden. I folkets mun lever \u00e4nnu traditionen om dessa hemska tilldragelser. \u00a0Ett \u00f6gonvittne, som ocks\u00e5 hade varit kosackernas f\u00e5nge ber\u00e4ttar bland annat s\u00e5 h\u00e4r:<\/p>\n<p><em>\u201dFramkommen till N\u00e4rpes kyrka m\u00f6ttes jag av ett rysligt upptr\u00e4de. Den l\u00e5nga, breda plan, som \u00e5tskiljer prostg\u00e5rden fr\u00e5n kyrkan, var p\u00e5 \u00f6mse sidor omgiven av allmogens kyrkstall. Dessa stod nu i ljusan l\u00e5ga, och fr\u00e5n f\u00f6nstren i den nya, vackra prostg\u00e5rdsbyggnaden spridde sig r\u00f6k och flammor i alla riktningar. Mellan de brinnande husen, s\u00e5g man ridande kosacker, sysselsatta med att \u00e4n ytterligare ant\u00e4nda de f\u00e5 \u00e5terst\u00e5ende kojorna. N\u00e4ra prostg\u00e5rden var en stor h\u00e4ssjo, uppf\u00f6rd f\u00f6r att torka \u00e4rter. D\u00e4r inne hade ryssarna med en snara h\u00e4ngt upp en av dem d\u00f6dad bonde. De hade f\u00f6rsett honom med vita lappar runt halsen, som skulle f\u00f6rest\u00e4lla pr\u00e4stkragar. Det hela skulle antyda f\u00f6rsamlingens kyrkoherde, doktor H\u00e4gg om det \u00f6de, som hade v\u00e4ntat honom, om han hade fallit i deras h\u00e4nder. H\u00e4r och d\u00e4r p\u00e5 b\u00e5da sidor om landsv\u00e4gen s\u00e5g man stympade kroppar av d\u00f6dade b\u00f6nder, uppresta mot g\u00e4rdesg\u00e5rdarna.\u201d <\/em><\/p>\n<p>Men n\u00e4r n\u00f6den var som st\u00f6rst var hj\u00e4lpen n\u00e4rmast. D\u00e5 kosackernas blodt\u00f6rst n\u00e5dde sin h\u00f6jd, h\u00f6rdes of\u00f6rmodat ljudet av raska trumslag p\u00e5 v\u00e4gen norrifr\u00e5n. Det var N\u00e4rpes kompani av \u00d6sterbottens regemente, som i spr\u00e5ngmarsch n\u00e4rmade sig sin hembygd, sina fr\u00e4nder och v\u00e4nner till unds\u00e4ttning. Von Otter hade s\u00e4nt kompaniet f\u00f6r att underst\u00f6da folkresningen. Kring detta sl\u00f6t sig ett tusental b\u00f6nder. I en kedja utvecklades den nybildade truppen, och under trumslag ryckte den snabbt s\u00f6derut.<\/p>\n<figure id=\"attachment_19945\" aria-describedby=\"caption-attachment-19945\" style=\"width: 1034px\" class=\"wp-caption alignnone\"><img loading=\"lazy\" decoding=\"async\" class=\"size-full wp-image-19945\" src=\"https:\/\/www.lassebacklund.fi\/wp-content\/uploads\/2021\/03\/IMG_5129.jpg\" alt=\"\" width=\"1034\" height=\"644\" srcset=\"https:\/\/www.kristinestadshistoria.fi\/wp-content\/uploads\/2021\/03\/IMG_5129.jpg 1034w, https:\/\/www.kristinestadshistoria.fi\/wp-content\/uploads\/2021\/03\/IMG_5129-300x187.jpg 300w, https:\/\/www.kristinestadshistoria.fi\/wp-content\/uploads\/2021\/03\/IMG_5129-1024x638.jpg 1024w, https:\/\/www.kristinestadshistoria.fi\/wp-content\/uploads\/2021\/03\/IMG_5129-768x478.jpg 768w\" sizes=\"auto, (max-width: 1034px) 100vw, 1034px\" \/><figcaption id=\"caption-attachment-19945\" class=\"wp-caption-text\">Den gamla bron i Finby. Fotot ur boken Striden om Finland.<\/figcaption><\/figure>\n<p>Ryssarna tr\u00e4ngdes efter en kort strid tillbaka till Finby bro och fortsatte sitt \u00e5tert\u00e5g \u00e4nda till Lappfj\u00e4rd. N\u00e5gra dagar senare anl\u00e4nde hundra v\u00e4sterbottningar till \u00f6sterbottningarnas hj\u00e4lp. Nu kunde Ridderhjerta hems\u00e4nda en del av b\u00f6nderna f\u00f6r att b\u00e4rga sitt h\u00f6. Med resten av sin skara anf\u00f6ll han den vid Lappfj\u00e4rd st\u00e5ende ryska generalen Orloff-Denisoff. Men ryssarna var alltf\u00f6r m\u00e5nga. Ridderhjerta slogs tillbaka och tvingades n\u00f6ja sig med att h\u00e5lla och bes\u00e4tta sin f\u00f6rra st\u00e4llning vid Finby bro.<\/p>\n<p>Med denna strid den 20 juli 1808 var det egentliga bondekriget i N\u00e4rpes slut. Utan direkt resultat hade mycket \u00e4delt blod \u00e5ter spillts. Men \u00d6sterbottens svenska allmoge skall det i alla tider l\u00e4nda till heder, att den, utan att tveka mot vapen\u00f6vade och krigsvana soldater p\u00e5 sin konungs bud manligen grep till vapen f\u00f6r att f\u00f6rsvara fosterbygden.<\/p>\n<figure id=\"attachment_19295\" aria-describedby=\"caption-attachment-19295\" style=\"width: 969px\" class=\"wp-caption alignnone\"><img loading=\"lazy\" decoding=\"async\" class=\"size-full wp-image-19295\" src=\"https:\/\/www.lassebacklund.fi\/wp-content\/uploads\/2021\/01\/Karta-ny-over-Finby-bro.jpg\" alt=\"\" width=\"969\" height=\"635\" srcset=\"https:\/\/www.kristinestadshistoria.fi\/wp-content\/uploads\/2021\/01\/Karta-ny-over-Finby-bro.jpg 969w, https:\/\/www.kristinestadshistoria.fi\/wp-content\/uploads\/2021\/01\/Karta-ny-over-Finby-bro-300x197.jpg 300w, https:\/\/www.kristinestadshistoria.fi\/wp-content\/uploads\/2021\/01\/Karta-ny-over-Finby-bro-768x503.jpg 768w\" sizes=\"auto, (max-width: 969px) 100vw, 969px\" \/><figcaption id=\"caption-attachment-19295\" class=\"wp-caption-text\">Sedan l\u00e5nga tider tillbaka har det funnits en bro \u00f6ver N\u00e4rpes \u00e5 just p\u00e5 detta smala st\u00e4lle vid &#8221;Gam\u00e4lviejin&#8221; och det var runt denna som striderna p\u00e5gick denna enda krigiska dag i N\u00e4rpes den 20 juli 1808.<\/figcaption><\/figure>\n<figure id=\"attachment_19298\" aria-describedby=\"caption-attachment-19298\" style=\"width: 2048px\" class=\"wp-caption alignnone\"><img loading=\"lazy\" decoding=\"async\" class=\"size-full wp-image-19298\" src=\"https:\/\/www.lassebacklund.fi\/wp-content\/uploads\/2021\/01\/Avtackningen-vid-Finby-Bro-1921-Ivar-Bengts-med-Jarkkos-lov.jpg\" alt=\"\" width=\"2048\" height=\"1315\" srcset=\"https:\/\/www.kristinestadshistoria.fi\/wp-content\/uploads\/2021\/01\/Avtackningen-vid-Finby-Bro-1921-Ivar-Bengts-med-Jarkkos-lov.jpg 2048w, https:\/\/www.kristinestadshistoria.fi\/wp-content\/uploads\/2021\/01\/Avtackningen-vid-Finby-Bro-1921-Ivar-Bengts-med-Jarkkos-lov-300x193.jpg 300w, https:\/\/www.kristinestadshistoria.fi\/wp-content\/uploads\/2021\/01\/Avtackningen-vid-Finby-Bro-1921-Ivar-Bengts-med-Jarkkos-lov-1024x658.jpg 1024w, https:\/\/www.kristinestadshistoria.fi\/wp-content\/uploads\/2021\/01\/Avtackningen-vid-Finby-Bro-1921-Ivar-Bengts-med-Jarkkos-lov-768x493.jpg 768w, https:\/\/www.kristinestadshistoria.fi\/wp-content\/uploads\/2021\/01\/Avtackningen-vid-Finby-Bro-1921-Ivar-Bengts-med-Jarkkos-lov-1536x986.jpg 1536w\" sizes=\"auto, (max-width: 2048px) 100vw, 2048px\" \/><figcaption id=\"caption-attachment-19298\" class=\"wp-caption-text\">Den 7 augusti 1921 avt\u00e4cktes minnesm\u00e4rket av striderna vid Finby Bro. Fotot \u00e4r taget av Ivar Bengts och l\u00e5nades ut av Jarkko Ikkel\u00e4-Koski fr\u00e5n Kristinestad. Bonden och riksdagsmannen Oskar Nix fr\u00e5n N\u00e4rpes h\u00f6ll tal och monumentet \u00f6verl\u00e5ts vid tillf\u00e4llet \u00e5t N\u00e4rpes kommun. Vid samma tillf\u00e4lle invigdes ocks\u00e5 minnesm\u00e4rket vid kyrkan \u00f6ver de 18 N\u00e4rpesbor som hade stupat i inb\u00f6rdeskriget 1918.<\/figcaption><\/figure>\n<figure id=\"attachment_19291\" aria-describedby=\"caption-attachment-19291\" style=\"width: 741px\" class=\"wp-caption alignnone\"><img loading=\"lazy\" decoding=\"async\" class=\"size-full wp-image-19291\" src=\"https:\/\/www.lassebacklund.fi\/wp-content\/uploads\/2021\/01\/Topelius-dikt-om-slaget-vid-Finby-bro-1808.jpg\" alt=\"\" width=\"741\" height=\"888\" srcset=\"https:\/\/www.kristinestadshistoria.fi\/wp-content\/uploads\/2021\/01\/Topelius-dikt-om-slaget-vid-Finby-bro-1808.jpg 741w, https:\/\/www.kristinestadshistoria.fi\/wp-content\/uploads\/2021\/01\/Topelius-dikt-om-slaget-vid-Finby-bro-1808-250x300.jpg 250w\" sizes=\"auto, (max-width: 741px) 100vw, 741px\" \/><figcaption id=\"caption-attachment-19291\" class=\"wp-caption-text\">Topelius skrev p\u00e5 sitt speciella s\u00e4tt om Lang-Matt som var med i striderna i Finby i juli 1808.<\/figcaption><\/figure>\n<figure id=\"attachment_20507\" aria-describedby=\"caption-attachment-20507\" style=\"width: 898px\" class=\"wp-caption alignnone\"><img loading=\"lazy\" decoding=\"async\" class=\"size-full wp-image-20507\" src=\"https:\/\/www.lassebacklund.fi\/wp-content\/uploads\/2021\/04\/Lang-Matt-vid-Finby-bro-SO-25.4.1911..jpg\" alt=\"\" width=\"898\" height=\"2108\" srcset=\"https:\/\/www.kristinestadshistoria.fi\/wp-content\/uploads\/2021\/04\/Lang-Matt-vid-Finby-bro-SO-25.4.1911..jpg 898w, https:\/\/www.kristinestadshistoria.fi\/wp-content\/uploads\/2021\/04\/Lang-Matt-vid-Finby-bro-SO-25.4.1911.-128x300.jpg 128w, https:\/\/www.kristinestadshistoria.fi\/wp-content\/uploads\/2021\/04\/Lang-Matt-vid-Finby-bro-SO-25.4.1911.-436x1024.jpg 436w, https:\/\/www.kristinestadshistoria.fi\/wp-content\/uploads\/2021\/04\/Lang-Matt-vid-Finby-bro-SO-25.4.1911.-768x1803.jpg 768w, https:\/\/www.kristinestadshistoria.fi\/wp-content\/uploads\/2021\/04\/Lang-Matt-vid-Finby-bro-SO-25.4.1911.-654x1536.jpg 654w, https:\/\/www.kristinestadshistoria.fi\/wp-content\/uploads\/2021\/04\/Lang-Matt-vid-Finby-bro-SO-25.4.1911.-872x2048.jpg 872w\" sizes=\"auto, (max-width: 898px) 100vw, 898px\" \/><figcaption id=\"caption-attachment-20507\" class=\"wp-caption-text\">Den h\u00e4r dikten om L\u00e5ng Matt vid Finby bro publicerade i Syd-\u00d6sterbotten 25.4.1911.<\/figcaption><\/figure>\n<figure id=\"attachment_19290\" aria-describedby=\"caption-attachment-19290\" style=\"width: 1920px\" class=\"wp-caption alignnone\"><img loading=\"lazy\" decoding=\"async\" class=\"size-full wp-image-19290\" src=\"https:\/\/www.lassebacklund.fi\/wp-content\/uploads\/2021\/01\/Minnesmarke-for-slaget-vid-Finnbybro-1808-2-scaled.jpg\" alt=\"\" width=\"1920\" height=\"2560\" srcset=\"https:\/\/www.kristinestadshistoria.fi\/wp-content\/uploads\/2021\/01\/Minnesmarke-for-slaget-vid-Finnbybro-1808-2-scaled.jpg 1920w, https:\/\/www.kristinestadshistoria.fi\/wp-content\/uploads\/2021\/01\/Minnesmarke-for-slaget-vid-Finnbybro-1808-2-225x300.jpg 225w, https:\/\/www.kristinestadshistoria.fi\/wp-content\/uploads\/2021\/01\/Minnesmarke-for-slaget-vid-Finnbybro-1808-2-768x1024.jpg 768w, https:\/\/www.kristinestadshistoria.fi\/wp-content\/uploads\/2021\/01\/Minnesmarke-for-slaget-vid-Finnbybro-1808-2-1152x1536.jpg 1152w, https:\/\/www.kristinestadshistoria.fi\/wp-content\/uploads\/2021\/01\/Minnesmarke-for-slaget-vid-Finnbybro-1808-2-1536x2048.jpg 1536w\" sizes=\"auto, (max-width: 1920px) 100vw, 1920px\" \/><figcaption id=\"caption-attachment-19290\" class=\"wp-caption-text\">Minnesm\u00e4rket efter striderna vid Finby bro den 20 juli 1808. Till h\u00f6ger syns den nya bron av metall som byggdes 2018 och kunde invigas med pompa och st\u00e5t f\u00f6ljande sommar. Det var ju s\u00e5 att fyra \u00e5r innan hade vattenmassorna f\u00f6rt iv\u00e4g den gamla bron och det dr\u00f6jde allts\u00e5 flera \u00e5r f\u00f6rr\u00e4n den nya var p\u00e5 plats.<\/figcaption><\/figure>\n<figure id=\"attachment_19289\" aria-describedby=\"caption-attachment-19289\" style=\"width: 980px\" class=\"wp-caption alignnone\"><img loading=\"lazy\" decoding=\"async\" class=\"size-full wp-image-19289\" src=\"https:\/\/www.lassebacklund.fi\/wp-content\/uploads\/2021\/01\/Livkompaniet-fran-Osterbotten-regemente-2019..jpg\" alt=\"\" width=\"980\" height=\"653\" srcset=\"https:\/\/www.kristinestadshistoria.fi\/wp-content\/uploads\/2021\/01\/Livkompaniet-fran-Osterbotten-regemente-2019..jpg 980w, https:\/\/www.kristinestadshistoria.fi\/wp-content\/uploads\/2021\/01\/Livkompaniet-fran-Osterbotten-regemente-2019.-300x200.jpg 300w, https:\/\/www.kristinestadshistoria.fi\/wp-content\/uploads\/2021\/01\/Livkompaniet-fran-Osterbotten-regemente-2019.-768x512.jpg 768w\" sizes=\"auto, (max-width: 980px) 100vw, 980px\" \/><figcaption id=\"caption-attachment-19289\" class=\"wp-caption-text\">D\u00e5 den nya bron \u00f6ver N\u00e4rpes \u00e5 i Finby invigdes i juli 2019 s\u00e5 deltog ocks\u00e5 Livkompaniet fr\u00e5n \u00d6sterbottens regemente i h\u00f6gtidligheterna. P\u00e5 Mats Ekmans foto \u00e4r soldaterna uppst\u00e4llda vid minnesm\u00e4rket \u00f6ver slaget 1808 och den lille pojken ser imponerad ut d\u00e5 han fick vara med.<\/figcaption><\/figure>\n","protected":false},"excerpt":{"rendered":"<p>Jacob Tegengren skrev \u00e5r 1911 en intressant artikel om slaget vid Finby bro. Om du vill l\u00e4sa den, s\u00e5 skall du klicka H\u00c4R! Artikel i Syd-\u00d6sterbotten den 8 augusti 1908. Texten \u00e4r moderniserad men ingenting v\u00e4sentligt har utel\u00e4mnats: D\u00e5 den <a class=\"more-link\" href=\"https:\/\/www.kristinestadshistoria.fi\/?page_id=19292\">Forts\u00e4tt l\u00e4sa <span class=\"screen-reader-text\">  Slaget vid Finby bro i N\u00e4rpes 20 juli 1808.<\/span><span class=\"meta-nav\">&rarr;<\/span><\/a><\/p>\n","protected":false},"author":1,"featured_media":0,"parent":6292,"menu_order":13,"comment_status":"closed","ping_status":"closed","template":"","meta":{"footnotes":""},"class_list":["post-19292","page","type-page","status-publish","hentry"],"_links":{"self":[{"href":"https:\/\/www.kristinestadshistoria.fi\/index.php?rest_route=\/wp\/v2\/pages\/19292","targetHints":{"allow":["GET"]}}],"collection":[{"href":"https:\/\/www.kristinestadshistoria.fi\/index.php?rest_route=\/wp\/v2\/pages"}],"about":[{"href":"https:\/\/www.kristinestadshistoria.fi\/index.php?rest_route=\/wp\/v2\/types\/page"}],"author":[{"embeddable":true,"href":"https:\/\/www.kristinestadshistoria.fi\/index.php?rest_route=\/wp\/v2\/users\/1"}],"replies":[{"embeddable":true,"href":"https:\/\/www.kristinestadshistoria.fi\/index.php?rest_route=%2Fwp%2Fv2%2Fcomments&post=19292"}],"version-history":[{"count":9,"href":"https:\/\/www.kristinestadshistoria.fi\/index.php?rest_route=\/wp\/v2\/pages\/19292\/revisions"}],"predecessor-version":[{"id":20787,"href":"https:\/\/www.kristinestadshistoria.fi\/index.php?rest_route=\/wp\/v2\/pages\/19292\/revisions\/20787"}],"up":[{"embeddable":true,"href":"https:\/\/www.kristinestadshistoria.fi\/index.php?rest_route=\/wp\/v2\/pages\/6292"}],"wp:attachment":[{"href":"https:\/\/www.kristinestadshistoria.fi\/index.php?rest_route=%2Fwp%2Fv2%2Fmedia&parent=19292"}],"curies":[{"name":"wp","href":"https:\/\/api.w.org\/{rel}","templated":true}]}}