{"id":18626,"date":"2020-12-07T00:14:18","date_gmt":"2020-12-06T22:14:18","guid":{"rendered":"https:\/\/www.lassebacklund.fi\/?page_id=18626"},"modified":"2020-12-07T00:17:31","modified_gmt":"2020-12-06T22:17:31","slug":"avvapningen-av-de-ryska-gendarmerna-i-staden","status":"publish","type":"page","link":"https:\/\/www.kristinestadshistoria.fi\/?page_id=18626","title":{"rendered":"Avv\u00e4pningen av de ryska gendarmerna i staden."},"content":{"rendered":"<p><span style=\"color: #000080;\">Syd-\u00d6sterbotten 13.2.1906 redogjorde i en l\u00e4ngre artikel om hur det gick till n\u00e4r de ryska gendarmerna avv\u00e4pnades i Kristinestad:<\/span><\/p>\n<p><strong>R\u00e5dman Hasselstr\u00f6m angiven f\u00f6r deltagande i gendarmernas avv\u00e4pnande under storstrejken.<\/strong><\/p>\n<p>Till tj\u00e4nstf\u00f6rr\u00e4ttande Guvern\u00f6ren i Wasa l\u00e4n.<\/p>\n<p>Uti en till mig st\u00e4lld skrivelse har Generalguvern\u00f6ren \u00f6ver landet meddelat att j\u00e4mlikt till honom av chefen f\u00f6r numera uppl\u00f6sta gendarmk\u00e5ren i Finland tillkommen rapport under den allm\u00e4nna strejken i landet vid sagda k\u00e5r anst\u00e4llda personer blivit utsatta f\u00f6r \u00f6verv\u00e5ld och tvungna att avl\u00e4mna sina vapen samt \u00f6verge sina stationsorter. Husunders\u00f6kningar har verkst\u00e4llts uti gendarmstyrelser och gendarmernas bost\u00e4der samt egendom, s\u00e5v\u00e4l privat som kronans, blivit sk\u00f6vlad.<\/p>\n<p>S\u00e4rskilt har Generalguvern\u00f6ren f\u00e4st sin uppm\u00e4rksamhet vid att i rapporten anges det \u00e4ven tj\u00e4nstem\u00e4n deltagit i sagda \u00f6verv\u00e5ld. S\u00e5lunda hade enligt n\u00e4mnda rapport bland andra Stadsfiskalen i Jakobstad Gustaf Alexander Aminoff den sistlidne november verkst\u00e4llt husunders\u00f6kning hos Gendarm\u00f6verstel\u00f6jtnanten Seidlitz som under tio dagars tid, fr\u00e5n den 30 oktober till den 9 p\u00e5f\u00f6ljande november, h\u00e5llits f\u00e5ngen i sin bostad, och hade vid n\u00e4mnda husrannsakan i beslagtagits och bortf\u00f6rts Seidlitz hemliga brevv\u00e4xling. Likas\u00e5 skulle l\u00e4nsmannen Alexander Hasselstr\u00f6m burit v\u00e5ld p\u00e5 gendarmunderofficerarna i Kristinestad, i det han s\u00e5som anf\u00f6rare f\u00f6r en folkhop avv\u00e4pnat desamma.<\/p>\n<p><span style=\"color: #000080;\">Guvern\u00f6ren i Wasa skickade en skrivelse till magistraten i Kristinestad att d\u00e4r skulle g\u00f6ras en utredning om saken och s\u00e5 h\u00e4r fortsatte artikeln i Syd-\u00d6sterbotten:<\/span><\/p>\n<p>Sedan skrivelsen f\u00f6r r\u00e5dman Alexander Hasselstr\u00f6m uppl\u00e4sts anf\u00f6rde han att han den 31 oktober 1905 p\u00e5 eftermiddagen h\u00f6rde, att gendarmerna kommer att avv\u00e4pnas av folket varf\u00f6r han f\u00f6r att f\u00f6rekomma oordningar tillsammans med vicekonsuln Bruno Wendelin och sj\u00f6kaptenen Sewerin Kepplerus begav sig till gendarmunderofficeren Sinitzins kvarter f\u00f6r att avv\u00e4pna honom och de andra. Denne var ej d\u00e5 hemma, men d\u00e5 de var p\u00e5 v\u00e4g bort, underr\u00e4ttade n\u00e5gon Hasselstr\u00f6m om att Sinitzin d\u00e5mera j\u00e4mte de andra gendarmerna var hos Sinitzin och \u00e5terv\u00e4nde r\u00e5dman Hasselstr\u00f6m och andra tv\u00e5 till Sinitzin.<\/p>\n<p>Sedan d\u00f6rren f\u00f6r honom p\u00e5 anmodan \u00f6ppnats f\u00f6rklarade Hasselstr\u00f6m st\u00e4llningen f\u00f6r gendarmerna och uppmanade dem att l\u00e4mna sina vapen ifr\u00e5n sig f\u00f6r att undvika sv\u00e5rare komplikationer. Inseende detta ville Sinitzin \u00e4ven genast till Hasselstr\u00f6m \u00f6verl\u00e4mna sin sabel och revolver, medan de andra tvenne gendarmerna uppgav att de redan hade avv\u00e4pnats. \u00c4nnu d\u00e5 Hasselstr\u00f6m f\u00f6rklarade att han inte kommer att b\u00e4ra vapnen hem medf\u00f6ljde Sinitzin sj\u00e4lv samt bar vapnen till Hasselstr\u00f6ms hem. Senare har vapnen \u00f6verl\u00e4mnats till magistraten.<\/p>\n<p>N\u00e5gra andra personer \u00e4n konsul Wendelin och kapten Kepplerus var inte med fr\u00e5n b\u00f6rjan men hade v\u00e4l senare ocks\u00e5 andra personer tillkommit. Att han skulle ha anv\u00e4nt v\u00e5ld eller f\u00f6rst\u00f6rt n\u00e5gon slags egendom bestred Hasselstr\u00f6m p\u00e5 det best\u00e4mdaste, s\u00e5som ock angivelsen f\u00f6r \u00f6vrigt. Samtliga av magistraten h\u00f6rda vittnen besannade i allo r\u00e5dman Hasselstr\u00f6ms ber\u00e4ttelse.<\/p>\n","protected":false},"excerpt":{"rendered":"<p>Syd-\u00d6sterbotten 13.2.1906 redogjorde i en l\u00e4ngre artikel om hur det gick till n\u00e4r de ryska gendarmerna avv\u00e4pnades i Kristinestad: R\u00e5dman Hasselstr\u00f6m angiven f\u00f6r deltagande i gendarmernas avv\u00e4pnande under storstrejken. Till tj\u00e4nstf\u00f6rr\u00e4ttande Guvern\u00f6ren i Wasa l\u00e4n. Uti en till mig st\u00e4lld <a class=\"more-link\" href=\"https:\/\/www.kristinestadshistoria.fi\/?page_id=18626\">Forts\u00e4tt l\u00e4sa <span class=\"screen-reader-text\">  Avv\u00e4pningen av de ryska gendarmerna i staden.<\/span><span class=\"meta-nav\">&rarr;<\/span><\/a><\/p>\n","protected":false},"author":1,"featured_media":0,"parent":3747,"menu_order":46,"comment_status":"closed","ping_status":"closed","template":"","meta":{"footnotes":""},"class_list":["post-18626","page","type-page","status-publish","hentry"],"_links":{"self":[{"href":"https:\/\/www.kristinestadshistoria.fi\/index.php?rest_route=\/wp\/v2\/pages\/18626","targetHints":{"allow":["GET"]}}],"collection":[{"href":"https:\/\/www.kristinestadshistoria.fi\/index.php?rest_route=\/wp\/v2\/pages"}],"about":[{"href":"https:\/\/www.kristinestadshistoria.fi\/index.php?rest_route=\/wp\/v2\/types\/page"}],"author":[{"embeddable":true,"href":"https:\/\/www.kristinestadshistoria.fi\/index.php?rest_route=\/wp\/v2\/users\/1"}],"replies":[{"embeddable":true,"href":"https:\/\/www.kristinestadshistoria.fi\/index.php?rest_route=%2Fwp%2Fv2%2Fcomments&post=18626"}],"version-history":[{"count":2,"href":"https:\/\/www.kristinestadshistoria.fi\/index.php?rest_route=\/wp\/v2\/pages\/18626\/revisions"}],"predecessor-version":[{"id":18629,"href":"https:\/\/www.kristinestadshistoria.fi\/index.php?rest_route=\/wp\/v2\/pages\/18626\/revisions\/18629"}],"up":[{"embeddable":true,"href":"https:\/\/www.kristinestadshistoria.fi\/index.php?rest_route=\/wp\/v2\/pages\/3747"}],"wp:attachment":[{"href":"https:\/\/www.kristinestadshistoria.fi\/index.php?rest_route=%2Fwp%2Fv2%2Fmedia&parent=18626"}],"curies":[{"name":"wp","href":"https:\/\/api.w.org\/{rel}","templated":true}]}}