{"id":17656,"date":"2020-09-13T22:18:05","date_gmt":"2020-09-13T19:18:05","guid":{"rendered":"https:\/\/www.lassebacklund.fi\/?page_id=17656"},"modified":"2020-09-13T22:18:05","modified_gmt":"2020-09-13T19:18:05","slug":"sensommarmys","status":"publish","type":"page","link":"https:\/\/www.kristinestadshistoria.fi\/?page_id=17656","title":{"rendered":"Sensommarmys."},"content":{"rendered":"<div class=\"kvgmc6g5 cxmmr5t8 oygrvhab hcukyx3x c1et5uql ii04i59q\">\n<div dir=\"auto\"><span style=\"color: #000080;\">Diktat av Eva i augusti 2020:<\/span><\/div>\n<div dir=\"auto\"><\/div>\n<div dir=\"auto\">Nu blir kv\u00e4llarna m\u00f6rka och v\u00e4gbelysningen har t\u00e4nt,<\/div>\n<div dir=\"auto\">fr\u00e5n sommarljusa n\u00e4tter vi mot h\u00f6sten nu har v\u00e4nt.<\/div>\n<div dir=\"auto\">Skolorna har startat och semestern \u00e4r f\u00f6rbi,<\/div>\n<div dir=\"auto\">kanske saknar du ledigheten, att f\u00e5 vara fri.<\/div>\n<\/div>\n<div class=\"o9v6fnle cxmmr5t8 oygrvhab hcukyx3x c1et5uql ii04i59q\">\n<div dir=\"auto\"><\/div>\n<div dir=\"auto\">Vi samlar i v\u00e5ra lador, frukter, b\u00e4r och kanske ved.<\/div>\n<div dir=\"auto\">en och annan svamp i korgen kommer med.<\/div>\n<div dir=\"auto\">Vi syltar och vi saftar, torkar mejram och l\u00f6k,<\/div>\n<div dir=\"auto\">trevligt med egna gr\u00f6dor att anv\u00e4nda i v\u00e5ra k\u00f6k.<\/div>\n<\/div>\n<div class=\"o9v6fnle cxmmr5t8 oygrvhab hcukyx3x c1et5uql ii04i59q\">\n<div dir=\"auto\"><\/div>\n<div dir=\"auto\">Vi cyklar och fotograferar, blommor och solnedg\u00e5ng,<\/div>\n<div dir=\"auto\">kanske n\u00e5gon lyckas f\u00e5nga en \u00e4lg eller hjort p\u00e5 spr\u00e5ng.<\/div>\n<div dir=\"auto\">Snart \u00e4ndrar allting f\u00e4rg, allt som har varit gr\u00f6nt<\/div>\n<div dir=\"auto\">och jag kan \u00e4rligt erk\u00e4nna, det k\u00e4nns riktigt sk\u00f6nt.<\/div>\n<\/div>\n","protected":false},"excerpt":{"rendered":"<p>Diktat av Eva i augusti 2020: Nu blir kv\u00e4llarna m\u00f6rka och v\u00e4gbelysningen har t\u00e4nt, fr\u00e5n sommarljusa n\u00e4tter vi mot h\u00f6sten nu har v\u00e4nt. Skolorna har startat och semestern \u00e4r f\u00f6rbi, kanske saknar du ledigheten, att f\u00e5 vara fri. Vi samlar <a class=\"more-link\" href=\"https:\/\/www.kristinestadshistoria.fi\/?page_id=17656\">Forts\u00e4tt l\u00e4sa <span class=\"screen-reader-text\">  Sensommarmys.<\/span><span class=\"meta-nav\">&rarr;<\/span><\/a><\/p>\n","protected":false},"author":1,"featured_media":0,"parent":16671,"menu_order":7,"comment_status":"closed","ping_status":"closed","template":"","meta":{"footnotes":""},"class_list":["post-17656","page","type-page","status-publish","hentry"],"_links":{"self":[{"href":"https:\/\/www.kristinestadshistoria.fi\/index.php?rest_route=\/wp\/v2\/pages\/17656","targetHints":{"allow":["GET"]}}],"collection":[{"href":"https:\/\/www.kristinestadshistoria.fi\/index.php?rest_route=\/wp\/v2\/pages"}],"about":[{"href":"https:\/\/www.kristinestadshistoria.fi\/index.php?rest_route=\/wp\/v2\/types\/page"}],"author":[{"embeddable":true,"href":"https:\/\/www.kristinestadshistoria.fi\/index.php?rest_route=\/wp\/v2\/users\/1"}],"replies":[{"embeddable":true,"href":"https:\/\/www.kristinestadshistoria.fi\/index.php?rest_route=%2Fwp%2Fv2%2Fcomments&post=17656"}],"version-history":[{"count":1,"href":"https:\/\/www.kristinestadshistoria.fi\/index.php?rest_route=\/wp\/v2\/pages\/17656\/revisions"}],"predecessor-version":[{"id":17657,"href":"https:\/\/www.kristinestadshistoria.fi\/index.php?rest_route=\/wp\/v2\/pages\/17656\/revisions\/17657"}],"up":[{"embeddable":true,"href":"https:\/\/www.kristinestadshistoria.fi\/index.php?rest_route=\/wp\/v2\/pages\/16671"}],"wp:attachment":[{"href":"https:\/\/www.kristinestadshistoria.fi\/index.php?rest_route=%2Fwp%2Fv2%2Fmedia&parent=17656"}],"curies":[{"name":"wp","href":"https:\/\/api.w.org\/{rel}","templated":true}]}}